{"id":2424,"date":"2024-07-09T09:28:55","date_gmt":"2024-07-09T13:28:55","guid":{"rendered":"https:\/\/www.cqcd.org\/evenements\/hop-le-sommet-du-commerce-de-detail-2023\/"},"modified":"2024-08-21T17:58:12","modified_gmt":"2024-08-21T21:58:12","slug":"hop-the-retail-summit-2023","status":"publish","type":"events","link":"https:\/\/www.cqcd.org\/en\/events\/hop-the-retail-summit-2023\/","title":{"rendered":"Hop! The Retail summit 2023"},"content":{"rendered":"    \n\n\n\n\n\n\n\n\n\n\n\n\n\n<section data-module='m03a' class=\"md:u-pt-fl m-content m-content--image-double    \" style=\"--container-width: 1200px; --module-background-color:var(--color-root-white); --pt-min-value:0; --pt-max-value:0;\">\n        <div class=\"l-container \" style=\"\" >\n        <div class=\"m-content__content u-pt-fl u-pb-fl u-px-fl u-text-[var(--module-text-color)] u-bg-[var(--module-background-color)]  \" style=\"--pt-min-value:7; --pt-max-value:10; --pb-min-value:7; --pb-max-value:10; --px-min-value:0; --px-max-value:0; \n                            \n         \n\n    \n    --module-text-color:var(--root-color); --module-subtitle-color:var(--root-color); --module-image-bg-pattern-color:var(--color-quaternary-500); --module-typography-ul-marker-color:var(--color-primary-500); --module-typography-link-color:var(--color-primary-500); --module-typography-link-hover-color:var(--color-primary-500); --module-legend-text-color:var(--color-primary-500);\n \">\n            \n                                            \n                \n\n\n\n\n\n\n\n\n\n\n\n\n<main class=\"l-grid      u-items-start  u-justify-start u-gap-y-fl u-text-left\" style=\"--gap-y-min-value:5; --gap-y-max-value:7; --grid-gutter:    \n                \n                \n    clamp(1.5000rem, 1.5000rem + 0vw, 1.5000rem)\n;\">\n                    <div class=\"l-grid__block\">\n            <h2 target class=\"c-title    c-title--300         u-mb-10\" style=\"--title-emphasis-color: var(--color-root-white);\">\n        Where and when ?\n            <\/h2>\n\n                                        \n\n\n\n\n\n\n\n\n\n\n\n\n<div class=\"c-typography  c-typography--paragraph-size\" style=\"--typography-paragraph-font-size: var(--font-size-180); --typography-max-width: 100%;\">\n    <p class=\"MsoNormal\">The 2023 edition of Hop! The Retail Summit was held on October 26 at the Grand Quai du Port de Montr\u00e9al. Participants enjoyed a program of 30 enriching conferences covering key issues and current trends in retail. Additionally, they benefited from a series of webinars that took place throughout November.<\/p>\n<p style=\"text-align: center;\"><strong>D\u00e9couvrez un r\u00e9capitulatif de l&#8217;\u00e9v\u00e9nement<\/strong><\/p>\n<p style=\"text-align: center;\"><iframe loading=\"lazy\" title=\"YouTube video player\" src=\"https:\/\/www.youtube.com\/embed\/WS68oFSaaEU?si=Rj5hoC8Hv2XHaEiQ\" width=\"560\" height=\"315\" frameborder=\"0\" allowfullscreen=\"\"><\/iframe><\/p>\n\n<\/div>\n        <\/div>\n    <\/main>\n                                <\/div>\n    <\/div>\n<\/section>\n\n\n    \n\n\n\n\n\n\n\n\n\n\n\n\n\n<section data-module='m03a' class=\"md:u-pt-fl m-content m-content--image-double   u-bg-[var(--module-background-color)] \" style=\"--module-background-color:var(--color-root-white); --pt-min-value:0; --pt-max-value:0;\">\n        <div class=\"l-container \" style=\"\" >\n        <div class=\"m-content__content u-pt-fl u-pb-fl u-px-fl u-text-[var(--module-text-color)]   \" style=\"--pt-min-value:7; --pt-max-value:10; --pb-min-value:7; --pb-max-value:10; --px-min-value:0; --px-max-value:0; \n                            \n         \n\n    \n    --module-text-color:var(--root-color); --module-subtitle-color:var(--root-color); --module-image-bg-pattern-color:var(--color-quaternary-500); --module-typography-ul-marker-color:var(--color-primary-500); --module-typography-link-color:var(--color-primary-500); --module-typography-link-hover-color:var(--color-primary-500); --module-legend-text-color:var(--color-primary-500);\n \">\n            \n                                            \n                \n\n\n\n\n\n\n\n\n\n\n\n\n<main class=\"l-grid   l-grid--2@md   u-items-center  u-justify-start u-gap-y-fl u-text-left\" style=\"--gap-y-min-value:5; --gap-y-max-value:7; --grid-gutter:    \n                \n                \n    clamp(1.5000rem, 1.2727rem + 0.60606060606061vw, 2.0000rem)\n;\">\n                    <div class=\"l-grid__block\">\n            <picture     \n                        \n                                        \n                                            \n                                                                            \n                        \n     class=\"c-image   c-image-has-bg-pattern c-image-has-bg-pattern--right\" style=\"--border-radius: 8; --radius: 0; --image-bg-pattern-offset-amount:9; --image-bg-pattern-mobile-offset-amount:4.5; --image-bg-pattern-color:var(--color-quaternary-500);\"\n>\n    \n    \n    \n            <source\n            media=\"(min-width: 900px)\"\n            srcset=\"https:\/\/www.cqcd.org\/wp-content\/uploads\/2024\/05\/1000-participants-HOP2023-1-1024x1024.jpg-1024x900.webp\"\n            type=\"\"\n        >\n            <source\n            media=\"(min-width: 800px)\"\n            srcset=\"https:\/\/www.cqcd.org\/wp-content\/uploads\/2024\/05\/1000-participants-HOP2023-1-1024x1024.jpg-800x600.webp\"\n            type=\"\"\n        >\n            <source\n            media=\"(min-width: 400px)\"\n            srcset=\"https:\/\/www.cqcd.org\/wp-content\/uploads\/2024\/05\/1000-participants-HOP2023-1-1024x1024.jpg-400x300.webp\"\n            type=\"\"\n        >\n        <img loading=\"lazy\" decoding=\"async\"     \n                        \n                                        \n                                            \n                                        \n                                            \n                                        \n                                            \n                                        \n                                            \n                                        \n                                                                    \n                                        \n                                            \n                                                                            \n                        \n     class=\"u-w-full u-h-auto\" src=\"https:\/\/www.cqcd.org\/wp-content\/uploads\/2024\/05\/1000-participants-HOP2023-1-1024x1024.jpg-1024x900.webp\" alt width=\"1024\" height=\"900\" fetchpriority=\"auto\" style=\"\"\n\/>\n\n    <\/picture>\n        <\/div>\n                    <div class=\"l-grid__block\">\n            <div class=\"c-subtitle u-text-[var(--module-subtitle-color)] u-mb-4 u-text-140 u-font-semibold u-font-secondary\" >\n        More than 1,000 participants!\n    <\/div>\n\n    <h2 target class=\"c-title    c-title--300\" style=\"--title-emphasis-color: var(--color-root-white);\">\n        The premier B2B event for retail in Quebec\n            <\/h2>\n\n                                        \n\n\n\n\n\n\n\n\n\n\n\n\n<div class=\"c-typography  u-mt-6 c-typography--paragraph-size\" style=\"--typography-paragraph-font-size: var(--font-size-180); --typography-max-width: 100%;\">\n    <p class=\"MsoNormal\">The event is designed for retailers, whether small and medium-sized enterprises (SMEs) or large chains, as well as entrepreneurs, solution\/service providers, and organizations (both governmental and non-governmental) involved in the sector. It also welcomes anyone interested in the various aspects of retail. Committed to attracting the next generation of retailers, the CQCD offers special rates for students, allowing them to benefit from the content provided in our program.<\/p>\n\n<\/div>\n        <\/div>\n    <\/main>\n                                <\/div>\n    <\/div>\n<\/section>\n\n\n    \n\n\n\n\n\n\n\n\n\n\n\n\n\n<section data-module='m03a' class=\"md:u-pt-fl m-content m-content--image-double   u-bg-[var(--module-background-color)] \" style=\"--module-background-color:var(--color-root-white); --pt-min-value:0; --pt-max-value:0;\">\n        <div class=\"l-container \" style=\"\" >\n        <div class=\"m-content__content u-pt-fl u-pb-fl u-px-fl u-text-[var(--module-text-color)]   \" style=\"--pt-min-value:7; --pt-max-value:10; --pb-min-value:7; --pb-max-value:10; --px-min-value:0; --px-max-value:0; \n                            \n         \n\n    \n    --module-text-color:var(--root-color); --module-subtitle-color:var(--root-color); --module-image-bg-pattern-color:var(--color-quaternary-500); --module-typography-ul-marker-color:var(--color-primary-500); --module-typography-link-color:var(--color-primary-500); --module-typography-link-hover-color:var(--color-primary-500); --module-legend-text-color:var(--color-primary-500);\n \">\n            \n                                            \n                \n\n\n\n\n\n\n\n\n\n\n\n\n<main class=\"l-grid   l-grid--2@md   u-items-center  u-justify-start u-gap-y-fl u-text-left  md:u-flex-row-reverse\" style=\"--gap-y-min-value:5; --gap-y-max-value:7; --grid-gutter:    \n                \n                \n    clamp(1.5000rem, 1.2727rem + 0.60606060606061vw, 2.0000rem)\n;\">\n                    <div class=\"l-grid__block\">\n            <picture     \n                        \n                                        \n                                            \n                                                                            \n                        \n     class=\"c-image   c-image-has-bg-pattern c-image-has-bg-pattern--right\" style=\"--border-radius: 8; --radius: 0; --image-bg-pattern-offset-amount:9; --image-bg-pattern-mobile-offset-amount:4.5; --image-bg-pattern-color:var(--color-quaternary-500);\"\n>\n    \n    \n    \n            <source\n            media=\"(min-width: 900px)\"\n            srcset=\"https:\/\/www.cqcd.org\/wp-content\/uploads\/2024\/07\/30-conferences-hop2023-1024x1024.jpg-1024x900.webp\"\n            type=\"\"\n        >\n            <source\n            media=\"(min-width: 800px)\"\n            srcset=\"https:\/\/www.cqcd.org\/wp-content\/uploads\/2024\/07\/30-conferences-hop2023-1024x1024.jpg-800x600.webp\"\n            type=\"\"\n        >\n            <source\n            media=\"(min-width: 400px)\"\n            srcset=\"https:\/\/www.cqcd.org\/wp-content\/uploads\/2024\/07\/30-conferences-hop2023-1024x1024.jpg-400x300.webp\"\n            type=\"\"\n        >\n        <img loading=\"lazy\" decoding=\"async\"     \n                        \n                                        \n                                            \n                                        \n                                            \n                                        \n                                            \n                                        \n                                            \n                                        \n                                                                    \n                                        \n                                            \n                                                                            \n                        \n     class=\"u-w-full u-h-auto\" src=\"https:\/\/www.cqcd.org\/wp-content\/uploads\/2024\/07\/30-conferences-hop2023-1024x1024.jpg-1024x900.webp\" alt width=\"1024\" height=\"900\" fetchpriority=\"auto\" style=\"\"\n\/>\n\n    <\/picture>\n        <\/div>\n                    <div class=\"l-grid__block\">\n            <div class=\"c-subtitle u-text-[var(--module-subtitle-color)] u-mb-4 u-text-140 u-font-semibold u-font-secondary\" >\n        30 conferences\n    <\/div>\n\n    <h2 target class=\"c-title    c-title--300\" style=\"--title-emphasis-color: var(--color-root-white);\">\n        Conferences on issues affecting retail businesses\n            <\/h2>\n\n                                        \n\n\n\n\n\n\n\n\n\n\n\n\n<div class=\"c-typography  u-mt-6 c-typography--paragraph-size\" style=\"--typography-paragraph-font-size: var(--font-size-180); --typography-max-width: 100%;\">\n    <p class=\"MsoNormal\">Every year, the programming team develops rich and diverse content. CQCD works hard to bring in national and international speakers\/experts to discuss current topics, trends, and themes relevant to the retail sector.<\/p>\n<p class=\"MsoNormal\">Here are some of the themes explored:<\/p>\n<p class=\"MsoNormal\"><strong>Marketing and online commerce<\/strong><\/p>\n<ul>\n<li class=\"MsoNormal\">E-commerce and digital marketing<\/li>\n<li class=\"MsoNormal\">Social media marketing and commerce<\/li>\n<li class=\"MsoNormal\">Customer experience and loyalty<\/li>\n<li class=\"MsoNormal\">Insights into the future of commerce<\/li>\n<\/ul>\n<p class=\"MsoNormal\"><strong>Technologies and digital solutions<\/strong><\/p>\n<ul>\n<li class=\"MsoNormal\">Payment solutions and cybersecurity<\/li>\n<li class=\"MsoNormal\">Logistics and inventory management<\/li>\n<li class=\"MsoNormal\">Artificial intelligence, virtual reality, and augmented reality<\/li>\n<li class=\"MsoNormal\">Digital transformation<\/li>\n<\/ul>\n<p class=\"MsoNormal\"><strong>Workforce and human resources<\/strong><\/p>\n<ul>\n<li class=\"MsoNormal\">New recruitment approaches<\/li>\n<li class=\"MsoNormal\">Human resources management<\/li>\n<li class=\"MsoNormal\">Employer branding and HR marketing<\/li>\n<li class=\"MsoNormal\">Diversity and inclusion<\/li>\n<\/ul>\n<p class=\"MsoNormal\"><strong>Ecological transition<\/strong><\/p>\n<ul>\n<li class=\"MsoNormal\">Circular economy<\/li>\n<li class=\"MsoNormal\">Local purchasing<\/li>\n<li class=\"MsoNormal\">Responsible sourcing<\/li>\n<li class=\"MsoNormal\">Corporate social responsibility (CSR)<\/li>\n<\/ul>\n\n<\/div>\n        <\/div>\n    <\/main>\n                                <\/div>\n    <\/div>\n<\/section>\n\n\n    \n\n\n\n\n\n\n\n\n\n\n\n\n\n<section data-module='m03a' class=\"md:u-pt-fl m-content m-content--image-double   u-bg-[var(--module-background-color)] \" style=\"--module-background-color:var(--color-root-white); --pt-min-value:0; --pt-max-value:0;\">\n        <div class=\"l-container \" style=\"\" >\n        <div class=\"m-content__content u-pt-fl u-pb-fl u-px-fl u-text-[var(--module-text-color)]   \" style=\"--pt-min-value:7; --pt-max-value:10; --pb-min-value:7; --pb-max-value:10; --px-min-value:0; --px-max-value:0; \n                            \n         \n\n    \n    --module-text-color:var(--root-color); --module-subtitle-color:var(--root-color); --module-image-bg-pattern-color:var(--color-quaternary-500); --module-typography-ul-marker-color:var(--color-primary-500); --module-typography-link-color:var(--color-primary-500); --module-typography-link-hover-color:var(--color-primary-500); --module-legend-text-color:var(--color-primary-500);\n \">\n            \n                                            \n                \n\n\n\n\n\n\n\n\n\n\n\n\n<main class=\"l-grid   l-grid--2@md   u-items-center  u-justify-start u-gap-y-fl u-text-left  md:u-flex-row-reverse\" style=\"--gap-y-min-value:5; --gap-y-max-value:7; --grid-gutter:    \n                \n                \n    clamp(1.5000rem, 1.2727rem + 0.60606060606061vw, 2.0000rem)\n;\">\n                    <div class=\"l-grid__block\">\n            <picture     \n                        \n                                        \n                                            \n                                                                            \n                        \n     class=\"c-image   c-image-has-bg-pattern c-image-has-bg-pattern--left\" style=\"--border-radius: 8; --radius: 0; --image-bg-pattern-offset-amount:9; --image-bg-pattern-mobile-offset-amount:4.5; --image-bg-pattern-color:var(--color-quaternary-500);\"\n>\n    \n    \n    \n            <source\n            media=\"(min-width: 900px)\"\n            srcset=\"https:\/\/www.cqcd.org\/wp-content\/uploads\/2024\/07\/50-conferenciers-hop2023-1024x1024.jpg-1024x900.webp\"\n            type=\"\"\n        >\n            <source\n            media=\"(min-width: 800px)\"\n            srcset=\"https:\/\/www.cqcd.org\/wp-content\/uploads\/2024\/07\/50-conferenciers-hop2023-1024x1024.jpg-800x600.webp\"\n            type=\"\"\n        >\n            <source\n            media=\"(min-width: 400px)\"\n            srcset=\"https:\/\/www.cqcd.org\/wp-content\/uploads\/2024\/07\/50-conferenciers-hop2023-1024x1024.jpg-400x300.webp\"\n            type=\"\"\n        >\n        <img loading=\"lazy\" decoding=\"async\"     \n                        \n                                        \n                                            \n                                        \n                                            \n                                        \n                                            \n                                        \n                                            \n                                        \n                                                                    \n                                        \n                                            \n                                                                            \n                        \n     class=\"u-w-full u-h-auto\" src=\"https:\/\/www.cqcd.org\/wp-content\/uploads\/2024\/07\/50-conferenciers-hop2023-1024x1024.jpg-1024x900.webp\" alt width=\"1024\" height=\"900\" fetchpriority=\"auto\" style=\"\"\n\/>\n\n    <\/picture>\n        <\/div>\n                    <div class=\"l-grid__block\">\n            <div class=\"c-subtitle u-text-[var(--module-subtitle-color)] u-mb-4 u-text-140 u-font-semibold u-font-secondary\" >\n        50 speakers\n    <\/div>\n\n    <h2 target class=\"c-title    c-title--300\" style=\"--title-emphasis-color: var(--color-root-white);\">\n        International and national retailers and leading experts of the industry\n            <\/h2>\n\n                                        \n\n\n\n\n\n\n\n\n\n\n\n\n<div class=\"c-typography  u-mt-6 c-typography--paragraph-size\" style=\"--typography-paragraph-font-size: var(--font-size-180); --typography-max-width: 100%;\">\n    <p class=\"MsoNormal\">Sources of inspiration, our invited speakers are local and international retailers, seasoned managers, and experts of all kinds who share their expertise and experiences. They discuss the latest trends and inspire Quebecois retailers and entrepreneurs in the audience.<\/p>\n\n<\/div>\n        <\/div>\n    <\/main>\n                                <\/div>\n    <\/div>\n<\/section>\n\n\n    \n\n\n\n\n\n\n\n\n\n\n\n\n\n<section data-module='m03a' class=\"md:u-pt-fl m-content m-content--image-double   u-bg-[var(--module-background-color)] \" style=\"--module-background-color:var(--color-root-white); --pt-min-value:0; --pt-max-value:0;\">\n        <div class=\"l-container \" style=\"\" >\n        <div class=\"m-content__content u-pt-fl u-pb-fl u-px-fl u-text-[var(--module-text-color)]   \" style=\"--pt-min-value:7; --pt-max-value:10; --pb-min-value:7; --pb-max-value:10; --px-min-value:0; --px-max-value:0; \n                            \n         \n\n    \n    --module-text-color:var(--root-color); --module-subtitle-color:var(--root-color); --module-image-bg-pattern-color:var(--color-quaternary-500); --module-typography-ul-marker-color:var(--color-primary-500); --module-typography-link-color:var(--color-primary-500); --module-typography-link-hover-color:var(--color-primary-500); --module-legend-text-color:var(--color-primary-500);\n \">\n            \n                                            \n                \n\n\n\n\n\n\n\n\n\n\n\n\n<main class=\"l-grid   l-grid--2@md   u-items-center  u-justify-start u-gap-y-fl u-text-left\" style=\"--gap-y-min-value:5; --gap-y-max-value:7; --grid-gutter:    \n                \n                \n    clamp(1.5000rem, 1.2727rem + 0.60606060606061vw, 2.0000rem)\n;\">\n                    <div class=\"l-grid__block\">\n            <picture     \n                        \n                                        \n                                            \n                                                                            \n                        \n     class=\"c-image   c-image-has-bg-pattern c-image-has-bg-pattern--left\" style=\"--border-radius: 8; --radius: 0; --image-bg-pattern-offset-amount:9; --image-bg-pattern-mobile-offset-amount:4.5; --image-bg-pattern-color:var(--color-quaternary-500);\"\n>\n    \n    \n    \n            <source\n            media=\"(min-width: 900px)\"\n            srcset=\"https:\/\/www.cqcd.org\/wp-content\/uploads\/2024\/07\/Ateliers-marketing-web-1024x1024.jpg-1-1024x900.webp\"\n            type=\"\"\n        >\n            <source\n            media=\"(min-width: 800px)\"\n            srcset=\"https:\/\/www.cqcd.org\/wp-content\/uploads\/2024\/07\/Ateliers-marketing-web-1024x1024.jpg-1-800x600.webp\"\n            type=\"\"\n        >\n            <source\n            media=\"(min-width: 400px)\"\n            srcset=\"https:\/\/www.cqcd.org\/wp-content\/uploads\/2024\/07\/Ateliers-marketing-web-1024x1024.jpg-1-400x300.webp\"\n            type=\"\"\n        >\n        <img loading=\"lazy\" decoding=\"async\"     \n                        \n                                        \n                                            \n                                        \n                                            \n                                        \n                                            \n                                        \n                                            \n                                        \n                                                                    \n                                        \n                                            \n                                                                            \n                        \n     class=\"u-w-full u-h-auto\" src=\"https:\/\/www.cqcd.org\/wp-content\/uploads\/2024\/07\/Ateliers-marketing-web-1024x1024.jpg-1-1024x900.webp\" alt width=\"1024\" height=\"900\" fetchpriority=\"auto\" style=\"\"\n\/>\n\n    <\/picture>\n        <\/div>\n                    <div class=\"l-grid__block\">\n            <h2 target class=\"c-title    c-title--300\" style=\"--title-emphasis-color: var(--color-root-white);\">\n        Digital marketing lunch-and-learns\n            <\/h2>\n\n                                        \n\n\n\n\n\n\n\n\n\n\n\n\n<div class=\"c-typography  u-mt-6 c-typography--paragraph-size\" style=\"--typography-paragraph-font-size: var(--font-size-180); --typography-max-width: 100%;\">\n    <p class=\"MsoNormal\">Exciting news this year! In partnership with renowned agencies, the event offers four workshops covering various aspects of digital marketing and the growing role of artificial intelligence.<\/p>\n<ul>\n<li class=\"MsoNormal\">Boosting your productivity with Chat GPT: latest trends<\/li>\n<li class=\"MsoNormal\">Google Ads \u2013 Enhancing performance through AI<\/li>\n<li class=\"MsoNormal\">Google Analytics (GA4) for retail: from intelligence to action<\/li>\n<li class=\"MsoNormal\">Web Writing in the AI Era: what you Need to know<\/li>\n<\/ul>\n<p class=\"MsoNormal\">These training sessions are exclusive to Hop! participants and require an additional cost in addition to your entry ticket. The workshop reservation price includes a meal. Each workshop is limited to 30 participants.<\/p>\n\n<\/div>\n        <\/div>\n    <\/main>\n                                <\/div>\n    <\/div>\n<\/section>\n\n\n    \n\n\n\n\n\n\n\n\n\n\n\n\n\n<section data-module='m03a' class=\"md:u-pt-fl m-content m-content--image-double   u-bg-[var(--module-background-color)] \" style=\"--module-background-color:var(--color-root-white); --pt-min-value:0; --pt-max-value:0;\">\n        <div class=\"l-container \" style=\"\" >\n        <div class=\"m-content__content u-pt-fl u-pb-fl u-px-fl u-text-[var(--module-text-color)]   \" style=\"--pt-min-value:7; --pt-max-value:10; --pb-min-value:7; --pb-max-value:10; --px-min-value:0; --px-max-value:0; \n                            \n         \n\n    \n    --module-text-color:var(--root-color); --module-subtitle-color:var(--root-color); --module-image-bg-pattern-color:var(--color-quaternary-500); --module-typography-ul-marker-color:var(--color-primary-500); --module-typography-link-color:var(--color-primary-500); --module-typography-link-hover-color:var(--color-primary-500); --module-legend-text-color:var(--color-primary-500);\n \">\n            \n                                            \n                \n\n\n\n\n\n\n\n\n\n\n\n\n<main class=\"l-grid   l-grid--2@md   u-items-center  u-justify-start u-gap-y-fl u-text-left  md:u-flex-row-reverse\" style=\"--gap-y-min-value:5; --gap-y-max-value:7; --grid-gutter:    \n                \n                \n    clamp(1.5000rem, 1.2727rem + 0.60606060606061vw, 2.0000rem)\n;\">\n                    <div class=\"l-grid__block\">\n            <picture     \n                        \n                                        \n                                            \n                                                                            \n                        \n     class=\"c-image   c-image-has-bg-pattern c-image-has-bg-pattern--left\" style=\"--border-radius: 8; --radius: 0; --image-bg-pattern-offset-amount:9; --image-bg-pattern-mobile-offset-amount:4.5; --image-bg-pattern-color:var(--color-quaternary-500);\"\n>\n    \n    \n    \n            <source\n            media=\"(min-width: 900px)\"\n            srcset=\"https:\/\/www.cqcd.org\/wp-content\/uploads\/2024\/07\/EXPOSANTS-HOP-2023-1024x1024.jpg-1-1024x900.webp\"\n            type=\"\"\n        >\n            <source\n            media=\"(min-width: 800px)\"\n            srcset=\"https:\/\/www.cqcd.org\/wp-content\/uploads\/2024\/07\/EXPOSANTS-HOP-2023-1024x1024.jpg-1-800x600.webp\"\n            type=\"\"\n        >\n            <source\n            media=\"(min-width: 400px)\"\n            srcset=\"https:\/\/www.cqcd.org\/wp-content\/uploads\/2024\/07\/EXPOSANTS-HOP-2023-1024x1024.jpg-1-400x300.webp\"\n            type=\"\"\n        >\n        <img loading=\"lazy\" decoding=\"async\"     \n                        \n                                        \n                                            \n                                        \n                                            \n                                        \n                                            \n                                        \n                                            \n                                        \n                                                                    \n                                        \n                                            \n                                                                            \n                        \n     class=\"u-w-full u-h-auto\" src=\"https:\/\/www.cqcd.org\/wp-content\/uploads\/2024\/07\/EXPOSANTS-HOP-2023-1024x1024.jpg-1-1024x900.webp\" alt width=\"1024\" height=\"900\" fetchpriority=\"auto\" style=\"\"\n\/>\n\n    <\/picture>\n        <\/div>\n                    <div class=\"l-grid__block\">\n            <div class=\"c-subtitle u-text-[var(--module-subtitle-color)] u-mb-4 u-text-140 u-font-semibold u-font-secondary\" >\n        40 exhibitors\n    <\/div>\n\n    <h2 target class=\"c-title    c-title--300\" style=\"--title-emphasis-color: var(--color-root-white);\">\n        Innovative solutions, high-performance services, and organizations supporting retailers\n            <\/h2>\n\n                                        \n\n\n\n\n\n\n\n\n\n\n\n\n<div class=\"c-typography  u-mt-6 c-typography--paragraph-size\" style=\"--typography-paragraph-font-size: var(--font-size-180); --typography-max-width: 100%;\">\n    <p class=\"MsoNormal\">While navigating through the booths at our Hop! exhibitor hall, you&#8217;ll discover forty companies\u2014including service and solution providers, tech startups, and multinational giants\u2014and organizations that support entrepreneurs and retailers.<\/p>\n<p class=\"MsoNormal\">\n<p class=\"MsoNormal\">Exploring our exhibitor hall guarantees uncovering innovative solutions and services to accelerate your business&#8217;s growth!<\/p>\n<p class=\"MsoNormal\">\n\n<\/div>\n        <\/div>\n    <\/main>\n                                <\/div>\n    <\/div>\n<\/section>\n\n\n    \n\n\n\n\n\n\n\n\n\n\n\n\n\n<section data-module='m03a' class=\"md:u-pt-fl m-content m-content--image-double   u-bg-[var(--module-background-color)] \" style=\"--module-background-color:var(--color-root-white); --pt-min-value:0; --pt-max-value:0;\">\n        <div class=\"l-container \" style=\"\" >\n        <div class=\"m-content__content u-pt-fl u-pb-fl u-px-fl u-text-[var(--module-text-color)]   \" style=\"--pt-min-value:7; --pt-max-value:10; --pb-min-value:7; --pb-max-value:10; --px-min-value:0; --px-max-value:0; \n                            \n         \n\n    \n    --module-text-color:var(--root-color); --module-subtitle-color:var(--root-color); --module-image-bg-pattern-color:var(--color-quaternary-500); --module-typography-ul-marker-color:var(--color-primary-500); --module-typography-link-color:var(--color-primary-500); --module-typography-link-hover-color:var(--color-primary-500); --module-legend-text-color:var(--color-primary-500);\n \">\n            \n                                            \n                \n\n\n\n\n\n\n\n\n\n\n\n\n<main class=\"l-grid   l-grid--2@md   u-items-center  u-justify-start u-gap-y-fl u-text-left\" style=\"--gap-y-min-value:5; --gap-y-max-value:7; --grid-gutter:    \n                \n                \n    clamp(1.5000rem, 1.2727rem + 0.60606060606061vw, 2.0000rem)\n;\">\n                    <div class=\"l-grid__block\">\n            <picture     \n                        \n                                        \n                                            \n                                                                            \n                        \n     class=\"c-image   c-image-has-bg-pattern c-image-has-bg-pattern--right\" style=\"--border-radius: 8; --radius: 0; --image-bg-pattern-offset-amount:9; --image-bg-pattern-mobile-offset-amount:4.5; --image-bg-pattern-color:var(--color-quaternary-500);\"\n>\n    \n    \n    \n            <source\n            media=\"(min-width: 900px)\"\n            srcset=\"https:\/\/www.cqcd.org\/wp-content\/uploads\/2024\/07\/Prix-reconnaissance-Hop-1024x1024.jpg-1-1024x900.webp\"\n            type=\"\"\n        >\n            <source\n            media=\"(min-width: 800px)\"\n            srcset=\"https:\/\/www.cqcd.org\/wp-content\/uploads\/2024\/07\/Prix-reconnaissance-Hop-1024x1024.jpg-1-800x600.webp\"\n            type=\"\"\n        >\n            <source\n            media=\"(min-width: 400px)\"\n            srcset=\"https:\/\/www.cqcd.org\/wp-content\/uploads\/2024\/07\/Prix-reconnaissance-Hop-1024x1024.jpg-1-400x300.webp\"\n            type=\"\"\n        >\n        <img loading=\"lazy\" decoding=\"async\"     \n                        \n                                        \n                                            \n                                        \n                                            \n                                        \n                                            \n                                        \n                                            \n                                        \n                                                                    \n                                        \n                                            \n                                                                            \n                        \n     class=\"u-w-full u-h-auto\" src=\"https:\/\/www.cqcd.org\/wp-content\/uploads\/2024\/07\/Prix-reconnaissance-Hop-1024x1024.jpg-1-1024x900.webp\" alt width=\"1024\" height=\"900\" fetchpriority=\"auto\" style=\"\"\n\/>\n\n    <\/picture>\n        <\/div>\n                    <div class=\"l-grid__block\">\n            <div class=\"c-subtitle u-text-[var(--module-subtitle-color)] u-mb-4 u-text-140 u-font-semibold u-font-secondary\" >\n        Retail companies that stand out!\n    <\/div>\n\n    <h2 target class=\"c-title    c-title--300\" style=\"--title-emphasis-color: var(--color-root-white);\">\n        Recognition awards ceremony and networking cocktail\n            <\/h2>\n\n                                        \n\n\n\n\n\n\n\n\n\n\n\n\n<div class=\"c-typography  u-mt-6 c-typography--paragraph-size\" style=\"--typography-paragraph-font-size: var(--font-size-180); --typography-max-width: 100%;\">\n    <p class=\"MsoNormal\">From 5:00 PM to 5:45 PM, the Retail Council of Quebec will host an awards ceremony aimed at celebrating businesses and industry leaders who have excelled throughout the year.<\/p>\n<p class=\"MsoNormal\"><strong>Awards will be presented in the following seven categories:<\/strong><\/p>\n<ul>\n<li class=\"MsoNormal\">Social and Environmental Champion<\/li>\n<li class=\"MsoNormal\">Visionary HR Practices<\/li>\n<li class=\"MsoNormal\">Digital Project of the Year<\/li>\n<li class=\"MsoNormal\">Promotion of Local Purchasing<\/li>\n<li class=\"MsoNormal\">Local Commerce<\/li>\n<li class=\"MsoNormal\">Francization of Digital Tools<\/li>\n<li class=\"MsoNormal\">Jury&#8217;s Favorite<\/li>\n<li class=\"MsoNormal\">Distinction Award<\/li>\n<\/ul>\n\n<\/div>\n        <\/div>\n    <\/main>\n                                <\/div>\n    <\/div>\n<\/section>\n\n\n    \n\n\n\n\n\n\n\n\n\n\n\n\n\n<section data-module='m03a' class=\"md:u-pt-fl m-content m-content--image-double   u-bg-[var(--module-background-color)] \" style=\"--module-background-color:var(--color-root-white); --pt-min-value:0; --pt-max-value:0;\">\n        <div class=\"l-container \" style=\"\" >\n        <div class=\"m-content__content u-pt-fl u-pb-fl u-px-fl u-text-[var(--module-text-color)]   \" style=\"--pt-min-value:7; --pt-max-value:10; --pb-min-value:7; --pb-max-value:10; --px-min-value:0; --px-max-value:0; \n                            \n         \n\n    \n    --module-text-color:var(--root-color); --module-subtitle-color:var(--root-color); --module-image-bg-pattern-color:var(--color-quaternary-500); --module-typography-ul-marker-color:var(--color-primary-500); --module-typography-link-color:var(--color-primary-500); --module-typography-link-hover-color:var(--color-primary-500); --module-legend-text-color:var(--color-primary-500);\n \">\n            \n                                            \n                \n\n\n\n\n\n\n\n\n\n\n\n\n<main class=\"l-grid   l-grid--2@md   u-items-start  u-justify-start u-gap-y-fl u-text-left\" style=\"--gap-y-min-value:3; --gap-y-max-value:3; --grid-gutter:    \n                \n                \n    clamp(1.5000rem, 0.3636rem + 3.030303030303vw, 4.0000rem)\n;\">\n                    <div class=\"l-grid__block\">\n            <div class=\"c-subtitle u-text-[var(--module-subtitle-color)] u-mb-4 u-text-140 u-font-semibold u-font-secondary\" >\n        Leading experts and retailers!\n    <\/div>\n\n    <h2 target class=\"c-title    c-title--300\" style=\"--title-emphasis-color: var(--color-root-white);\">\n        Our 2023 speakers lineup\n            <\/h2>\n        <\/div>\n                    <div class=\"l-grid__block\">\n            <div class=\"c-typography  c-typography--paragraph-size\" style=\"--typography-paragraph-font-size: var(--font-size-180); --typography-max-width: 100%;\">\n    <ul>\n<li class=\"MsoNormal\">Damien Sil\u00e8s, DIRECTEUR G\u00c9N\u00c9RAL, CONSEIL QU\u00c9B\u00c9COIS DU COMMERCE DE D\u00c9TAIL (CQCD)<\/li>\n<li class=\"MsoNormal\">Pierre Fitzgibbon, MINISTRE DE L\u2019\u00c9CONOMIE, DE L\u2019INNOVATION ET DE L\u2019\u00c9NERGIE ET MINISTRE RESPONSABLE DU D\u00c9VELOPPEMENT \u00c9CONOMIQUE R\u00c9GIONAL ET MINISTRE RESPONSABLE DE LA M\u00c9TROPOLE ET DE LA R\u00c9GION DE MONTR\u00c9AL, GOUVERNEMENT DU QU\u00c9BEC<\/li>\n<li class=\"MsoNormal\">Jean-Michel Vanasse, ANIMATEUR ET PRODUCTEUR, PLAN\u00c8TE TECHNO ET JMV M\u00c9DIAS<\/li>\n<li class=\"MsoNormal\">Marie-Audrey Houle, ANIMATRICE ET JOURNALISTE, PLAN\u00c8TE TECHNO \/ ICI RADIO-CANADA<\/li>\n<li class=\"MsoNormal\">Fr\u00e9d\u00e9rik Gu\u00e9rin, PDG, CLUB TISSUS<\/li>\n<li class=\"MsoNormal\">William Giroux, PR\u00c9SIDENT ET COFONDATEUR, KASEME<\/li>\n<li class=\"MsoNormal\">Martin Lafrance, VICE-PR\u00c9SIDENT, GROUPE MARIE-CLAIRE<\/li>\n<li class=\"MsoNormal\">Marine Thomas, R\u00c9DACTRICE EN CHEF, LES AFFAIRES<\/li>\n<li class=\"MsoNormal\">Genevi\u00e8ve Morin, PR\u00c9SIDENTE-DIRECTRICE G\u00c9N\u00c9RALE, FONDACTION<\/li>\n<li class=\"MsoNormal\">Lucie Mercier, DIRECTRICE, COMMERCE \u00c9LECTRONIQUE, DESERRES<\/li>\n<li class=\"MsoNormal\">Fanny Mooijekind, DIRECTRICE G\u00c9N\u00c9RALE, DAC<\/li>\n<li class=\"MsoNormal\">Mathieu Le Reste, PR\u00c9SIDENT DIRECTEUR-G\u00c9N\u00c9RAL, PROPULSO<\/li>\n<li class=\"MsoNormal\">Nicolas Gaudreau, VICE-PR\u00c9SIDENT MARKETING, SAIL PLEIN AIR<\/li>\n<li class=\"MsoNormal\">Stefania Cella, VICE-PR\u00c9SIDENTE ET CHEF DE LA DIRECTION FINANCI\u00c8RE, SAIL<\/li>\n<li class=\"MsoNormal\">Vicky Scalia, CO-PDG ET COFONDATRICE, L\u2019INTERVALLE<\/li>\n<li class=\"MsoNormal\">Louis Gourdeau, DIRECTEUR AUX PLACEMENTS PRIV\u00c9S ET INVESTISSEMENTS D&#8217;IMPACT EN BIENS DE CONSOMMATION, FONDS DE SOLIDARIT\u00c9 FTQ<\/li>\n<li class=\"MsoNormal\">Lucie D\u00e9silets, GESTIONNAIRES DE PROJETS ET DES PARTENARIATS STRAT\u00c9GIQUES, MON COMMERCE EN LIGNE<\/li>\n<li class=\"MsoNormal\">Ghalia Boustani, DBA, PhD, DOCTEURE EN COMMERCE EXP\u00c9RIENTIEL, UNIVERS RETAIL FRANCE<\/li>\n<li class=\"MsoNormal\">Philippe Merckling, DIRECTEUR, OPTIMISATION CHA\u00ceNE D\u2019APPROVISIONNEMENT ET EXPERT EN OMNISUPPLY\u00ae, UNIVERS RETAIL FRANCE<\/li>\n<li class=\"MsoNormal\">Anouk Roy, EMBA, DIRECTRICE, STRAT\u00c9GIE, URC, FIRME DE SERVICES-CONSEILS<\/li>\n<li class=\"MsoNormal\">Pierre-Yves Tournier, DIRECTEUR G\u00c9N\u00c9RAL, ASSOCI\u00c9, URC, FIRME DE SERVICES-CONSEILS<\/li>\n<li class=\"MsoNormal\">Melissa Jantjies, CONSEILL\u00c8RE CLIENT\u00c8LE, COMMERCE DE D\u00c9TAIL ET BIENS DE CONSOMMATION, SAS INSTITUTE<\/li>\n<li class=\"MsoNormal\">Stephen Ondrik, CONSEILLER PRINCIPAL EN SOLUTIONS, COMMERCE DE D\u00c9TAIL ET BIENS DE CONSOMMATION, SAS INSTITUTE<\/li>\n<li class=\"MsoNormal\">V\u00e9ronique Massicotte, GESTIONNAIRE \u2013 D\u00c9VELOPPEMENT DES AFFAIRES CYBERCOMMERCE, POSTES CANADA<\/li>\n<li class=\"MsoNormal\">Maxime Cohen, PROFESSEUR, GESTION DU COMMERCE DE D\u00c9TAIL ET DES OP\u00c9RATIONS; DIRECTEUR DE LA RECHERCHE, \u00c9COLE BENSADOUN DE COMMERCE DE D\u00c9TAIL \u2013 UNIVERSIT\u00c9 MCGILL<\/li>\n<li class=\"MsoNormal\">Charles de Brabant, DIRECTEUR EX\u00c9CUTIF, \u00c9COLE BENSADOUN DE COMMERCE DE D\u00c9TAIL<\/li>\n<li class=\"MsoNormal\">Aleksandra Logist, DIRECTRICE, AM\u00c9RIQUE DU NORD, ACTITO<\/li>\n<li class=\"MsoNormal\">Sabrina Grammer, RESPONSABLE MARKETING OP\u00c9RATIONNEL \u2013 BTOB, JEFF DE BRUGES<\/li>\n<li class=\"MsoNormal\">Thavy Khamtan, LEADER EN COMMERCE UNIFI\u00c9, KPMG<\/li>\n<li class=\"MsoNormal\">Dennys Larrieu, DIRECTEUR G\u00c9N\u00c9RAL, JEFF DE BRUGES<\/li>\n<li class=\"MsoNormal\">David Beauchemin, DIRECTEUR, DONN\u00c9ES ET INTELLIGENCE ARTIFICIELLE, MICROSOFT<\/li>\n<li class=\"MsoNormal\">Adrien Benatek, CONSEILLER EN D\u00c9VELOPPEMENT DES AFFAIRES, ENVOI QU\u00c9BEC \/ CONSEIL QU\u00c9B\u00c9COIS DU COMMERCE DE D\u00c9TAIL (CQCD)<\/li>\n<li class=\"MsoNormal\">Caroline Marie, CONSEILL\u00c8RE STRAT\u00c9GIQUE EN MOBILIT\u00c9 DURABLE, COOP CARBONE<\/li>\n<li class=\"MsoNormal\">Catherine Prud&#8217;homme, DIRECTRICE MARKETING ET DURABILIT\u00c9, ALTITUDE SPORTS<\/li>\n<li class=\"MsoNormal\">Cl\u00e9ment Sabourin, DIRECTEUR DU D\u00c9VELOPPEMENT DURABLE, COURANT+ NATIONEX \/ ALIVR\u00c9<\/li>\n<li class=\"MsoNormal\">Joffrey Fuzet, DIRECTEUR G\u00c9N\u00c9RAL \/ MEMBRE FONDATEUR, LVM LIVRAISON \/ ASSOCIATION DES LIVREURS VERTS ET RESPONSABLES (ALIVR\u00c9)<\/li>\n<li class=\"MsoNormal\">Alexandre Corbasson, CO-FONDATEUR, CEO ET ASSOCI\u00c9 DE DIGITAD, COLLECTIF INT\u00c9GRAL<\/li>\n<li class=\"MsoNormal\">Francis Devoy, DIRECTEUR M\u00c9DIA, ASSOCI\u00c9, ADVISO<\/li>\n<li class=\"MsoNormal\">Nicolas Villeneuve, DIRECTEUR, M\u00c9DIA, ADVISO<\/li>\n<li class=\"MsoNormal\">Moulaye Traore, VICE-PR\u00c9SIDENT, DONN\u00c9ES ET EXP\u00c9RIENCE CLIENT, ADVISO<\/li>\n<li class=\"MsoNormal\">J\u00e9r\u00e9mie Abbou, CO-FONDATEUR, COLLECTIF INT\u00c9GRAL &amp; DIGITAD<\/li>\n<li class=\"MsoNormal\">Sean Weiss, DIRECTEUR DE L&#8217;ING\u00c9NIERIE DU D\u00c9VELOPPEMENT DES AFFAIRES, FORTINET CANADA<\/li>\n<li class=\"MsoNormal\">Kathleen St-Pierre, ASSOCI\u00c9E ET LEADER DU SECTEUR DU COMMERCE DE D\u00c9TAIL, VENTE EN GROS ET DISTRIBUTION POUR LE QU\u00c9BEC ET LA R\u00c9GION DE LA CAPITALE NATIONALE, DELOITTE<\/li>\n<li class=\"MsoNormal\">Jason Vickers, ASSOCI\u00c9 ET LEADER NATIONAL DE LA TRANSFORMATION DU COMMERCE DE D\u00c9TAIL, DELOITTE<\/li>\n<li class=\"MsoNormal\">Sarah Bris, RESPONSABLE LOGISTIQUE E-COMMERCE, RELAI D\u00c9VELOPPEMENT DURABLE LOGISTIQUE, D\u00c9CATHLON CANADA<\/li>\n<li class=\"MsoNormal\">Francis Descombes, AMBASSADEUR D\u00c9VELOPPEMENT DURABLE \u00c0 POINTE-CLAIRE, D\u00c9CATHLON CANADA<\/li>\n<li class=\"MsoNormal\">Alexandre Gouin, RESPONSABLE QUALIT\u00c9 ET SERVICE APR\u00c8S-VENTE, D\u00c9CATHLON CANADA<\/li>\n<li class=\"MsoNormal\">S\u00e9bastien Lamoureux, PR\u00c9SIDENT, SE CLOUD EXPERTS<\/li>\n<li class=\"MsoNormal\">Marl\u00e8ne Hutchinson, PR\u00c9SIDENTE, EVNIA<\/li>\n<li class=\"MsoNormal\">Fran\u00e7ois Parent, DIRECTEUR G\u00c9N\u00c9RAL, EVNIA<\/li>\n<li class=\"MsoNormal\">Maud Gaudreau, FONDATRICE ET PROPRI\u00c9TAIRE, \u00c9TAT DE CHOC<\/li>\n<li class=\"MsoNormal\">Luce Mainguy, FONDATRICE ET PROPRI\u00c9TAIRE, DDD<\/li>\n<li class=\"MsoNormal\">Martin St-Pierre, DIRECTEUR DU D\u00c9VELOPPEMENT COMMERCIAL, PME MTL EST-DE-L\u2019\u00ceLE<\/li>\n<li class=\"MsoNormal\">Patrick Marmen, CHEF D&#8217;\u00c9QUIPE, BUREAU DU DESIGN, VILLE DE MONTR\u00c9AL<\/li>\n<li class=\"MsoNormal\">Elfi Morin, DIRECTRICE G\u00c9N\u00c9RALE, LES PRODUITS DU QU\u00c9BEC<\/li>\n<li class=\"MsoNormal\">Patrick Brayley, VICE-PR\u00c9SIDENT PRINCIPAL, TC TRANSCONTINENTAL<\/li>\n<li class=\"MsoNormal\">Simon Robillard, VICE-PR\u00c9SIDENT, O2 WEB<\/li>\n<li class=\"MsoNormal\">Carl Lafleur, STRAT\u00c8GE E-COMMERCE, O2 WEB<\/li>\n<li class=\"MsoNormal\">Carlos Munoz, PROPRI\u00c9TAIRE, QUINCAILLERIE A. POULIOT ET DEUX MAGASINS RONA<\/li>\n<li class=\"MsoNormal\">Yves Cameron, CONSEILLER EN TRANSFERT D\u2019ENTREPRISE, MONTR\u00c9AL, CTEQ<\/li>\n<li class=\"MsoNormal\">Ga\u00e9tane C\u00f4t\u00e9, PARTENAIRE D\u2019AFFAIRES, RESSOURCES HUMAINES, AVRIL SUPERMARCH\u00c9 SANT\u00c9<\/li>\n<li class=\"MsoNormal\">Marc-Andr\u00e9 Nataf, PR\u00c9SIDENT-DIRECTEUR G\u00c9N\u00c9RAL, CEGID \u2013 AM\u00c9RIQUE DU NORD<\/li>\n<li class=\"MsoNormal\">Rodolphe Bonnasse, PDG, ARISTID RETAIL TECHNOLOGY<\/li>\n<li class=\"MsoNormal\">Patrick Delisle, DIRECTEUR MARKETING, CANAC<\/li>\n<li class=\"MsoNormal\">Olivier Laquinte, PR\u00c9SIDENT, TALSOM<\/li>\n<li class=\"MsoNormal\">Sarah Abikhzir, VICE-PR\u00c9SIDENTE, SERVICES EN TRANSFORMATION D\u2019AFFAIRES (BTS), SOLUTIONS BEYOND TECHNOLOGIES<\/li>\n<li class=\"MsoNormal\">Patrick Muyal, DIRECTEUR DE PRODUIT, SAP EXP\u00c9RIENCE CLIENT CX, SAP<\/li>\n<li class=\"MsoNormal\">Alexandre Caron, DIRECTEUR, LOGISTIQUE DU COMMERCE \u00c9LECTRONIQUE, PME MTL \/ ELOG<\/li>\n<li class=\"MsoNormal\">Pascal Chandonnet, COFONDATEUR, MINT\u2019N DRY<\/li>\n<li class=\"MsoNormal\">Ana\u00efs Nguyen, DIRECTRICE, D\u00c9VELOPPEMENT DE MARCH\u00c9S, PME MTL<\/li>\n<li class=\"MsoNormal\">Pierre Graff, PDG, REGROUPEMENT DES JEUNES CHAMBRES DE COMMERCE DU QU\u00c9BEC (RJCCQ)<\/li>\n<li class=\"MsoNormal\">Juliette Brun, FONDATRICE ET PR\u00c9SIDENTE, JULIETTE &amp; CHOCOLAT<\/li>\n<li class=\"MsoNormal\">Luc Rabouin, MAIRE DE L\u2019ARRONDISSEMENT DU PLATEAU-MONT-ROYAL \u2013 MEMBRE DU COMIT\u00c9 EX\u00c9CUTIF, RESPONSABLE DU D\u00c9VELOPPEMENT \u00c9CONOMIQUE ET COMMERCIAL, DU SAVOIR, DE L\u2019INNOVATION ET DU DESIGN, VILLE DE MONTR\u00c9AL<\/li>\n<li class=\"MsoNormal\">B\u00e9atrice Lemay, AVOCATE EN IMMIGRATION D&#8217;AFFAIRES ET MOBILIT\u00c9 INTERNATIONALE, IMM\u00c9TIS<\/li>\n<li class=\"MsoNormal\">Alain Lafleche, OFFICIER DE S\u00c9CURIT\u00c9, DESJARDINS<\/li>\n<li class=\"MsoNormal\">Simon Pierre Nyamsi, CONSEILLER EN IMMIGRATION R\u00c9GIONALE, MINIST\u00c8RE DE L\u2019IMMIGRATION, DE LA FRANCISATION ET DE L&#8217;INT\u00c9GRATION (MIFI)<\/li>\n<li class=\"MsoNormal\">Shanmugasunder Chetty, CONSEILLER EN ACCOMPAGNEMENT DES ENTREPRISES, OFFICE QU\u00c9B\u00c9COIS DE LA LANGUE FRAN\u00c7AISE (OQLF)<\/li>\n<li class=\"MsoNormal\">Archana Lokesh, SP\u00c9CIALISTE PRINCIPALE DES SOLUTIONS, SALESFORCE<\/li>\n<li class=\"MsoNormal\">Jordan Stoffmaker, SP\u00c9CIALISTE PRINCIPAL DES SOLUTIONS, SALESFORCE<\/li>\n<li class=\"MsoNormal\">Jean-Michel Th\u00e9riault, ING\u00c9NIEUR DE SOLUTIONS DISTINGU\u00c9, SALESFORCE<\/li>\n<li class=\"MsoNormal\">Luc Malo, COORDONNATEUR AU REPRENEURIAT COLLECTIF, CENTRE DE TRANSFERT D\u2019ENTREPRISE DU QU\u00c9BEC<\/li>\n<li class=\"MsoNormal\">Soda Diack, COORDONNATRICE EN REPRISE COLLECTIVE, COOP\u00c9RATIVE DE D\u00c9VELOPPEMENT R\u00c9GIONAL DU QU\u00c9BEC (CDRQ)<\/li>\n<\/ul>\n\n<\/div>\n        <\/div>\n    <\/main>\n                                <\/div>\n    <\/div>\n<\/section>\n\n\n    \n\n\n\n\n\n\n\n\n\n\n\n\n\n<section data-module='m03a' class=\"md:u-pt-fl m-content m-content--image-double   u-bg-[var(--module-background-color)] \" style=\"--module-background-color:var(--color-root-white); --pt-min-value:0; --pt-max-value:0;\">\n        <div class=\"l-container \" style=\"\" >\n        <div class=\"m-content__content u-pt-fl u-pb-fl u-px-fl u-text-[var(--module-text-color)]   \" style=\"--pt-min-value:7; --pt-max-value:10; --pb-min-value:7; --pb-max-value:10; --px-min-value:0; --px-max-value:0; \n                            \n         \n\n    \n    --module-text-color:var(--root-color); --module-subtitle-color:var(--root-color); --module-image-bg-pattern-color:var(--color-quaternary-500); --module-typography-ul-marker-color:var(--color-primary-500); --module-typography-link-color:var(--color-primary-500); --module-typography-link-hover-color:var(--color-primary-500); --module-legend-text-color:var(--color-primary-500);\n \">\n            \n                                            \n                \n\n\n\n\n\n\n\n\n\n\n\n\n<main class=\"l-grid   l-grid--2@md   u-items-start  u-justify-start u-gap-y-fl u-text-left\" style=\"--gap-y-min-value:3; --gap-y-max-value:3; --grid-gutter:    \n                \n                \n    clamp(1.5000rem, 0.3636rem + 3.030303030303vw, 4.0000rem)\n;\">\n                    <div class=\"l-grid__block\">\n            <h2 target class=\"c-title    c-title--300\" style=\"--title-emphasis-color: var(--color-root-white);\">\n        Our partners and exhibitors\n            <\/h2>\n        <\/div>\n                    <div class=\"l-grid__block\">\n            <div class=\"c-typography  c-typography--paragraph-size\" style=\"--typography-paragraph-font-size: var(--font-size-180); --typography-max-width: 100%;\">\n    <p><strong>Financial partner<\/strong>\u00a0: Gouvernement du Qu\u00e9bec<\/p>\n<p><strong>Platinum partners<\/strong>\u00a0: Actito, Evnia, Fonds de solidarit\u00e9 FTQ, Orama Marketing, Ville de Montr\u00e9al<\/p>\n<p><strong>Gold partners<\/strong>\u00a0: Aristid, Cegid, Deloitte, \u00c9co Entreprises Qu\u00e9bec, Fanslab, Fortinet, Groupe Altus, KPMG, Les Produits du Qu\u00e9bec, Machool, Mon commerce en ligne, Office qu\u00e9b\u00e9cois de la langue fran\u00e7aise, Propulso, SAS Institute, Solutions Beyond Technologies, Postes Canada<\/p>\n<p><strong>Silver partners<\/strong>\u00a0: CTEQ, DAC, D\u00e9tail Qu\u00e9bec, eLog, Le Panier Bleu, O2 Web, PME MTL, SE Cloud Experts, TC Transcontinental, URC<\/p>\n<p><strong>Training partners<\/strong> : Adviso, Digitad, La Fus\u00e9e<\/p>\n<p><strong>Webinar partners<\/strong>\u00a0: Conseil qu\u00e9b\u00e9cois de la coop\u00e9ration et de la mutualit\u00e9, Desjardins, Imm\u00e9tis, Salesforce<\/p>\n<p><strong>Other partners<\/strong>\u00a0: Air Miles, Chocolats Favoris, DeSerres, Romeo&#8217;s Gin \/ Bock Ale, Fanslab, Healtea, Jean Coutu, Jeff De Brugges, Labatt, Le Cercle Omer DeSerres, Mobilia, Nationex, Nespresso, Port de Montr\u00e9al, Premi\u00e8re Moisson, Renaissance, Shop Moi-\u00e7a, Simons, Version Image Plus.<\/p>\n<p><strong>Exhibitors<\/strong> : Actito, Agendrix, Axper, Brainbox AI, Cascades, Cegid, CTEQ, Cemtre patronal SST, Cecle API, CNESST, CQCD, Envoi Qu\u00e9bec, Coop Carbone, CPU Solutions d&#8217;affaires, D\u00e9tail Qu\u00e9bec, Diego Caddys, \u00c9co Entreprises Qu\u00e9bec, Emballages Impact, Environnement et changement climatique Canada, Evnia, Flagship, Fortinet, GardaWorld, Genia, HKA, Istya, Emballages Carroussel, Les Produits du Qu\u00e9bec, Lidd, Machool, Mirego, Mobico, Mon commerce en ligne, Moov AI, Novatize, Office qu\u00e9b\u00e9cois de la langue fran\u00e7aise, PME Mtl, Postes Canada, Propulso, Retail Logistics, Sezzle, Solutions Beyond Technologies, Thirdbridge, URC<\/p>\n\n<\/div>\n        <\/div>\n    <\/main>\n                                <\/div>\n    <\/div>\n<\/section>\n\n\n    \n\n\n\n\n\n\n\n\n\n\n\n\n\n<section data-module='m03a' class=\"md:u-pt-fl m-content m-content--image-double    \" style=\"--container-width: 1200px; --module-background-color:var(--color-root-white); --pt-min-value:0; --pt-max-value:0;\">\n        <div class=\"l-container \" style=\"\" >\n        <div class=\"m-content__content u-pt-fl u-pb-fl u-px-fl u-text-[var(--module-text-color)] u-bg-[var(--module-background-color)]  \" style=\"--pt-min-value:7; --pt-max-value:10; --pb-min-value:7; --pb-max-value:10; --px-min-value:0; --px-max-value:0; \n                            \n         \n\n    \n    --module-text-color:var(--root-color); --module-subtitle-color:var(--root-color); --module-image-bg-pattern-color:var(--color-quaternary-500); --module-typography-ul-marker-color:var(--color-primary-500); --module-typography-link-color:var(--color-primary-500); --module-typography-link-hover-color:var(--color-primary-500); --module-legend-text-color:var(--color-primary-500);\n \">\n            \n                                            \n                \n\n\n\n\n\n\n\n\n\n\n\n\n<main class=\"l-grid      u-items-start  u-justify-start u-gap-y-fl u-text-left\" style=\"--gap-y-min-value:5; --gap-y-max-value:7; --grid-gutter:    \n                \n                \n    clamp(1.5000rem, 1.5000rem + 0vw, 1.5000rem)\n;\">\n                    <div class=\"l-grid__block\">\n            <h2 target class=\"c-title    c-title--300         u-mb-10\" style=\"--title-emphasis-color: var(--color-root-white);\">\n        They participated in our events\n            <\/h2>\n\n                                        \n\n\n\n\n\n\n\n\n\n\n\n\n<div class=\"c-typography  c-typography--paragraph-size\" style=\"--typography-paragraph-font-size: var(--font-size-180); --typography-max-width: 100%;\">\n    <p class=\"MsoNormal\">Over the years, we have had the privilege of welcoming renowned retailers, brands, and companies, both nationally and internationally, as speakers, partners, exhibitors, or participants.<\/p>\n<p>&nbsp;<\/p>\n<p><img decoding=\"async\" src=\"https:\/\/www.cqcd.org\/wp-content\/uploads\/2024\/07\/pARTENAIRES-SOUTIENS-HOP2023-1024x585.jpg.webp\" alt=\"\" \/><\/p>\n\n<\/div>\n        <\/div>\n    <\/main>\n                                <\/div>\n    <\/div>\n<\/section>\n\n\n    \n\n\n\n\n\n\n\n\n\n\n\n\n\n<section data-module='m03a' class=\"md:u-pt-fl m-content m-content--image-double    \" style=\"--container-width: 1200px; --module-background-color:var(--color-root-white); --pt-min-value:0; --pt-max-value:0;\">\n        <div class=\"l-container \" style=\"\" >\n        <div class=\"m-content__content u-pt-fl u-pb-fl u-px-fl u-text-[var(--module-text-color)] u-bg-[var(--module-background-color)]  \" style=\"--pt-min-value:7; --pt-max-value:10; --pb-min-value:7; --pb-max-value:10; --px-min-value:0; --px-max-value:0; \n                            \n         \n\n    \n    --module-text-color:var(--root-color); --module-subtitle-color:var(--root-color); --module-image-bg-pattern-color:var(--color-quaternary-500); --module-typography-ul-marker-color:var(--color-primary-500); --module-typography-link-color:var(--color-primary-500); --module-typography-link-hover-color:var(--color-primary-500); --module-legend-text-color:var(--color-primary-500);\n \">\n            \n                                            \n                \n\n\n\n\n\n\n\n\n\n\n\n\n<main class=\"l-grid      u-items-start  u-justify-start u-gap-y-fl u-text-left\" style=\"--gap-y-min-value:5; --gap-y-max-value:7; --grid-gutter:    \n                \n                \n    clamp(1.5000rem, 1.5000rem + 0vw, 1.5000rem)\n;\">\n                    <div class=\"l-grid__block\">\n            <h2 target class=\"c-title    c-title--300         u-mb-10\" style=\"--title-emphasis-color: var(--color-root-white);\">\n        Level 3 eco-friendly event\n            <\/h2>\n\n                                        \n\n\n\n\n\n\n\n\n\n\n\n\n<div class=\"c-typography  c-typography--paragraph-size\" style=\"--typography-paragraph-font-size: var(--font-size-180); --typography-max-width: 100%;\">\n    <p class=\"MsoNormal\">The 2023 edition of Hop! The retail summit has been officially recognized as a Level 3 eco-responsible event according to the standards of the Bureau de normalisation du Qu\u00e9bec. This distinction underscores our ongoing commitment to sustainability and our contribution to environmental preservation.<\/p>\n\n<\/div>\n        <\/div>\n    <\/main>\n                                <\/div>\n    <\/div>\n<\/section>\n","protected":false},"excerpt":{"rendered":"","protected":false},"featured_media":2708,"template":"","event_type":[131],"mega_event_type":[],"mega_event_theme":[],"mega_event_location":[],"class_list":["post-2424","events","type-events","status-publish","has-post-thumbnail","hentry","event_type-trade-shows-and-events"],"acf":[],"yoast_head":"<!-- This site is optimized with the Yoast SEO plugin v27.2 - https:\/\/yoast.com\/product\/yoast-seo-wordpress\/ -->\n<title>Hop! The Retail summit 2023 - Retail Council of Quebec<\/title>\n<meta name=\"description\" content=\"Learn more about the 2023 edition of Hop! The Retail Summit!\" \/>\n<meta name=\"robots\" content=\"index, follow, max-snippet:-1, max-image-preview:large, max-video-preview:-1\" \/>\n<link rel=\"canonical\" href=\"https:\/\/www.cqcd.org\/en\/events\/hop-the-retail-summit-2023\/\" \/>\n<meta property=\"og:locale\" content=\"en_US\" \/>\n<meta property=\"og:type\" content=\"article\" \/>\n<meta property=\"og:title\" content=\"Hop! The Retail summit 2023 - Retail Council of Quebec\" \/>\n<meta property=\"og:description\" content=\"Learn more about the 2023 edition of Hop! The Retail Summit!\" \/>\n<meta property=\"og:url\" content=\"https:\/\/www.cqcd.org\/en\/events\/hop-the-retail-summit-2023\/\" \/>\n<meta property=\"og:site_name\" content=\"Conseil qu\u00e9b\u00e9cois du commerce de d\u00e9tail\" \/>\n<meta property=\"article:modified_time\" content=\"2024-08-21T21:58:12+00:00\" \/>\n<meta property=\"og:image\" content=\"https:\/\/www.cqcd.org\/wp-content\/uploads\/2024\/07\/1123-CQCD_Hop2023_Le-Sommet-commerce-1024x538.jpg.webp\" \/>\n\t<meta property=\"og:image:width\" content=\"1024\" \/>\n\t<meta property=\"og:image:height\" content=\"538\" \/>\n\t<meta property=\"og:image:type\" content=\"image\/webp\" \/>\n<meta name=\"twitter:card\" content=\"summary_large_image\" \/>\n<meta name=\"twitter:label1\" content=\"Est. reading time\" \/>\n\t<meta name=\"twitter:data1\" content=\"1 minute\" \/>\n<script type=\"application\/ld+json\" class=\"yoast-schema-graph\">{\"@context\":\"https:\/\/schema.org\",\"@graph\":[{\"@type\":\"WebPage\",\"@id\":\"https:\/\/www.cqcd.org\/en\/events\/hop-the-retail-summit-2023\/\",\"url\":\"https:\/\/www.cqcd.org\/en\/events\/hop-the-retail-summit-2023\/\",\"name\":\"Hop! The Retail summit 2023 - Retail Council of Quebec\",\"isPartOf\":{\"@id\":\"https:\/\/www.cqcd.org\/en\/#website\"},\"primaryImageOfPage\":{\"@id\":\"https:\/\/www.cqcd.org\/en\/events\/hop-the-retail-summit-2023\/#primaryimage\"},\"image\":{\"@id\":\"https:\/\/www.cqcd.org\/en\/events\/hop-the-retail-summit-2023\/#primaryimage\"},\"thumbnailUrl\":\"https:\/\/www.cqcd.org\/wp-content\/uploads\/2024\/07\/HOP-2023.png\",\"datePublished\":\"2024-07-09T13:28:55+00:00\",\"dateModified\":\"2024-08-21T21:58:12+00:00\",\"description\":\"Learn more about the 2023 edition of Hop! The Retail Summit!\",\"breadcrumb\":{\"@id\":\"https:\/\/www.cqcd.org\/en\/events\/hop-the-retail-summit-2023\/#breadcrumb\"},\"inLanguage\":\"en-US\",\"potentialAction\":[{\"@type\":\"ReadAction\",\"target\":[\"https:\/\/www.cqcd.org\/en\/events\/hop-the-retail-summit-2023\/\"]}]},{\"@type\":\"ImageObject\",\"inLanguage\":\"en-US\",\"@id\":\"https:\/\/www.cqcd.org\/en\/events\/hop-the-retail-summit-2023\/#primaryimage\",\"url\":\"https:\/\/www.cqcd.org\/wp-content\/uploads\/2024\/07\/HOP-2023.png\",\"contentUrl\":\"https:\/\/www.cqcd.org\/wp-content\/uploads\/2024\/07\/HOP-2023.png\",\"width\":437,\"height\":322,\"caption\":\"HOP Le Sommet du commerce de d\u00e9tail 2023\"},{\"@type\":\"BreadcrumbList\",\"@id\":\"https:\/\/www.cqcd.org\/en\/events\/hop-the-retail-summit-2023\/#breadcrumb\",\"itemListElement\":[{\"@type\":\"ListItem\",\"position\":1,\"name\":\"Accueil\",\"item\":\"https:\/\/www.cqcd.org\/en\/\"},{\"@type\":\"ListItem\",\"position\":2,\"name\":\"Hop! The Retail summit 2023\"}]},{\"@type\":\"WebSite\",\"@id\":\"https:\/\/www.cqcd.org\/en\/#website\",\"url\":\"https:\/\/www.cqcd.org\/en\/\",\"name\":\"Conseil qu\u00e9b\u00e9cois du commerce de d\u00e9tail\",\"description\":\"\",\"potentialAction\":[{\"@type\":\"SearchAction\",\"target\":{\"@type\":\"EntryPoint\",\"urlTemplate\":\"https:\/\/www.cqcd.org\/en\/?s={search_term_string}\"},\"query-input\":{\"@type\":\"PropertyValueSpecification\",\"valueRequired\":true,\"valueName\":\"search_term_string\"}}],\"inLanguage\":\"en-US\"}]}<\/script>\n<!-- \/ Yoast SEO plugin. -->","yoast_head_json":{"title":"Hop! The Retail summit 2023 - Retail Council of Quebec","description":"Learn more about the 2023 edition of Hop! The Retail Summit!","robots":{"index":"index","follow":"follow","max-snippet":"max-snippet:-1","max-image-preview":"max-image-preview:large","max-video-preview":"max-video-preview:-1"},"canonical":"https:\/\/www.cqcd.org\/en\/events\/hop-the-retail-summit-2023\/","og_locale":"en_US","og_type":"article","og_title":"Hop! The Retail summit 2023 - Retail Council of Quebec","og_description":"Learn more about the 2023 edition of Hop! The Retail Summit!","og_url":"https:\/\/www.cqcd.org\/en\/events\/hop-the-retail-summit-2023\/","og_site_name":"Conseil qu\u00e9b\u00e9cois du commerce de d\u00e9tail","article_modified_time":"2024-08-21T21:58:12+00:00","og_image":[{"width":1024,"height":538,"url":"https:\/\/www.cqcd.org\/wp-content\/uploads\/2024\/07\/1123-CQCD_Hop2023_Le-Sommet-commerce-1024x538.jpg.webp","type":"image\/webp"}],"twitter_card":"summary_large_image","twitter_misc":{"Est. reading time":"1 minute"},"schema":{"@context":"https:\/\/schema.org","@graph":[{"@type":"WebPage","@id":"https:\/\/www.cqcd.org\/en\/events\/hop-the-retail-summit-2023\/","url":"https:\/\/www.cqcd.org\/en\/events\/hop-the-retail-summit-2023\/","name":"Hop! The Retail summit 2023 - Retail Council of Quebec","isPartOf":{"@id":"https:\/\/www.cqcd.org\/en\/#website"},"primaryImageOfPage":{"@id":"https:\/\/www.cqcd.org\/en\/events\/hop-the-retail-summit-2023\/#primaryimage"},"image":{"@id":"https:\/\/www.cqcd.org\/en\/events\/hop-the-retail-summit-2023\/#primaryimage"},"thumbnailUrl":"https:\/\/www.cqcd.org\/wp-content\/uploads\/2024\/07\/HOP-2023.png","datePublished":"2024-07-09T13:28:55+00:00","dateModified":"2024-08-21T21:58:12+00:00","description":"Learn more about the 2023 edition of Hop! The Retail Summit!","breadcrumb":{"@id":"https:\/\/www.cqcd.org\/en\/events\/hop-the-retail-summit-2023\/#breadcrumb"},"inLanguage":"en-US","potentialAction":[{"@type":"ReadAction","target":["https:\/\/www.cqcd.org\/en\/events\/hop-the-retail-summit-2023\/"]}]},{"@type":"ImageObject","inLanguage":"en-US","@id":"https:\/\/www.cqcd.org\/en\/events\/hop-the-retail-summit-2023\/#primaryimage","url":"https:\/\/www.cqcd.org\/wp-content\/uploads\/2024\/07\/HOP-2023.png","contentUrl":"https:\/\/www.cqcd.org\/wp-content\/uploads\/2024\/07\/HOP-2023.png","width":437,"height":322,"caption":"HOP Le Sommet du commerce de d\u00e9tail 2023"},{"@type":"BreadcrumbList","@id":"https:\/\/www.cqcd.org\/en\/events\/hop-the-retail-summit-2023\/#breadcrumb","itemListElement":[{"@type":"ListItem","position":1,"name":"Accueil","item":"https:\/\/www.cqcd.org\/en\/"},{"@type":"ListItem","position":2,"name":"Hop! The Retail summit 2023"}]},{"@type":"WebSite","@id":"https:\/\/www.cqcd.org\/en\/#website","url":"https:\/\/www.cqcd.org\/en\/","name":"Conseil qu\u00e9b\u00e9cois du commerce de d\u00e9tail","description":"","potentialAction":[{"@type":"SearchAction","target":{"@type":"EntryPoint","urlTemplate":"https:\/\/www.cqcd.org\/en\/?s={search_term_string}"},"query-input":{"@type":"PropertyValueSpecification","valueRequired":true,"valueName":"search_term_string"}}],"inLanguage":"en-US"}]}},"_links":{"self":[{"href":"https:\/\/www.cqcd.org\/en\/wp-json\/wp\/v2\/events\/2424","targetHints":{"allow":["GET"]}}],"collection":[{"href":"https:\/\/www.cqcd.org\/en\/wp-json\/wp\/v2\/events"}],"about":[{"href":"https:\/\/www.cqcd.org\/en\/wp-json\/wp\/v2\/types\/events"}],"wp:featuredmedia":[{"embeddable":true,"href":"https:\/\/www.cqcd.org\/en\/wp-json\/wp\/v2\/media\/2708"}],"wp:attachment":[{"href":"https:\/\/www.cqcd.org\/en\/wp-json\/wp\/v2\/media?parent=2424"}],"wp:term":[{"taxonomy":"event_type","embeddable":true,"href":"https:\/\/www.cqcd.org\/en\/wp-json\/wp\/v2\/event_type?post=2424"},{"taxonomy":"mega_event_type","embeddable":true,"href":"https:\/\/www.cqcd.org\/en\/wp-json\/wp\/v2\/mega_event_type?post=2424"},{"taxonomy":"mega_event_theme","embeddable":true,"href":"https:\/\/www.cqcd.org\/en\/wp-json\/wp\/v2\/mega_event_theme?post=2424"},{"taxonomy":"mega_event_location","embeddable":true,"href":"https:\/\/www.cqcd.org\/en\/wp-json\/wp\/v2\/mega_event_location?post=2424"}],"curies":[{"name":"wp","href":"https:\/\/api.w.org\/{rel}","templated":true}]}}