{"id":2675,"date":"2024-07-10T13:22:13","date_gmt":"2024-07-10T17:22:13","guid":{"rendered":"https:\/\/www.cqcd.org\/evenements\/tag-regard-sur-le-commerce-daujourdhui-2022\/"},"modified":"2024-08-21T17:52:30","modified_gmt":"2024-08-21T21:52:30","slug":"tag-a-new-perspective-on-todays-retail-business","status":"publish","type":"events","link":"https:\/\/www.cqcd.org\/en\/events\/tag-a-new-perspective-on-todays-retail-business\/","title":{"rendered":"TAG \u2013 A new perspective on today\u2019s retail business"},"content":{"rendered":"    \n\n\n\n\n\n\n\n\n\n\n\n\n\n<section data-module='m03a' class=\"md:u-pt-fl m-content m-content--image-double   u-bg-[var(--module-background-color)] \" style=\"--module-background-color:var(--color-root-white); --pt-min-value:0; --pt-max-value:0;\">\n        <div class=\"l-container \" style=\"\" >\n        <div class=\"m-content__content u-pt-fl u-pb-fl u-px-fl u-text-[var(--module-text-color)]   \" style=\"--pt-min-value:7; --pt-max-value:10; --pb-min-value:7; --pb-max-value:10; --px-min-value:0; --px-max-value:0; \n                            \n         \n\n    \n    --module-text-color:var(--root-color); --module-subtitle-color:var(--root-color); --module-image-bg-pattern-color:var(--color-quaternary-500); --module-typography-ul-marker-color:var(--color-primary-500); --module-typography-link-color:var(--color-primary-500); --module-typography-link-hover-color:var(--color-primary-500); --module-legend-text-color:var(--color-primary-500);\n \">\n            \n                                            \n                \n\n\n\n\n\n\n\n\n\n\n\n\n<main class=\"l-grid   l-grid--2@md   u-items-center  u-justify-start u-gap-y-fl u-text-left  md:u-flex-row-reverse\" style=\"--gap-y-min-value:5; --gap-y-max-value:7; --grid-gutter:    \n                \n                \n    clamp(1.5000rem, 1.2727rem + 0.60606060606061vw, 2.0000rem)\n;\">\n                    <div class=\"l-grid__block\">\n            <picture     \n                        \n                                        \n                                            \n                                                                            \n                        \n     class=\"c-image   c-image-has-bg-pattern c-image-has-bg-pattern--right\" style=\"--border-radius: 8; --radius: 0; --image-bg-pattern-offset-amount:9; --image-bg-pattern-mobile-offset-amount:4.5; --image-bg-pattern-color:var(--color-quaternary-500);\"\n>\n    \n    \n    \n            <source\n            media=\"(min-width: 900px)\"\n            srcset=\"https:\/\/www.cqcd.org\/wp-content\/uploads\/2024\/07\/TAG-conferences-retail-1080x900.jpg\"\n            type=\"image\/jpeg\"\n        >\n            <source\n            media=\"(min-width: 800px)\"\n            srcset=\"https:\/\/www.cqcd.org\/wp-content\/uploads\/2024\/07\/TAG-conferences-retail-800x600.jpg\"\n            type=\"image\/jpeg\"\n        >\n            <source\n            media=\"(min-width: 400px)\"\n            srcset=\"https:\/\/www.cqcd.org\/wp-content\/uploads\/2024\/07\/TAG-conferences-retail-400x300.jpg\"\n            type=\"image\/jpeg\"\n        >\n        <img loading=\"lazy\" decoding=\"async\"     \n                        \n                                        \n                                            \n                                        \n                                            \n                                        \n                                            \n                                        \n                                            \n                                        \n                                                                    \n                                        \n                                            \n                                                                            \n                        \n     class=\"u-w-full u-h-auto\" src=\"https:\/\/www.cqcd.org\/wp-content\/uploads\/2024\/07\/TAG-conferences-retail-1080x900.jpg\" alt width=\"1080\" height=\"900\" fetchpriority=\"auto\" style=\"\"\n\/>\n\n    <\/picture>\n        <\/div>\n                    <div class=\"l-grid__block\">\n            <h2 target class=\"c-title    c-title--300\" style=\"--title-emphasis-color: var(--color-root-white);\">\n        When and where ?\n            <\/h2>\n\n                                        \n\n\n\n\n\n\n\n\n\n\n\n\n<div class=\"c-typography  u-mt-6 c-typography--paragraph-size\" style=\"--typography-paragraph-font-size: var(--font-size-180); --typography-max-width: 100%;\">\n    <p class=\"MsoNormal\">The next edition of TAG \u2013 A new perspective on today\u2019s retail business, will take place on October 5 and 6, 2022 at the Palais des congr\u00e8s de Montr\u00e9al. It\u2019s an expanded and content-rich program that will be offered to the retail ecosystem in Quebec.<\/p>\n\n<\/div>\n        <\/div>\n    <\/main>\n                                <\/div>\n    <\/div>\n<\/section>\n\n\n    \n\n\n\n\n\n\n\n\n\n\n\n\n\n<section data-module='m03a' class=\"md:u-pt-fl m-content m-content--image-double   u-bg-[var(--module-background-color)] \" style=\"--module-background-color:var(--color-root-white); --pt-min-value:0; --pt-max-value:0;\">\n        <div class=\"l-container \" style=\"\" >\n        <div class=\"m-content__content u-pt-fl u-pb-fl u-px-fl u-text-[var(--module-text-color)]   \" style=\"--pt-min-value:7; --pt-max-value:10; --pb-min-value:7; --pb-max-value:10; --px-min-value:0; --px-max-value:0; \n                            \n         \n\n    \n    --module-text-color:var(--root-color); --module-subtitle-color:var(--root-color); --module-image-bg-pattern-color:var(--color-quaternary-500); --module-typography-ul-marker-color:var(--color-primary-500); --module-typography-link-color:var(--color-primary-500); --module-typography-link-hover-color:var(--color-primary-500); --module-legend-text-color:var(--color-primary-500);\n \">\n            \n                                            \n                \n\n\n\n\n\n\n\n\n\n\n\n\n<main class=\"l-grid   l-grid--2@md   u-items-center  u-justify-start u-gap-y-fl u-text-left\" style=\"--gap-y-min-value:5; --gap-y-max-value:7; --grid-gutter:    \n                \n                \n    clamp(1.5000rem, 1.2727rem + 0.60606060606061vw, 2.0000rem)\n;\">\n                    <div class=\"l-grid__block\">\n            <picture     \n                        \n                                        \n                                            \n                                                                            \n                        \n     class=\"c-image   c-image-has-bg-pattern c-image-has-bg-pattern--right\" style=\"--border-radius: 8; --radius: 0; --image-bg-pattern-offset-amount:9; --image-bg-pattern-mobile-offset-amount:4.5; --image-bg-pattern-color:var(--color-quaternary-500);\"\n>\n    \n    \n    \n            <source\n            media=\"(min-width: 900px)\"\n            srcset=\"https:\/\/www.cqcd.org\/wp-content\/uploads\/2024\/07\/TAG-Exhibitors-retail-1080x900.jpg\"\n            type=\"image\/jpeg\"\n        >\n            <source\n            media=\"(min-width: 800px)\"\n            srcset=\"https:\/\/www.cqcd.org\/wp-content\/uploads\/2024\/07\/TAG-Exhibitors-retail-800x600.jpg\"\n            type=\"image\/jpeg\"\n        >\n            <source\n            media=\"(min-width: 400px)\"\n            srcset=\"https:\/\/www.cqcd.org\/wp-content\/uploads\/2024\/07\/TAG-Exhibitors-retail-400x300.jpg\"\n            type=\"image\/jpeg\"\n        >\n        <img loading=\"lazy\" decoding=\"async\"     \n                        \n                                        \n                                            \n                                        \n                                            \n                                        \n                                            \n                                        \n                                            \n                                        \n                                                                    \n                                        \n                                            \n                                                                            \n                        \n     class=\"u-w-full u-h-auto\" src=\"https:\/\/www.cqcd.org\/wp-content\/uploads\/2024\/07\/TAG-Exhibitors-retail-1080x900.jpg\" alt width=\"1080\" height=\"900\" fetchpriority=\"auto\" style=\"\"\n\/>\n\n    <\/picture>\n        <\/div>\n                    <div class=\"l-grid__block\">\n            <h2 target class=\"c-title    c-title--300\" style=\"--title-emphasis-color: var(--color-root-white);\">\n        For who ?\n            <\/h2>\n\n                                        \n\n\n\n\n\n\n\n\n\n\n\n\n<div class=\"c-typography  u-mt-6 c-typography--paragraph-size\" style=\"--typography-paragraph-font-size: var(--font-size-180); --typography-max-width: 100%;\">\n    <p class=\"MsoNormal\">The event is intended for retail businesses, whether SMEs or large retailers, entrepreneurs, solution\/service providers and organizations (governmental and non-governmental) involved in the sector, as well as anyone with an interest in the various aspects of retail. The Quebec Retail Council is also keen to ensure that the next generation of retailers and students benefit from the content offered during the event by offering them special rates.<\/p>\n<p class=\"MsoNormal\">\u201cTAG is a MUST for any retailer looking to be inspired by new trends and technology solutions in the retail industry.\u201d<\/p>\n<p class=\"MsoNormal\">Fran\u00e7ois Roberge, President at La Vie en Rose<\/p>\n\n<\/div>\n        <\/div>\n    <\/main>\n                                <\/div>\n    <\/div>\n<\/section>\n\n\n    \n\n\n\n\n\n\n\n\n\n\n\n\n\n<section data-module='m03a' class=\"md:u-pt-fl m-content m-content--image-double   u-bg-[var(--module-background-color)] \" style=\"--module-background-color:var(--color-root-white); --pt-min-value:0; --pt-max-value:0;\">\n        <div class=\"l-container \" style=\"\" >\n        <div class=\"m-content__content u-pt-fl u-pb-fl u-px-fl u-text-[var(--module-text-color)]   \" style=\"--pt-min-value:7; --pt-max-value:10; --pb-min-value:7; --pb-max-value:10; --px-min-value:0; --px-max-value:0; \n                            \n         \n\n    \n    --module-text-color:var(--root-color); --module-subtitle-color:var(--root-color); --module-image-bg-pattern-color:var(--color-quaternary-500); --module-typography-ul-marker-color:var(--color-primary-500); --module-typography-link-color:var(--color-primary-500); --module-typography-link-hover-color:var(--color-primary-500); --module-legend-text-color:var(--color-primary-500);\n \">\n            \n                                            \n                \n\n\n\n\n\n\n\n\n\n\n\n\n<main class=\"l-grid   l-grid--2@md   u-items-center  u-justify-start u-gap-y-fl u-text-left  md:u-flex-row-reverse\" style=\"--gap-y-min-value:5; --gap-y-max-value:7; --grid-gutter:    \n                \n                \n    clamp(1.5000rem, 1.2727rem + 0.60606060606061vw, 2.0000rem)\n;\">\n                    <div class=\"l-grid__block\">\n            <picture     \n                        \n                                        \n                                            \n                                                                            \n                        \n     class=\"c-image   c-image-has-bg-pattern c-image-has-bg-pattern--right\" style=\"--border-radius: 8; --radius: 0; --image-bg-pattern-offset-amount:9; --image-bg-pattern-mobile-offset-amount:4.5; --image-bg-pattern-color:var(--color-quaternary-500);\"\n>\n    \n    \n    \n            <source\n            media=\"(min-width: 900px)\"\n            srcset=\"https:\/\/www.cqcd.org\/wp-content\/uploads\/2024\/07\/TAG-conference-guy-cormier-2-1080x900.jpg\"\n            type=\"image\/jpeg\"\n        >\n            <source\n            media=\"(min-width: 800px)\"\n            srcset=\"https:\/\/www.cqcd.org\/wp-content\/uploads\/2024\/07\/TAG-conference-guy-cormier-2-800x600.jpg\"\n            type=\"image\/jpeg\"\n        >\n            <source\n            media=\"(min-width: 400px)\"\n            srcset=\"https:\/\/www.cqcd.org\/wp-content\/uploads\/2024\/07\/TAG-conference-guy-cormier-2-400x300.jpg\"\n            type=\"image\/jpeg\"\n        >\n        <img loading=\"lazy\" decoding=\"async\"     \n                        \n                                        \n                                            \n                                        \n                                            \n                                        \n                                            \n                                        \n                                            \n                                        \n                                                                    \n                                        \n                                            \n                                                                            \n                        \n     class=\"u-w-full u-h-auto\" src=\"https:\/\/www.cqcd.org\/wp-content\/uploads\/2024\/07\/TAG-conference-guy-cormier-2-1080x900.jpg\" alt width=\"1080\" height=\"900\" fetchpriority=\"auto\" style=\"\"\n\/>\n\n    <\/picture>\n        <\/div>\n                    <div class=\"l-grid__block\">\n            <div class=\"c-subtitle u-text-[var(--module-subtitle-color)] u-mb-4 u-text-140 u-font-semibold u-font-secondary\" >\n        What can you expect for this new edition ?\n    <\/div>\n\n    <h2 target class=\"c-title    c-title--300\" style=\"--title-emphasis-color: var(--color-root-white);\">\n        Conferences, workshops and round-table discussions about the subjects that matter in retail\n            <\/h2>\n\n                                        \n\n\n\n\n\n\n\n\n\n\n\n\n<div class=\"c-typography  u-mt-6 c-typography--paragraph-size\" style=\"--typography-paragraph-font-size: var(--font-size-180); --typography-max-width: 100%;\">\n    <p class=\"MsoNormal\">TAG is first and foremost a two-day multidisciplinary program featuring more than 40 conferences, workshops and discussion tables that revolve around the various issues and aspects of retail. Attending TAG is a great way to foster best business practices and increase your network.<\/p>\n<p class=\"MsoNormal\"><strong>Marketing<\/strong><\/p>\n<ul>\n<li class=\"MsoNormal\">eCommerce and digital marketing<\/li>\n<li class=\"MsoNormal\">Social marketing and commerce<\/li>\n<li class=\"MsoNormal\">Customer experience and loyalty<\/li>\n<li class=\"MsoNormal\">Retail\u2019s future<\/li>\n<\/ul>\n<p class=\"MsoNormal\"><strong>Workforce and human ressources<\/strong><\/p>\n<ul>\n<li class=\"MsoNormal\">New approaches to recruitment<\/li>\n<li class=\"MsoNormal\">Human ressources management<\/li>\n<li class=\"MsoNormal\">HR marketing and employer branding<\/li>\n<li class=\"MsoNormal\">Diversity and inclusion<\/li>\n<\/ul>\n<p class=\"MsoNormal\"><strong>Technology and digital solutions<\/strong><\/p>\n<ul>\n<li class=\"MsoNormal\">Payment solutions \/ Cybersecurity<\/li>\n<li class=\"MsoNormal\">Logistics and supply chain \/ Inventory management<\/li>\n<li class=\"MsoNormal\">Artificial intelligence \/ Virtual and augmented reality<\/li>\n<li class=\"MsoNormal\">Digital transformation<\/li>\n<\/ul>\n<p class=\"MsoNormal\"><strong>Sustainable development<\/strong><\/p>\n<ul>\n<li class=\"MsoNormal\">Circular economy<\/li>\n<li class=\"MsoNormal\">Buy local<\/li>\n<li class=\"MsoNormal\">Responsible sourcing<\/li>\n<li class=\"MsoNormal\">Corporate Social Responsibility (CSR)<\/li>\n<\/ul>\n\n<\/div>\n        <\/div>\n    <\/main>\n                                <\/div>\n    <\/div>\n<\/section>\n\n\n    \n\n\n\n\n\n\n\n\n\n\n\n\n\n<section data-module='m03a' class=\"md:u-pt-fl m-content m-content--image-double   u-bg-[var(--module-background-color)] \" style=\"--module-background-color:var(--color-root-white); --pt-min-value:0; --pt-max-value:0;\">\n        <div class=\"l-container \" style=\"\" >\n        <div class=\"m-content__content u-pt-fl u-pb-fl u-px-fl u-text-[var(--module-text-color)]   \" style=\"--pt-min-value:7; --pt-max-value:10; --pb-min-value:7; --pb-max-value:10; --px-min-value:0; --px-max-value:0; \n                            \n         \n\n    \n    --module-text-color:var(--root-color); --module-subtitle-color:var(--root-color); --module-image-bg-pattern-color:var(--color-quaternary-500); --module-typography-ul-marker-color:var(--color-primary-500); --module-typography-link-color:var(--color-primary-500); --module-typography-link-hover-color:var(--color-primary-500); --module-legend-text-color:var(--color-primary-500);\n \">\n            \n                                            \n                \n\n\n\n\n\n\n\n\n\n\n\n\n<main class=\"l-grid   l-grid--2@md   u-items-center  u-justify-start u-gap-y-fl u-text-left\" style=\"--gap-y-min-value:5; --gap-y-max-value:7; --grid-gutter:    \n                \n                \n    clamp(1.5000rem, 1.2727rem + 0.60606060606061vw, 2.0000rem)\n;\">\n                    <div class=\"l-grid__block\">\n            <picture     \n                        \n                                        \n                                            \n                                                                            \n                        \n     class=\"c-image   c-image-has-bg-pattern c-image-has-bg-pattern--right\" style=\"--border-radius: 8; --radius: 0; --image-bg-pattern-offset-amount:9; --image-bg-pattern-mobile-offset-amount:4.5; --image-bg-pattern-color:var(--color-quaternary-500);\"\n>\n    \n    \n    \n            <source\n            media=\"(min-width: 900px)\"\n            srcset=\"https:\/\/www.cqcd.org\/wp-content\/uploads\/2024\/07\/TAG-Exhibitors-retail-1080x900.jpg\"\n            type=\"image\/jpeg\"\n        >\n            <source\n            media=\"(min-width: 800px)\"\n            srcset=\"https:\/\/www.cqcd.org\/wp-content\/uploads\/2024\/07\/TAG-Exhibitors-retail-800x600.jpg\"\n            type=\"image\/jpeg\"\n        >\n            <source\n            media=\"(min-width: 400px)\"\n            srcset=\"https:\/\/www.cqcd.org\/wp-content\/uploads\/2024\/07\/TAG-Exhibitors-retail-400x300.jpg\"\n            type=\"image\/jpeg\"\n        >\n        <img loading=\"lazy\" decoding=\"async\"     \n                        \n                                        \n                                            \n                                        \n                                            \n                                        \n                                            \n                                        \n                                            \n                                        \n                                                                    \n                                        \n                                            \n                                                                            \n                        \n     class=\"u-w-full u-h-auto\" src=\"https:\/\/www.cqcd.org\/wp-content\/uploads\/2024\/07\/TAG-Exhibitors-retail-1080x900.jpg\" alt width=\"1080\" height=\"900\" fetchpriority=\"auto\" style=\"\"\n\/>\n\n    <\/picture>\n        <\/div>\n                    <div class=\"l-grid__block\">\n            <div class=\"c-subtitle u-text-[var(--module-subtitle-color)] u-mb-4 u-text-140 u-font-semibold u-font-secondary\" >\n        40 exhibitors\n    <\/div>\n\n    <h2 target class=\"c-title    c-title--300\" style=\"--title-emphasis-color: var(--color-root-white);\">\n        TAG\u2019s exhibitors\u2019 hall : Finding unique and innovative services and solutions for retail businesses\n            <\/h2>\n\n                                        \n\n\n\n\n\n\n\n\n\n\n\n\n<div class=\"c-typography  u-mt-6 c-typography--paragraph-size\" style=\"--typography-paragraph-font-size: var(--font-size-180); --typography-max-width: 100%;\">\n    <p class=\"MsoNormal\">While visiting our Exhibitors\u2019 hall, you will discover over 40 companies (services\/solutions providers, startups, large multinationals) and organizations that support entrepreneurs and retailers.<\/p>\n<p class=\"MsoNormal\">\n<p class=\"MsoNormal\">Visiting our exhibitors\u2019 hall is a guarantee to discover innovative solutions and services to accelerate the growth of your business!<\/p>\n<p>&nbsp;<\/p>\n\n<\/div>\n        <\/div>\n    <\/main>\n                                <\/div>\n    <\/div>\n<\/section>\n\n\n    \n\n\n\n\n\n\n\n\n\n\n\n\n\n<section data-module='m03a' class=\"md:u-pt-fl m-content m-content--image-double   u-bg-[var(--module-background-color)] \" style=\"--module-background-color:var(--color-root-white); --pt-min-value:0; --pt-max-value:0;\">\n        <div class=\"l-container \" style=\"\" >\n        <div class=\"m-content__content u-pt-fl u-pb-fl u-px-fl u-text-[var(--module-text-color)]   \" style=\"--pt-min-value:7; --pt-max-value:10; --pb-min-value:7; --pb-max-value:10; --px-min-value:0; --px-max-value:0; \n                            \n         \n\n    \n    --module-text-color:var(--root-color); --module-subtitle-color:var(--root-color); --module-image-bg-pattern-color:var(--color-quaternary-500); --module-typography-ul-marker-color:var(--color-primary-500); --module-typography-link-color:var(--color-primary-500); --module-typography-link-hover-color:var(--color-primary-500); --module-legend-text-color:var(--color-primary-500);\n \">\n            \n                                            \n                \n\n\n\n\n\n\n\n\n\n\n\n\n<main class=\"l-grid   l-grid--2@md   u-items-center  u-justify-start u-gap-y-fl u-text-left  md:u-flex-row-reverse\" style=\"--gap-y-min-value:5; --gap-y-max-value:7; --grid-gutter:    \n                \n                \n    clamp(1.5000rem, 1.2727rem + 0.60606060606061vw, 2.0000rem)\n;\">\n                    <div class=\"l-grid__block\">\n            <picture     \n                        \n                                        \n                                            \n                                                                            \n                        \n     class=\"c-image   c-image-has-bg-pattern c-image-has-bg-pattern--right\" style=\"--border-radius: 8; --radius: 0; --image-bg-pattern-offset-amount:9; --image-bg-pattern-mobile-offset-amount:4.5; --image-bg-pattern-color:var(--color-quaternary-500);\"\n>\n    \n    \n    \n            <source\n            media=\"(min-width: 900px)\"\n            srcset=\"https:\/\/www.cqcd.org\/wp-content\/uploads\/2024\/07\/1033-CQCD_Tag2022_SoireeReconnaissance1080x1080_V2.jpg.webp\"\n            type=\"\"\n        >\n            <source\n            media=\"(min-width: 800px)\"\n            srcset=\"https:\/\/www.cqcd.org\/wp-content\/uploads\/2024\/07\/1033-CQCD_Tag2022_SoireeReconnaissance1080x1080_V2.jpg-800x600.webp\"\n            type=\"\"\n        >\n            <source\n            media=\"(min-width: 400px)\"\n            srcset=\"https:\/\/www.cqcd.org\/wp-content\/uploads\/2024\/07\/1033-CQCD_Tag2022_SoireeReconnaissance1080x1080_V2.jpg-400x300.webp\"\n            type=\"\"\n        >\n        <img loading=\"lazy\" decoding=\"async\"     \n                        \n                                        \n                                            \n                                        \n                                            \n                                        \n                                            \n                                        \n                                            \n                                        \n                                                                    \n                                        \n                                            \n                                                                            \n                        \n     class=\"u-w-full u-h-auto\" src=\"https:\/\/www.cqcd.org\/wp-content\/uploads\/2024\/07\/1033-CQCD_Tag2022_SoireeReconnaissance1080x1080_V2.jpg.webp\" alt width=\"900\" height=\"900\" fetchpriority=\"auto\" style=\"\"\n\/>\n\n    <\/picture>\n        <\/div>\n                    <div class=\"l-grid__block\">\n            <h2 target class=\"c-title    c-title--300\" style=\"--title-emphasis-color: var(--color-root-white);\">\n        An evening celebration and tribute to retailers\n            <\/h2>\n\n                                        \n\n\n\n\n\n\n\n\n\n\n\n\n<div class=\"c-typography  u-mt-6 c-typography--paragraph-size\" style=\"--typography-paragraph-font-size: var(--font-size-180); --typography-max-width: 100%;\">\n    <p class=\"MsoNormal\">The Retail Council of Quebec (RCQ) will be organizing a festive evening of tribute to honor various businesses that have distinguished themselves through their know-how, initiative and commitment, their leadership role and their community involvement in building the Quebec of today and tomorrow.<\/p>\n<p class=\"MsoNormal\">List of prizes :<\/p>\n<ul>\n<li class=\"MsoNormal\">Builder tribute<\/li>\n<li class=\"MsoNormal\">International market conquest<\/li>\n<li class=\"MsoNormal\">Societal and environmental champion<\/li>\n<li class=\"MsoNormal\">Visionnary human ressources practices<\/li>\n<li class=\"MsoNormal\">Digital project of the year<\/li>\n<li class=\"MsoNormal\">Innovative startup of the year<\/li>\n<li class=\"MsoNormal\">Best \u201cbuy local\u201d campaign or initiative<\/li>\n<li class=\"MsoNormal\">Local business of the year<\/li>\n<li class=\"MsoNormal\">Member of the Quebec Retail Council (CQCD)<\/li>\n<li class=\"MsoNormal\">Special jury prize<\/li>\n<\/ul>\n\n<\/div>\n        <\/div>\n    <\/main>\n                                <\/div>\n    <\/div>\n<\/section>\n\n\n    \n\n\n\n\n\n\n\n\n\n\n\n\n\n<section data-module='m03a' class=\"md:u-pt-fl m-content m-content--image-double   u-bg-[var(--module-background-color)] \" style=\"--module-background-color:var(--color-root-white); --pt-min-value:0; --pt-max-value:0;\">\n        <div class=\"l-container \" style=\"\" >\n        <div class=\"m-content__content u-pt-fl u-pb-fl u-px-fl u-text-[var(--module-text-color)]   \" style=\"--pt-min-value:7; --pt-max-value:10; --pb-min-value:7; --pb-max-value:10; --px-min-value:0; --px-max-value:0; \n                            \n         \n\n    \n    --module-text-color:var(--root-color); --module-subtitle-color:var(--root-color); --module-image-bg-pattern-color:var(--color-quaternary-500); --module-typography-ul-marker-color:var(--color-primary-500); --module-typography-link-color:var(--color-primary-500); --module-typography-link-hover-color:var(--color-primary-500); --module-legend-text-color:var(--color-primary-500);\n \">\n            \n                                            \n                \n\n\n\n\n\n\n\n\n\n\n\n\n<main class=\"l-grid   l-grid--2@md   u-items-start  u-justify-start u-gap-y-fl u-text-left\" style=\"--gap-y-min-value:3; --gap-y-max-value:3; --grid-gutter:    \n                \n                \n    clamp(1.5000rem, 0.3636rem + 3.030303030303vw, 4.0000rem)\n;\">\n                    <div class=\"l-grid__block\">\n            <h2 target class=\"c-title    c-title--300\" style=\"--title-emphasis-color: var(--color-root-white);\">\n        Speakers TAG 2022\n            <\/h2>\n        <\/div>\n                    <div class=\"l-grid__block\">\n            <div class=\"c-typography  c-typography--paragraph-size\" style=\"--typography-paragraph-font-size: var(--font-size-180); --typography-max-width: 100%;\">\n    <ul>\n<li class=\"MsoNormal\">Guy Cormier, PR\u00c9SIDENT ET CHEF DE LA DIRECTION, MOUVEMENT DESJARDINS<\/li>\n<li class=\"MsoNormal\">Jean-Guy C\u00f4t\u00e9, DIRECTEUR G\u00c9N\u00c9RAL, CONSEIL QU\u00c9B\u00c9COIS DU COMMERCE DE D\u00c9TAIL (CQCD)<\/li>\n<li class=\"MsoNormal\">Jean-Michel Vanasse, ANIMATEUR ET PRODUCTEUR, PLAN\u00c8TE TECHNO ET JMV M\u00c9DIAS<\/li>\n<li class=\"MsoNormal\">Marie-Audrey Houle, ANIMATRICE ET JOURNALISTE, PLAN\u00c8TE TECHNO \/ ICI RADIO-CANADA<\/li>\n<li class=\"MsoNormal\">C\u00e9line Blanchet, VICE-PR\u00c9SIDENTE DES AFFAIRES CORPORATIVES ET DU D\u00c9VELOPPEMENT STRAT\u00c9GIQUE \/ PR\u00c9SIDENTE DU CA, DESERRES \/ CQCD<\/li>\n<li class=\"MsoNormal\">Luc Rabouin, MAIRE DE L\u2019ARRONDISSEMENT DU PLATEAU-MONT-ROYAL \/ MEMBRE DU COMIT\u00c9 EX\u00c9CUTIF RESPONSABLE DU D\u00c9VELOPPEMENT \u00c9CONOMIQUE ET COMMERCIAL, DU SAVOIR, DE L\u2019INNOVATION ET DU DESIGN, VILLE DE MONTR\u00c9AL<\/li>\n<li class=\"MsoNormal\">Charles P\u00e9pin Cl\u00e9ment, ADMINISTRATEUR, LES BOUTIQUES CL\u00c9MENT<\/li>\n<li class=\"MsoNormal\">\u00c9ric St-Arnaud, DIRECTEUR G\u00c9N\u00c9RAL, RENAISSANCE<\/li>\n<li class=\"MsoNormal\">Rolland Tanguay, PR\u00c9SIDENT, AVRIL SUPERMARCH\u00c9 SANT\u00c9<\/li>\n<li class=\"MsoNormal\">Luciano Barin Cruz, PROFESSEUR TITULAIRE \/ DIRECTEUR DU P\u00d4LE IDEOS (IMPACT SOCIAL), HEC MONTR\u00c9AL<\/li>\n<li class=\"MsoNormal\">Jimmy C\u00f4t\u00e9, VICE-PR\u00c9SIDENT, GROUPE CONSEIL RINGUET<\/li>\n<li class=\"MsoNormal\">Pierre Graff, PR\u00c9SIDENT-DIRECTEUR G\u00c9N\u00c9RAL, REGROUPEMENT DES JEUNES CHAMBRES DE COMMERCE DU QU\u00c9BEC (RJCCQ)<\/li>\n<li class=\"MsoNormal\">Jacques Nantel, PROFESSEUR \u00c9M\u00c9RITE, CHERCHEUR ET SP\u00c9CIALISTE DU COMMERCE DE D\u00c9TAIL, HEC MONTR\u00c9AL<\/li>\n<li class=\"MsoNormal\">Souad Laidi, DIRECTRICE COMMERCIALISATION DES INNOVATIONS, LOGISTIQUE DU COMMERCE \u00c9LECTRONIQUE, PME MTL<\/li>\n<li class=\"MsoNormal\">Myriam Belzile-Maguire, COFONDATRICE ET DESIGNER, MAGUIRE<\/li>\n<li class=\"MsoNormal\">Nathalie Gamache, VICE-PR\u00c9SIDENTE, MARKETING ET INNOVATION, CASCADES<\/li>\n<li class=\"MsoNormal\">S\u00e9bastien Yaher, STRAT\u00c8GE NUM\u00c9RIQUE PRINCIPAL, THINKMAX<\/li>\n<li class=\"MsoNormal\">Patrick Jobidon, PR\u00c9SIDENT, PENGUINPICKUP<\/li>\n<li class=\"MsoNormal\">Franco Rocchi, DIRECTEUR PRINCIPAL DU MARKETING, SUZY\u2019S INC | LE CH\u00c2TEAU<\/li>\n<li class=\"MsoNormal\">Alain Dumas, DIRECTEUR G\u00c9N\u00c9RAL, LE PANIER BLEU<\/li>\n<li class=\"MsoNormal\">Alan Taliaferro, ASSOCI\u00c9, CONSULTATION, DELOITTE<\/li>\n<li class=\"MsoNormal\">Jean-S\u00e9bastien Guy, PR\u00c9SIDENT, KOREM<\/li>\n<li class=\"MsoNormal\">Enrico Gu\u00e9nard, ANALYSTE DE DONN\u00c9ES, KOREM<\/li>\n<li class=\"MsoNormal\">Ren\u00e9 Desmarais, CONSEILLER PRINCIPAL ET RESPONSABLE DU PROJET ENVOI, CONSEIL QU\u00c9B\u00c9COIS DU COMMERCE DE D\u00c9TAIL (CQCD)<\/li>\n<li class=\"MsoNormal\">Marie Beaupr\u00e9, COPROPRI\u00c9TAIRE ET DIRECTRICE R&amp;D, LES MAUVAISES HERBES<\/li>\n<li class=\"MsoNormal\">Mathieu Hoste, PR\u00c9SIDENT ET FONDATEUR, OLEKA CANVAS<\/li>\n<li class=\"MsoNormal\">Charlie Fernandez, PR\u00c9SIDENT-DIRECTEUR G\u00c9N\u00c9RAL, R\u00c9VERB\u00c8RE<\/li>\n<li class=\"MsoNormal\">Jean-Fran\u00e7ois Fauteux, PR\u00c9SIDENT, COVAL<\/li>\n<li class=\"MsoNormal\">Myl\u00e8ne Guilbert, CONSEILL\u00c8RE D\u2019AFFAIRES PRINCIPALE, INNO-CENTRE<\/li>\n<li class=\"MsoNormal\">Shanmugasunder Chetty, CONSEILLER EN ACCOMPAGNEMENT DES ENTREPRISES, OFFICE QU\u00c9B\u00c9COIS DE LA LANGUE FRAN\u00c7AISE<\/li>\n<li class=\"MsoNormal\">Lara Daniel, AVOCATE-FONDATRICE ET AGENTE DE MARQUES SP\u00c9CIALISTE EN FRANCISATION, LDAL\u00c9GAL INC.<\/li>\n<li class=\"MsoNormal\">Anik Pelletier , DIRECTRICE G\u00c9N\u00c9RALE, TRADUCTION FINANCI\u00c8RE IGM<\/li>\n<li class=\"MsoNormal\">Bernard Godbout, VICE-PR\u00c9SIDENT, MISE EN MARCH\u00c9 ET MARKETING, FAMILIPRIX<\/li>\n<li class=\"MsoNormal\">\u00c9lo\u00efse Racine, GESTIONNAIRE DE COMPTE PRINCIPAL, REEBEE<\/li>\n<li class=\"MsoNormal\">Patrick Delisle, DIRECTEUR MARKETING, CANAC<\/li>\n<li class=\"MsoNormal\">Francis Desroches, VICE-PRESIDENT EX\u00c9CUTIF, SIR SOLUTIONS<\/li>\n<li class=\"MsoNormal\">Mathieu Le Reste, DIRECTEUR G\u00c9N\u00c9RAL, PROPULSO<\/li>\n<li class=\"MsoNormal\">Nicolas Dessureault, DIRECTEUR DES VENTES, PROPULSO<\/li>\n<li class=\"MsoNormal\">Eve Larriv\u00e9e, VICE-PR\u00c9SIDENTE, COMMERCE \u00c9LECTRONIQUE, SQDC<\/li>\n<li class=\"MsoNormal\">S\u00e9bastien Cyr, GESTIONNAIRE PRINCIPAL DES VENTES, POSTES CANADA<\/li>\n<li class=\"MsoNormal\">Isabelle Blondet-Gont\u00e9, RESPONSABLE DE L&#8217;ARCHITECTURE \/ CO-LEADER VISION STRAT\u00c9GIQUE 2030, D\u00c9CATHLON \u2013 RETAIL LAB<\/li>\n<li class=\"MsoNormal\">Ambroise Sen\u00e9e, LEADER LOGISTIQUE, D\u00c9CATHLON<\/li>\n<li class=\"MsoNormal\">Alexandre B\u00e9rub\u00e9, CONSEILLER-FORMATEUR, \u00c9COLE DES ENTREPRENEURS DU QU\u00c9BEC<\/li>\n<li class=\"MsoNormal\">Norman John H\u00e9bert, VICE-PR\u00c9SIDENT, CHEF DE L\u2019EXPLOITATION, GROUPE PARK AVENUE<\/li>\n<li class=\"MsoNormal\">Lara Siou\u00ef, FONDATRICE, ONQUATA<\/li>\n<li class=\"MsoNormal\">Rapha\u00eblle Langevin, FONDATRICE, MATSHESHU CR\u00c9ATIONS<\/li>\n<li class=\"MsoNormal\">H\u00e9l\u00e8ne B\u00e9gin, \u00c9CONOMISTE PRINCIPALE, MOUVEMENT DESJARDINS<\/li>\n<li class=\"MsoNormal\">Emna Braham, DIRECTRICE G\u00c9N\u00c9RALE, INSTITUT DU QU\u00c9BEC (IDQ)<\/li>\n<li class=\"MsoNormal\">Marc-Andr\u00e9 Lebeau, PDG, BICYCLES QUILICOT<\/li>\n<li class=\"MsoNormal\">Jean-Philippe Gauthier, DIRECTEUR, TRANSFORMATION NUM\u00c9RIQUE, GOOGLE, AMERICAS PLATFORM SOLUTIONS &amp; INNOVATIONS<\/li>\n<li class=\"MsoNormal\">St\u00e9phane Drouin, VICE-PR\u00c9SIDENT, ACHAT QU\u00c9B\u00c9COIS ET D\u00c9VELOPPEMENT \u00c9CONOMIQUE, INVESTISSEMENT QU\u00c9BEC<\/li>\n<li class=\"MsoNormal\">Adam T\u00e9treault, VICE-PR\u00c9SIDENT, VENTES ET PARTENARIATS, ASSOCI\u00c9, AGENDRIX<\/li>\n<li class=\"MsoNormal\">Lara May Viger, GESTIONNAIRE, RONA<\/li>\n<li class=\"MsoNormal\">Thavy Khamtan, LEADER EN COMMERCE UNIFI\u00c9, KPMG<\/li>\n<li class=\"MsoNormal\">M\u00e9lanie B\u00e9land, GESTIONNAIRE DU D\u00c9VELOPPEMENT DES AFFAIRES, ECOMMERCE, POSTES CANADA<\/li>\n<li class=\"MsoNormal\">Walter Lamothe, PR\u00c9SIDENT ET CHEF DE LA DIRECTION, BENTLEY &amp; CIE. LTD.<\/li>\n<li class=\"MsoNormal\">Michelle Bienvenue, GESTIONNAIRE DE MARQUE ET DES PARTENARIATS, EVIVE<\/li>\n<li class=\"MsoNormal\">David Alexandre Tanguay, ASSOCI\u00c9 ET VICE-PR\u00c9SIDENT, PLANIFICATION STRAT\u00c9GIQUE, MINIMAL<\/li>\n<li class=\"MsoNormal\">Natacha Beauchesne, COMMISSAIRE AU D\u00c9VELOPPEMENT \u00c9CONOMIQUE AU SERVICE DU D\u00c9VELOPPEMENT \u00c9CONOMIQUE, VILLE DE MONTR\u00c9AL<\/li>\n<li class=\"MsoNormal\">Sabrina Cholette, CONSEILL\u00c8RE \u2013 \u00c9CONOMIE CIRCULAIRE ET D\u00c9VELOPPEMENT DURABLE, SYNERGIE MONTR\u00c9AL<\/li>\n<li class=\"MsoNormal\">Farid Mheir, CONSULTANT EN TECHNOLOGIES NUM\u00c9RIQUES, ECOMMERCE, ARCHITECTE D&#8217;ENTREPRISE, FMCS.DIGITAL<\/li>\n<li class=\"MsoNormal\">Alexandre Desabrais, COFONDATEUR, SOLIOS<\/li>\n<li class=\"MsoNormal\">Marilou Alie, DIRECTRICE MARKETING, FANSLAB<\/li>\n<li class=\"MsoNormal\">St\u00e9phane Dumont, PR\u00c9SIDENT, FANSLAB<\/li>\n<li class=\"MsoNormal\">Manuel Champagne, DIRECTEUR G\u00c9N\u00c9RAL, D\u00c9TAIL QU\u00c9BEC<\/li>\n<li class=\"MsoNormal\">Jacques Gascon, ASSOCI\u00c9 ET CONSULTANT EN R\u00c9MUN\u00c9RATION, R\u00c9MUNIA INC.<\/li>\n<li class=\"MsoNormal\">Elfi Morin, DIRECTRICE G\u00c9N\u00c9RALE, LES PRODUITS DU QU\u00c9BEC<\/li>\n<li class=\"MsoNormal\">St\u00e9phane Berranger, DIRECTEUR MARKETING, GROUPE JEAN COUTU<\/li>\n<li class=\"MsoNormal\">Johnson Joseph, PDG, CUBELER<\/li>\n<li class=\"MsoNormal\">Roger Kamena, SCIENTIFIQUE DE DONN\u00c9ES PRINCIPAL \u2013 INNOVATION ET R&amp;D, ADVISO<\/li>\n<li class=\"MsoNormal\">Benjamin Guay-Marceau, DIRECTEUR R\u00c9GIONAL, DIALOG INSIGHT<\/li>\n<li class=\"MsoNormal\">\u00c9dith Tremblay, GESTIONNAIRE PRINCIPALE \u2013 COMMUNICATIONS PERSONNALIS\u00c9ES, METRO INC.<\/li>\n<li class=\"MsoNormal\">Connie Triassi, ING\u00c9NIEURE PRINCIPALE EN CHARGE DES SOLUTIONS, SALESFORCE<\/li>\n<\/ul>\n\n<\/div>\n        <\/div>\n    <\/main>\n                                <\/div>\n    <\/div>\n<\/section>\n\n\n    \n\n\n\n\n\n\n\n\n\n\n\n\n\n<section data-module='m03a' class=\"md:u-pt-fl m-content m-content--image-double    \" style=\"--container-width: 1200px; --module-background-color:var(--color-root-white); --pt-min-value:0; --pt-max-value:0;\">\n        <div class=\"l-container \" style=\"\" >\n        <div class=\"m-content__content u-pt-fl u-pb-fl u-px-fl u-text-[var(--module-text-color)] u-bg-[var(--module-background-color)]  \" style=\"--pt-min-value:7; --pt-max-value:10; --pb-min-value:7; --pb-max-value:10; --px-min-value:0; --px-max-value:0; \n                            \n         \n\n    \n    --module-text-color:var(--root-color); --module-subtitle-color:var(--root-color); --module-image-bg-pattern-color:var(--color-quaternary-500); --module-typography-ul-marker-color:var(--color-primary-500); --module-typography-link-color:var(--color-primary-500); --module-typography-link-hover-color:var(--color-primary-500); --module-legend-text-color:var(--color-primary-500);\n \">\n            \n                                            \n                \n\n\n\n\n\n\n\n\n\n\n\n\n<main class=\"l-grid      u-items-start  u-justify-start u-gap-y-fl u-text-left\" style=\"--gap-y-min-value:5; --gap-y-max-value:7; --grid-gutter:    \n                \n                \n    clamp(1.5000rem, 1.5000rem + 0vw, 1.5000rem)\n;\">\n                    <div class=\"l-grid__block\">\n            <h2 target class=\"c-title    c-title--300         u-mb-10\" style=\"--title-emphasis-color: var(--color-root-white);\">\n        Our partners and exhibitors\n            <\/h2>\n\n                                        \n\n\n\n\n\n\n\n\n\n\n\n\n<div class=\"c-typography  c-typography--paragraph-size\" style=\"--typography-paragraph-font-size: var(--font-size-180); --typography-max-width: 100%;\">\n    <p><b>Our exhibitors <\/b>: Agendrix, Axper, Cascades, C\u00e9gep Andr\u00e9 Laurendeau, Collabore, CPU, Cubeler, D\u00e9tail Qu\u00e9bec, Dialog Insight, Diego Caddys, Emprez, Envoi Qu\u00e9bec, Fanslab, HelloDarwin, Inno-Centre, Korem, Laval Innov, Le Panier Bleu, Les produits du Qu\u00e9bec, Le 4e Bac, Lidd, Mobico, Mobilus, Mon Commerce en ligne, Nationex, Novatize, Numea, Office qu\u00e9b\u00e9cois de la langue fran\u00e7aise, PenguinPickUp, PME MTL, Postes Canada, Propulso, Reebee, Sezzle, Sir Solutions, Sir Steward, Solutions Nexus mobile, Studio Rev\u00e9rb\u00e8re, TalkDesk, TC Transcontinental, Thinkmax, Tourisme Autochtone Qu\u00e9bec, V\u00e9lo Transit<\/p>\n<p>Our partners<\/p>\n<p><strong>Platinum partners\u00a0 : <\/strong>Gouvernement du Qu\u00e9bec, Fonds de solidarit\u00e9 FTQ, Groupe Altus, Le Panier Bleu, Les produits du Qu\u00e9bec, Orama Marketing, SidLee, Ville de Montr\u00e9al<\/p>\n<p><strong>Gold partners<\/strong> : Cascades, Fanslab, Inno-Centre, Korem, PME MTL, Postes Canada, Propulso, Sir Solutions, Studio R\u00e9verb\u00e8re, Thinkmax<\/p>\n<p><strong>Silver partners<\/strong> : Adviso, Minimal, Agendrix, Cubeler, Deloitte, Dialog Insight, \u00c9co Entreprises Qu\u00e9bec, Investissement Qu\u00e9bec, Loto-Qu\u00e9bec, Mon Commerce en ligne, PenguinPickUp, Postes Canada, Reebee, Solutions Nexus<\/p>\n<p><strong>Bronze partners<\/strong> : D\u00e9tail Qu\u00e9bec, Event&#8217;Nroll<\/p>\n<p><strong>Other partners<\/strong> : Centre Patronal SST, Coffrets Prestige, DeSerres, Desjardins, Emprez, Le Cercle Omer DeSerres, isarta, Jean Coutu, Mobilia, Moonset, Mmode, Premi\u00e8re Moisson, Semaine Mode de Montr\u00e9al.<\/p>\n<p><strong>Partners of the tribute evening event, La passion du d\u00e9tail<\/strong> : Canadian Tire et Nationex<\/p>\n<p><strong>Webinar partner<\/strong>\u00a0: Salesforce<\/p>\n<p>&nbsp;<\/p>\n\n<\/div>\n        <\/div>\n    <\/main>\n                                <\/div>\n    <\/div>\n<\/section>\n","protected":false},"excerpt":{"rendered":"","protected":false},"featured_media":2674,"template":"","event_type":[131],"mega_event_type":[],"mega_event_theme":[],"mega_event_location":[],"class_list":["post-2675","events","type-events","status-publish","has-post-thumbnail","hentry","event_type-trade-shows-and-events"],"acf":[],"yoast_head":"<!-- This site is optimized with the Yoast SEO plugin v27.2 - https:\/\/yoast.com\/product\/yoast-seo-wordpress\/ -->\n<title>TAG \u2013 A new perspective on today\u2019s retail business - Retail Council of Quebec<\/title>\n<meta name=\"description\" content=\"Discover the 2022 edition of the flagship event in the retail sector in Quebec!\" \/>\n<meta name=\"robots\" content=\"index, follow, max-snippet:-1, max-image-preview:large, max-video-preview:-1\" \/>\n<link rel=\"canonical\" href=\"https:\/\/www.cqcd.org\/en\/events\/tag-a-new-perspective-on-todays-retail-business\/\" \/>\n<meta property=\"og:locale\" content=\"en_US\" \/>\n<meta property=\"og:type\" content=\"article\" \/>\n<meta property=\"og:title\" content=\"TAG \u2013 A new perspective on today\u2019s retail business - Retail Council of Quebec\" \/>\n<meta property=\"og:description\" content=\"Discover the 2022 edition of the flagship event in the retail sector in Quebec!\" \/>\n<meta property=\"og:url\" content=\"https:\/\/www.cqcd.org\/en\/events\/tag-a-new-perspective-on-todays-retail-business\/\" \/>\n<meta property=\"og:site_name\" content=\"Conseil qu\u00e9b\u00e9cois du commerce de d\u00e9tail\" \/>\n<meta property=\"article:modified_time\" content=\"2024-08-21T21:52:30+00:00\" \/>\n<meta property=\"og:image\" content=\"https:\/\/www.cqcd.org\/wp-content\/uploads\/2024\/07\/TAG-2022.jpg\" \/>\n\t<meta property=\"og:image:width\" content=\"437\" \/>\n\t<meta property=\"og:image:height\" content=\"322\" \/>\n\t<meta property=\"og:image:type\" content=\"image\/jpeg\" \/>\n<meta name=\"twitter:card\" content=\"summary_large_image\" \/>\n<meta name=\"twitter:label1\" content=\"Est. reading time\" \/>\n\t<meta name=\"twitter:data1\" content=\"1 minute\" \/>\n<script type=\"application\/ld+json\" class=\"yoast-schema-graph\">{\"@context\":\"https:\/\/schema.org\",\"@graph\":[{\"@type\":\"WebPage\",\"@id\":\"https:\/\/www.cqcd.org\/en\/events\/tag-a-new-perspective-on-todays-retail-business\/\",\"url\":\"https:\/\/www.cqcd.org\/en\/events\/tag-a-new-perspective-on-todays-retail-business\/\",\"name\":\"TAG \u2013 A new perspective on today\u2019s retail business - Retail Council of Quebec\",\"isPartOf\":{\"@id\":\"https:\/\/www.cqcd.org\/en\/#website\"},\"primaryImageOfPage\":{\"@id\":\"https:\/\/www.cqcd.org\/en\/events\/tag-a-new-perspective-on-todays-retail-business\/#primaryimage\"},\"image\":{\"@id\":\"https:\/\/www.cqcd.org\/en\/events\/tag-a-new-perspective-on-todays-retail-business\/#primaryimage\"},\"thumbnailUrl\":\"https:\/\/www.cqcd.org\/wp-content\/uploads\/2024\/07\/TAG-2022.jpg\",\"datePublished\":\"2024-07-10T17:22:13+00:00\",\"dateModified\":\"2024-08-21T21:52:30+00:00\",\"description\":\"Discover the 2022 edition of the flagship event in the retail sector in Quebec!\",\"breadcrumb\":{\"@id\":\"https:\/\/www.cqcd.org\/en\/events\/tag-a-new-perspective-on-todays-retail-business\/#breadcrumb\"},\"inLanguage\":\"en-US\",\"potentialAction\":[{\"@type\":\"ReadAction\",\"target\":[\"https:\/\/www.cqcd.org\/en\/events\/tag-a-new-perspective-on-todays-retail-business\/\"]}]},{\"@type\":\"ImageObject\",\"inLanguage\":\"en-US\",\"@id\":\"https:\/\/www.cqcd.org\/en\/events\/tag-a-new-perspective-on-todays-retail-business\/#primaryimage\",\"url\":\"https:\/\/www.cqcd.org\/wp-content\/uploads\/2024\/07\/TAG-2022.jpg\",\"contentUrl\":\"https:\/\/www.cqcd.org\/wp-content\/uploads\/2024\/07\/TAG-2022.jpg\",\"width\":437,\"height\":322,\"caption\":\"TAG - Regard sur le commerce d'aujourd'hui 2022\"},{\"@type\":\"BreadcrumbList\",\"@id\":\"https:\/\/www.cqcd.org\/en\/events\/tag-a-new-perspective-on-todays-retail-business\/#breadcrumb\",\"itemListElement\":[{\"@type\":\"ListItem\",\"position\":1,\"name\":\"Accueil\",\"item\":\"https:\/\/www.cqcd.org\/en\/\"},{\"@type\":\"ListItem\",\"position\":2,\"name\":\"TAG \u2013 A new perspective on today\u2019s retail business\"}]},{\"@type\":\"WebSite\",\"@id\":\"https:\/\/www.cqcd.org\/en\/#website\",\"url\":\"https:\/\/www.cqcd.org\/en\/\",\"name\":\"Conseil qu\u00e9b\u00e9cois du commerce de d\u00e9tail\",\"description\":\"\",\"potentialAction\":[{\"@type\":\"SearchAction\",\"target\":{\"@type\":\"EntryPoint\",\"urlTemplate\":\"https:\/\/www.cqcd.org\/en\/?s={search_term_string}\"},\"query-input\":{\"@type\":\"PropertyValueSpecification\",\"valueRequired\":true,\"valueName\":\"search_term_string\"}}],\"inLanguage\":\"en-US\"}]}<\/script>\n<!-- \/ Yoast SEO plugin. -->","yoast_head_json":{"title":"TAG \u2013 A new perspective on today\u2019s retail business - Retail Council of Quebec","description":"Discover the 2022 edition of the flagship event in the retail sector in Quebec!","robots":{"index":"index","follow":"follow","max-snippet":"max-snippet:-1","max-image-preview":"max-image-preview:large","max-video-preview":"max-video-preview:-1"},"canonical":"https:\/\/www.cqcd.org\/en\/events\/tag-a-new-perspective-on-todays-retail-business\/","og_locale":"en_US","og_type":"article","og_title":"TAG \u2013 A new perspective on today\u2019s retail business - Retail Council of Quebec","og_description":"Discover the 2022 edition of the flagship event in the retail sector in Quebec!","og_url":"https:\/\/www.cqcd.org\/en\/events\/tag-a-new-perspective-on-todays-retail-business\/","og_site_name":"Conseil qu\u00e9b\u00e9cois du commerce de d\u00e9tail","article_modified_time":"2024-08-21T21:52:30+00:00","og_image":[{"width":437,"height":322,"url":"https:\/\/www.cqcd.org\/wp-content\/uploads\/2024\/07\/TAG-2022.jpg","type":"image\/jpeg"}],"twitter_card":"summary_large_image","twitter_misc":{"Est. reading time":"1 minute"},"schema":{"@context":"https:\/\/schema.org","@graph":[{"@type":"WebPage","@id":"https:\/\/www.cqcd.org\/en\/events\/tag-a-new-perspective-on-todays-retail-business\/","url":"https:\/\/www.cqcd.org\/en\/events\/tag-a-new-perspective-on-todays-retail-business\/","name":"TAG \u2013 A new perspective on today\u2019s retail business - Retail Council of Quebec","isPartOf":{"@id":"https:\/\/www.cqcd.org\/en\/#website"},"primaryImageOfPage":{"@id":"https:\/\/www.cqcd.org\/en\/events\/tag-a-new-perspective-on-todays-retail-business\/#primaryimage"},"image":{"@id":"https:\/\/www.cqcd.org\/en\/events\/tag-a-new-perspective-on-todays-retail-business\/#primaryimage"},"thumbnailUrl":"https:\/\/www.cqcd.org\/wp-content\/uploads\/2024\/07\/TAG-2022.jpg","datePublished":"2024-07-10T17:22:13+00:00","dateModified":"2024-08-21T21:52:30+00:00","description":"Discover the 2022 edition of the flagship event in the retail sector in Quebec!","breadcrumb":{"@id":"https:\/\/www.cqcd.org\/en\/events\/tag-a-new-perspective-on-todays-retail-business\/#breadcrumb"},"inLanguage":"en-US","potentialAction":[{"@type":"ReadAction","target":["https:\/\/www.cqcd.org\/en\/events\/tag-a-new-perspective-on-todays-retail-business\/"]}]},{"@type":"ImageObject","inLanguage":"en-US","@id":"https:\/\/www.cqcd.org\/en\/events\/tag-a-new-perspective-on-todays-retail-business\/#primaryimage","url":"https:\/\/www.cqcd.org\/wp-content\/uploads\/2024\/07\/TAG-2022.jpg","contentUrl":"https:\/\/www.cqcd.org\/wp-content\/uploads\/2024\/07\/TAG-2022.jpg","width":437,"height":322,"caption":"TAG - Regard sur le commerce d'aujourd'hui 2022"},{"@type":"BreadcrumbList","@id":"https:\/\/www.cqcd.org\/en\/events\/tag-a-new-perspective-on-todays-retail-business\/#breadcrumb","itemListElement":[{"@type":"ListItem","position":1,"name":"Accueil","item":"https:\/\/www.cqcd.org\/en\/"},{"@type":"ListItem","position":2,"name":"TAG \u2013 A new perspective on today\u2019s retail business"}]},{"@type":"WebSite","@id":"https:\/\/www.cqcd.org\/en\/#website","url":"https:\/\/www.cqcd.org\/en\/","name":"Conseil qu\u00e9b\u00e9cois du commerce de d\u00e9tail","description":"","potentialAction":[{"@type":"SearchAction","target":{"@type":"EntryPoint","urlTemplate":"https:\/\/www.cqcd.org\/en\/?s={search_term_string}"},"query-input":{"@type":"PropertyValueSpecification","valueRequired":true,"valueName":"search_term_string"}}],"inLanguage":"en-US"}]}},"_links":{"self":[{"href":"https:\/\/www.cqcd.org\/en\/wp-json\/wp\/v2\/events\/2675","targetHints":{"allow":["GET"]}}],"collection":[{"href":"https:\/\/www.cqcd.org\/en\/wp-json\/wp\/v2\/events"}],"about":[{"href":"https:\/\/www.cqcd.org\/en\/wp-json\/wp\/v2\/types\/events"}],"wp:featuredmedia":[{"embeddable":true,"href":"https:\/\/www.cqcd.org\/en\/wp-json\/wp\/v2\/media\/2674"}],"wp:attachment":[{"href":"https:\/\/www.cqcd.org\/en\/wp-json\/wp\/v2\/media?parent=2675"}],"wp:term":[{"taxonomy":"event_type","embeddable":true,"href":"https:\/\/www.cqcd.org\/en\/wp-json\/wp\/v2\/event_type?post=2675"},{"taxonomy":"mega_event_type","embeddable":true,"href":"https:\/\/www.cqcd.org\/en\/wp-json\/wp\/v2\/mega_event_type?post=2675"},{"taxonomy":"mega_event_theme","embeddable":true,"href":"https:\/\/www.cqcd.org\/en\/wp-json\/wp\/v2\/mega_event_theme?post=2675"},{"taxonomy":"mega_event_location","embeddable":true,"href":"https:\/\/www.cqcd.org\/en\/wp-json\/wp\/v2\/mega_event_location?post=2675"}],"curies":[{"name":"wp","href":"https:\/\/api.w.org\/{rel}","templated":true}]}}