{"id":11734,"date":"2024-07-03T13:52:03","date_gmt":"2024-07-03T17:52:03","guid":{"rendered":"https:\/\/www.cqcd.org\/repertoire-des-fournisseurs\/"},"modified":"2026-02-26T13:11:41","modified_gmt":"2026-02-26T18:11:41","slug":"directory-of-suppliers","status":"publish","type":"page","link":"https:\/\/www.cqcd.org\/en\/directory-of-suppliers\/","title":{"rendered":"Directory of Suppliers"},"content":{"rendered":"    \n\n\n\n\n\n\n\n\n\n\n\n\n\n<section data-module='m03a' class=\"md:u-pt-fl m-content m-content--image-double   u-bg-[var(--module-background-color)] \" style=\"--module-background-color:var(--color-root-white); --pt-min-value:0; --pt-max-value:0;\">\n        <div class=\"l-container \" style=\"\" >\n        <div class=\"m-content__content u-pt-fl u-pb-fl u-px-fl u-text-[var(--module-text-color)]   \" style=\"--pt-min-value:7; --pt-max-value:10; --pb-min-value:7; --pb-max-value:10; --px-min-value:0; --px-max-value:0; \n                            \n         \n\n    \n    --module-text-color:var(--root-color); --module-subtitle-color:var(--root-color); --module-image-bg-pattern-color:var(--color-quaternary-500); --module-typography-ul-marker-color:var(--color-primary-500); --module-typography-link-color:var(--color-primary-500); --module-typography-link-hover-color:var(--color-primary-500); --module-legend-text-color:var(--color-primary-500);\n \">\n            \n                                            \n                \n\n\n\n\n\n\n\n\n\n\n\n\n<main class=\"l-grid   l-grid--2@md   u-items-center  u-justify-start u-gap-y-fl u-text-left\" style=\"--gap-y-min-value:5; --gap-y-max-value:7; --grid-gutter:    \n                \n                \n    clamp(1.5000rem, 1.2727rem + 0.60606060606061vw, 2.0000rem)\n;\">\n                    <div class=\"l-grid__block\">\n            <picture     \n                        \n                                        \n                                            \n                                                                            \n                        \n     class=\"c-image   c-image-has-bg-pattern c-image-has-bg-pattern--right\" style=\"--border-radius: 8; --radius: 0; --image-bg-pattern-offset-amount:9; --image-bg-pattern-mobile-offset-amount:4.5; --image-bg-pattern-color:var(--color-quaternary-500);\"\n>\n    \n    \n    \n            <source\n            media=\"(min-width: 900px)\"\n            srcset=\"https:\/\/www.cqcd.org\/wp-content\/uploads\/2024\/07\/formation_detaillants-300x200-1.jpg\"\n            type=\"image\/jpeg\"\n        >\n            <source\n            media=\"(min-width: 800px)\"\n            srcset=\"https:\/\/www.cqcd.org\/wp-content\/uploads\/2024\/07\/formation_detaillants-300x200-1.jpg\"\n            type=\"image\/jpeg\"\n        >\n            <source\n            media=\"(min-width: 400px)\"\n            srcset=\"https:\/\/www.cqcd.org\/wp-content\/uploads\/2024\/07\/formation_detaillants-300x200-1.jpg\"\n            type=\"image\/jpeg\"\n        >\n        <img loading=\"lazy\" decoding=\"async\"     \n                        \n                                        \n                                            \n                                        \n                                            \n                                        \n                                            \n                                        \n                                            \n                                        \n                                                                    \n                                        \n                                            \n                                                                            \n                        \n     class=\"u-w-full u-h-auto\" src=\"https:\/\/www.cqcd.org\/wp-content\/uploads\/2024\/07\/formation_detaillants-300x200-1.jpg\" alt width=\"300\" height=\"200\" fetchpriority=\"auto\" style=\"\"\n\/>\n\n    <\/picture>\n        <\/div>\n                    <div class=\"l-grid__block\">\n            <div class=\"c-subtitle u-text-[var(--module-subtitle-color)] u-mb-4 u-text-140 u-font-semibold u-font-secondary\" >\n        Partnerships that contribute to your business&#8217; growth!\n    <\/div>\n\n    <h2 target class=\"c-title    c-title--300\" style=\"--title-emphasis-color: var(--color-root-white);\">\n        Directory of Suppliers for retailers!\n            <\/h2>\n\n                                        \n\n\n\n\n\n\n\n\n\n\n\n\n<div class=\"c-typography  u-mt-6 c-typography--paragraph-size\" style=\"--typography-paragraph-font-size: var(--font-size-180); --typography-max-width: 100%;\">\n    <p class=\"MsoNormal\">The Retail Council of Quebec (RCQ) is pleased to present its Directory of Suppliers providing solutions and services for retail businesses. These companies and organizations are allies dedicated to helping you grow your retail business, regardless of your size and current stage of development.<\/p>\n\n<\/div>\n        <\/div>\n    <\/main>\n                                <\/div>\n    <\/div>\n<\/section>\n\n\n    \n\n\n\n\n\n\n\n\n<section class=\"m-accordion u-pt-fl u-pb-fl u-bg-[var(--module-background-color)] u-text-[var(--module-text-color)]\" data-module='m06' aria-busy=\"true\" style=\"--container-width: 1144px;; --pt-min-value: 7; --pt-max-value: 10; --pb-min-value: 7; --pb-max-value: 10; --module-background-color: transparent; --module-text-color: var(--root-color)\">\n    <div class=\"l-container\">\n                    \n            \n\n\n\n\n\n\n\n<header class=\"m-module-header u-pt-fl u-pb-fl u-flex u-flex-col  u-items-start u-justify-start u-gap-[var(--module-header-gap)] u-bg-[var(--module-background-color)] u-text-[var(--module-text-color)] u-text-center\" style=\"--module-header-gap: calc(var(--root-baseline) * 3); --module-background-color: transparent; --module-text-color: currentColor; --pt-min-value: 0; --pt-max-value: 0; --pb-min-value: 5; --pb-max-value: 9;\">\n    <div class=\"m-module-header__header\">\n                    \n\n\n\n\n\n\n    \n\n\n\n\n\n\n    <h2 target class=\"c-title    c-title--300         m-module-header__title\" style=\"--title-emphasis-color: var(--color-root-white);\">\n        <p style=\"color:#122fd8\";>Exclusive offers for retailer members of the&nbsp;RCQ<\/p>\n            <\/h2>\n\n                    <\/div>\n        <\/header>\n                \n\n\n\n\n\n\n\n\n\n\n<div class=\"c-accordion u-gap-[var(--accordion-gap)]\" data-toggler='{\"alwaysOneOpen\":false,\"ariaExpanded\":true,\"ariaControls\":true,\"expander\":false,\"onlyOneOpen\":true,\"scrollTo\":true,\"slug\":false}' aria-busy=\"true\" style=\"--accordion-gap: calc(var(--root-baseline) * 2);\">\n            <div class=\"c-accordion__element\">\n            <div class=\"c-accordion__trigger\"\n                role=\"button\"\n                data-toggler-trigger='{\n                    \"name\": \"c06-item-1\"\n                }'\n            >\n                                    \n\n\n\n\n\n\n    \n\n\n\n\n\n\n    <h4 target class=\"c-title             c-accordion__trigger-title\" style=\"--title-emphasis-color: var(--color-root-white);\">\n        <img decoding=\"async\" src=\"https:\/\/www.cqcd.org\/wp-content\/uploads\/2025\/05\/CS-Paiement-Repertoire-fournisseurs-CQCD-2.png\" alt=\"\" \/> <br> <p style=\"color:#000000\";>CS Paiement | Solutions de paiement <\/p><br> <p style=\"color:#122fd8\";>*Enjoy an exclusive interchange rate of 0.12%, a 90-day trial period, and much more!<\/p>\n            <\/h4>\n\n                                <div class=\"c-accordion__icon\" aria-hidden>\n                    \n\n\n\n\n\n\n\n    <svg class=\"icons icons--circle-angle-down\"  aria-hidden=\"true\">\n                <use href=\"\/wp-content\/themes\/globalia-theme\/dist\/icons\/icon-system.svg#circle-angle-down\"><\/use>\n    <\/svg>\n                <\/div>\n            <\/div>\n\n            <div class=\"c-accordion__target\"\n                data-toggler-target='{\n                    \"name\": \"c06-item-1\"\n                }'\n            >\n                <div class=\"c-accordion__content\">\n                                            \n\n\n\n\n\n\n\n\n\n\n\n\n<div class=\"l-grid      u-items-start  u-justify-start u-gap-y-fl\" style=\"--gap-y-min-value:5; --gap-y-max-value:7; --grid-gutter:    \n                \n                \n    clamp(1.5000rem, 1.5000rem + 0vw, 1.5000rem)\n;\">\n                    <div class=\"l-grid__block\">\n            <div class=\"c-typography\" style=\"--typography-max-width: 100%;\">\n    <p>Nous sommes fiers d\u2019offrir un service personnalis\u00e9 unique et la meilleure technologie de paiement par cartes. Acceptez d\u00e8s maintenant Visa, MasterCard, Interac et autres aux meilleurs taux n\u00e9goci\u00e9s pour les membres de le CQCD. D\u00e9p\u00f4ts d\u2019argent faits le lendemain matin dans votre compte, peu importe votre banque.<\/p>\n<p><strong>Rabais exclusif aux d\u00e9taillants membres du CQCD : profitez d&#8217;un 90 jours d\u2019essai!<\/strong><\/p>\n<p>\u260e 1 888 906-9906 #221<br \/>\n\u2709 <a href=\"mailto:associations@cspaiement.com\" target=\"_blank\" rel=\"noopener\">associations@cspaiement.com<\/a><\/p>\n<ul>\n<li><strong><a href=\"https:\/\/cspaiement.com\/CQCD\/\" target=\"_blank\" rel=\"noopener\">D\u00e9couvrez l&#8217;offre exclusive de CS Paiement pour les membres du CQCD!<\/a><\/strong><\/li>\n<\/ul>\n\n<\/div>\n        <\/div>\n    <\/div>\n                                    <\/div>\n            <\/div>\n        <\/div>\n            <div class=\"c-accordion__element\">\n            <div class=\"c-accordion__trigger\"\n                role=\"button\"\n                data-toggler-trigger='{\n                    \"name\": \"c06-item-2\"\n                }'\n            >\n                                    \n\n\n\n\n\n\n    \n\n\n\n\n\n\n    <h4 target class=\"c-title             c-accordion__trigger-title\" style=\"--title-emphasis-color: var(--color-root-white);\">\n        <img decoding=\"async\" src=\"https:\/\/www.cqcd.org\/wp-content\/uploads\/2025\/09\/Descormiers-Logo-Repertoire-fournisseurs-CQCD.png\" alt=\"\" \/> <br> Descormiers | Technology &#038; HR Consulting <\/p><br> <p style=\"color:#122fd8\";>*Exclusive discount of 30 to 40% on the compliance advisory services regarding Loi 27.<\/p>\n            <\/h4>\n\n                                <div class=\"c-accordion__icon\" aria-hidden>\n                    \n\n\n\n\n\n\n\n    <svg class=\"icons icons--circle-angle-down\"  aria-hidden=\"true\">\n                <use href=\"\/wp-content\/themes\/globalia-theme\/dist\/icons\/icon-system.svg#circle-angle-down\"><\/use>\n    <\/svg>\n                <\/div>\n            <\/div>\n\n            <div class=\"c-accordion__target\"\n                data-toggler-target='{\n                    \"name\": \"c06-item-2\"\n                }'\n            >\n                <div class=\"c-accordion__content\">\n                                            \n\n\n\n\n\n\n\n\n\n\n\n\n<div class=\"l-grid      u-items-start  u-justify-start u-gap-y-fl\" style=\"--gap-y-min-value:5; --gap-y-max-value:7; --grid-gutter:    \n                \n                \n    clamp(1.5000rem, 1.5000rem + 0vw, 1.5000rem)\n;\">\n                    <div class=\"l-grid__block\">\n            <div class=\"c-typography\" style=\"--typography-max-width: 100%;\">\n    <p>Descormiers supports businesses and HR teams with customized solutions that adapt to their unique context and priorities.<\/p>\n<ul>\n<li>HR Surveys &amp; Engagement: gain insights into employee satisfaction, measure engagement, and identify organizational climate challenges.<\/li>\n<li>Compliance with Law 27: turnkey support to assess psychosocial risks and implement action plans that meet CNESST requirements.<\/li>\n<li>Strategic Planning &amp; Dashboards: align objectives, prioritize HR actions, and strengthen decision-making with reliable data.<\/li>\n<li>Recognition Culture: implement simple and effective practices that foster retention, motivation, and employee well-being.<\/li>\n<\/ul>\n<p>With a human-centered and data-driven approach, Descormiers helps organizations turn HR challenges into drivers of performance and growth.<\/p>\n<p><strong>RCQ members<\/strong> benefit from an <strong>exclusive discount of 30 to 40% on our compliance advisory services regarding <em>la Loi 27<\/em><\/strong>. A turnkey solution that includes psychosocial risk and engagement assessment, team support, and the implementation of measures to easily meet CNESST requirements.<\/p>\n<p>\u2709\u00a0<a href=\"mailto:info@descormiers.com\" target=\"_blank\" rel=\"noopener\"><span style=\"white-space: normal;\">info@descormiers.com<\/span><\/a><\/p>\n<ul>\n<li><a href=\"https:\/\/www.descormiers.com\/\" target=\"_blank\" rel=\"noopener\">See website<\/a><\/li>\n<\/ul>\n\n<\/div>\n        <\/div>\n    <\/div>\n                                    <\/div>\n            <\/div>\n        <\/div>\n    <\/div>\n            <\/div>\n<\/section>\n\n\n    \n\n\n\n\n\n\n\n\n\n\n\n\n\n<section data-module='m03a' class=\"md:u-pt-fl m-content m-content--image-double   u-bg-[var(--module-background-color)] \" style=\"--module-background-color:var(--color-root-white); --pt-min-value:0; --pt-max-value:0;\">\n        <div class=\"l-container \" style=\"\" >\n        <div class=\"m-content__content u-pt-fl u-pb-fl u-px-fl u-text-[var(--module-text-color)]   \" style=\"--pt-min-value:7; --pt-max-value:10; --pb-min-value:7; --pb-max-value:10; --px-min-value:0; --px-max-value:0; \n                            \n         \n\n    \n    --module-text-color:var(--root-color); --module-subtitle-color:var(--root-color); --module-image-bg-pattern-color:var(--color-quaternary-500); --module-typography-ul-marker-color:var(--color-primary-500); --module-typography-link-color:var(--color-primary-500); --module-typography-link-hover-color:var(--color-primary-500); --module-legend-text-color:var(--color-primary-500);\n \">\n            \n                                            \n                \n\n\n\n\n\n\n\n\n\n\n\n\n<main class=\"l-grid   l-grid--2@md   u-items-center  u-justify-start u-gap-y-fl u-text-left  md:u-flex-row-reverse\" style=\"--gap-y-min-value:5; --gap-y-max-value:7; --grid-gutter:    \n                \n                \n    clamp(1.5000rem, 1.2727rem + 0.60606060606061vw, 2.0000rem)\n;\">\n                    <div class=\"l-grid__block\">\n            <picture     \n                        \n                                        \n                                            \n                                                                            \n                        \n     class=\"c-image   c-image-has-bg-pattern c-image-has-bg-pattern--right\" style=\"--border-radius: 8; --radius: 0; --image-bg-pattern-offset-amount:9; --image-bg-pattern-mobile-offset-amount:4.5; --image-bg-pattern-color:var(--color-quaternary-500);\"\n>\n    \n    \n    \n            <source\n            media=\"(min-width: 900px)\"\n            srcset=\"https:\/\/www.cqcd.org\/wp-content\/uploads\/2026\/01\/HOP-2026-Site-Web-tuile-evenement-437x322-4.png\"\n            type=\"image\/png\"\n        >\n            <source\n            media=\"(min-width: 800px)\"\n            srcset=\"https:\/\/www.cqcd.org\/wp-content\/uploads\/2026\/01\/HOP-2026-Site-Web-tuile-evenement-437x322-4.png\"\n            type=\"image\/png\"\n        >\n            <source\n            media=\"(min-width: 400px)\"\n            srcset=\"https:\/\/www.cqcd.org\/wp-content\/uploads\/2026\/01\/HOP-2026-Site-Web-tuile-evenement-437x322-4-400x300.png\"\n            type=\"image\/png\"\n        >\n        <img loading=\"lazy\" decoding=\"async\"     \n                        \n                                        \n                                            \n                                        \n                                            \n                                        \n                                            \n                                        \n                                            \n                                        \n                                                                    \n                                        \n                                            \n                                                                            \n                        \n     class=\"u-w-full u-h-auto\" src=\"https:\/\/www.cqcd.org\/wp-content\/uploads\/2026\/01\/HOP-2026-Site-Web-tuile-evenement-437x322-4.png\" alt width=\"437\" height=\"322\" fetchpriority=\"auto\" style=\"\"\n\/>\n\n    <\/picture>\n        <\/div>\n                    <div class=\"l-grid__block\">\n            <div class=\"c-subtitle u-text-[var(--module-subtitle-color)] u-mb-4 u-text-140 u-font-semibold u-font-secondary\" >\n        Hop! The Retail Summit\n    <\/div>\n\n    <h2 target class=\"c-title    c-title--300\" style=\"--title-emphasis-color: var(--color-root-white);\">\n        Exclusive offer for new retail members\n            <\/h2>\n\n                                        \n\n\n\n\n\n\n\n\n\n\n\n\n<div class=\"c-typography  u-mt-6 c-typography--paragraph-size\" style=\"--typography-paragraph-font-size: var(--font-size-180); --typography-max-width: 100%;\">\n    <p>Become a member of the RCQ today and get <strong>a free ticket* for the <a href=\"https:\/\/www.cqcd.org\/en\/mega-events\/hop-the-retail-summit-2026\/\" target=\"_blank\" rel=\"noopener\">2026 edition of Hop! The Retail Summit<\/a><\/strong>, which will take place on<strong> October 27<\/strong> at the <strong>Port of Montreal\u2019s Grand Quay<\/strong>.<\/p>\n<p>By joining the RCQ&#8217;s community, your business will also have access an a wide range of exclusive benefits and discounts reserved for members! To learn more, <strong><a href=\"https:\/\/www.cqcd.org\/en\/become-a-member\/\" target=\"_blank\" rel=\"noopener\">CLICK HERE<\/a><\/strong>.<\/p>\n<p><em>*This offer is exclusive to retailers.<\/em><\/p>\n\n<\/div>\n                                        \n\n\n\n\n\n\n\n\n\n\n\n            \n<div class=\"c-actions u-mt-fl\" style=\"--mt-min-value: 4; --mt-max-value: 7; --actions-gap: calc(var(--root-baseline) * 3); --actions-mobile-gap: calc(var(--root-baseline) * 3); --actions-nb: 1;\">\n        <div class=\"c-actions__wrapper  u-flex-row u-items-center u-justify-start\">\n                    \n                \n                                \n                \n                \n\n\n\n\n    \n\n\n\n\n<a href=\"https:\/\/www.cqcd.org\/en\/become-a-member-today\/\" target=\"_blank\" class=\"c-btn c-btn--primary-500      c-btn--fade\">\n                    <span>Become a member today!<\/span>\n                <\/a>\n                        <\/div>\n<\/div>\n        <\/div>\n    <\/main>\n                                <\/div>\n    <\/div>\n<\/section>\n\n\n    \n\n\n\n\n\n\n\n\n\n\n\n\n\n<section data-module='m03a' class=\"md:u-pt-fl m-content m-content--image-double    \" style=\"--container-width: 1200px; --module-background-color:var(--color-root-white); --pt-min-value:0; --pt-max-value:0;\">\n        <div class=\"l-container \" style=\"\" >\n        <div class=\"m-content__content u-pt-fl u-pb-fl u-px-fl u-text-[var(--module-text-color)] u-bg-[var(--module-background-color)]  \" style=\"--pt-min-value:7; --pt-max-value:10; --pb-min-value:7; --pb-max-value:10; --px-min-value:0; --px-max-value:0; \n                            \n         \n\n    \n    --module-text-color:var(--root-color); --module-subtitle-color:var(--root-color); --module-image-bg-pattern-color:var(--color-quaternary-500); --module-typography-ul-marker-color:var(--color-primary-500); --module-typography-link-color:var(--color-primary-500); --module-typography-link-hover-color:var(--color-primary-500); --module-legend-text-color:var(--color-primary-500);\n \">\n            \n                                            \n                \n\n\n\n\n\n\n\n\n\n\n\n\n<main class=\"l-grid      u-items-start  u-justify-start u-gap-y-fl u-text-left\" style=\"--gap-y-min-value:5; --gap-y-max-value:7; --grid-gutter:    \n                \n                \n    clamp(1.5000rem, 1.5000rem + 0vw, 1.5000rem)\n;\">\n                    <div class=\"l-grid__block\">\n            <h2 target class=\"c-title    c-title--300         u-mb-10\" style=\"--title-emphasis-color: var(--color-root-white);\">\n        <p style=\"color: #ff9239; text-align: center;\">Directory of Suppliers for&nbsp;retailers<\/p>\n            <\/h2>\n\n                                        \n\n\n\n\n\n\n\n\n\n\n\n\n<div class=\"c-typography  c-typography--paragraph-size\" style=\"--typography-paragraph-font-size: var(--font-size-180); --typography-max-width: 100%;\">\n    \n<\/div>\n        <\/div>\n    <\/main>\n                                <\/div>\n    <\/div>\n<\/section>\n\n\n    \n\n\n\n\n\n\n\n\n<section class=\"m-accordion u-pt-fl u-pb-fl u-bg-[var(--module-background-color)] u-text-[var(--module-text-color)]\" data-module='m06' aria-busy=\"true\" style=\"--container-width: 1144px;; --pt-min-value: 7; --pt-max-value: 10; --pb-min-value: 7; --pb-max-value: 10; --module-background-color: transparent; --module-text-color: var(--root-color)\">\n    <div class=\"l-container\">\n                    \n            \n\n\n\n\n\n\n\n<header class=\"m-module-header u-pt-fl u-pb-fl u-flex u-flex-col  u-items-start u-justify-start u-gap-[var(--module-header-gap)] u-bg-[var(--module-background-color)] u-text-[var(--module-text-color)] u-text-center\" style=\"--module-header-gap: calc(var(--root-baseline) * 3); --module-background-color: transparent; --module-text-color: currentColor; --pt-min-value: 0; --pt-max-value: 0; --pb-min-value: 5; --pb-max-value: 9;\">\n    <div class=\"m-module-header__header\">\n                    \n\n\n\n\n\n\n    \n\n\n\n\n\n\n    <h2 target class=\"c-title    c-title--300         m-module-header__title\" style=\"--title-emphasis-color: var(--color-root-white);\">\n        Law Firms\n            <\/h2>\n\n                    <\/div>\n        <\/header>\n                \n\n\n\n\n\n\n\n\n\n\n<div class=\"c-accordion u-gap-[var(--accordion-gap)]\" data-toggler='{\"alwaysOneOpen\":false,\"ariaExpanded\":true,\"ariaControls\":true,\"expander\":false,\"onlyOneOpen\":true,\"scrollTo\":true,\"slug\":false}' aria-busy=\"true\" style=\"--accordion-gap: calc(var(--root-baseline) * 2);\">\n            <div class=\"c-accordion__element\">\n            <div class=\"c-accordion__trigger\"\n                role=\"button\"\n                data-toggler-trigger='{\n                    \"name\": \"c06-item-1\"\n                }'\n            >\n                                    \n\n\n\n\n\n\n    \n\n\n\n\n\n\n    <h4 target class=\"c-title             c-accordion__trigger-title\" style=\"--title-emphasis-color: var(--color-root-white);\">\n        <img decoding=\"async\" src=\"https:\/\/www.cqcd.org\/wp-content\/uploads\/2025\/05\/Immetis-Repertoire-fournisseurs-CQCD-1-1.png\" \/> <br> Imm\u00e9tis | Immigration d\u2019affaires et mobilit\u00e9 professionnelle\n            <\/h4>\n\n                                <div class=\"c-accordion__icon\" aria-hidden>\n                    \n\n\n\n\n\n\n\n    <svg class=\"icons icons--circle-angle-down\"  aria-hidden=\"true\">\n                <use href=\"\/wp-content\/themes\/globalia-theme\/dist\/icons\/icon-system.svg#circle-angle-down\"><\/use>\n    <\/svg>\n                <\/div>\n            <\/div>\n\n            <div class=\"c-accordion__target\"\n                data-toggler-target='{\n                    \"name\": \"c06-item-1\"\n                }'\n            >\n                <div class=\"c-accordion__content\">\n                                            \n\n\n\n\n\n\n\n\n\n\n\n\n<div class=\"l-grid      u-items-start  u-justify-start u-gap-y-fl\" style=\"--gap-y-min-value:5; --gap-y-max-value:7; --grid-gutter:    \n                \n                \n    clamp(1.5000rem, 1.5000rem + 0vw, 1.5000rem)\n;\">\n                    <div class=\"l-grid__block\">\n            <div class=\"c-typography\" style=\"--typography-max-width: 100%;\">\n    <p>Largement reconnu et r\u00e9put\u00e9, Imm\u00e9tis dessert une large client\u00e8le d\u2019entreprises qu\u00e9b\u00e9coises et de grands groupes \u00e9trangers implant\u00e9s au Canada pour tous leurs enjeux de mobilit\u00e9 internationale.<\/p>\n<p>Le cabinet d&#8217;avocats les accompagne dans la d\u00e9finition et le d\u00e9ploiement des meilleures strat\u00e9gies d\u2019immigration, ainsi que dans la pr\u00e9paration cl\u00e9 en main des demandes de visas et permis de travail, de statut pour les proches ou pour toute question de conformit\u00e9 r\u00e9glementaire. Imm\u00e9tis exploite \u00e9galement le site d\u2019emploi <a href=\"http:\/\/Immijob.com\" target=\"_blank\" rel=\"noopener\">Immijob.com<\/a>, r\u00e9pondant aux besoins des organisations en recherche de main-d\u2019\u0153uvre, qui recense aujourd\u2019hui plus de 32 000 profils de travailleurs \u00e9trangers, pr\u00eats \u00e0 s\u2019installer au Canada.<\/p>\n<ul>\n<li><strong><a href=\"https:\/\/immetis.com\/\" target=\"_blank\" rel=\"noopener\">Voir le site Web<\/a><\/strong><\/li>\n<\/ul>\n\n<\/div>\n        <\/div>\n    <\/div>\n                                    <\/div>\n            <\/div>\n        <\/div>\n    <\/div>\n            <\/div>\n<\/section>\n\n\n    \n\n\n\n\n\n\n\n\n<section class=\"m-accordion u-pt-fl u-pb-fl u-bg-[var(--module-background-color)] u-text-[var(--module-text-color)]\" data-module='m06' aria-busy=\"true\" style=\"--container-width: 1144px;; --pt-min-value: 7; --pt-max-value: 10; --pb-min-value: 7; --pb-max-value: 10; --module-background-color: transparent; --module-text-color: var(--root-color)\">\n    <div class=\"l-container\">\n                    \n            \n\n\n\n\n\n\n\n<header class=\"m-module-header u-pt-fl u-pb-fl u-flex u-flex-col  u-items-start u-justify-start u-gap-[var(--module-header-gap)] u-bg-[var(--module-background-color)] u-text-[var(--module-text-color)] u-text-center\" style=\"--module-header-gap: calc(var(--root-baseline) * 3); --module-background-color: transparent; --module-text-color: currentColor; --pt-min-value: 0; --pt-max-value: 0; --pb-min-value: 5; --pb-max-value: 9;\">\n    <div class=\"m-module-header__header\">\n                    \n\n\n\n\n\n\n    \n\n\n\n\n\n\n    <h2 target class=\"c-title    c-title--300         m-module-header__title\" style=\"--title-emphasis-color: var(--color-root-white);\">\n        Real Estate\n            <\/h2>\n\n                    <\/div>\n        <\/header>\n                \n\n\n\n\n\n\n\n\n\n\n<div class=\"c-accordion u-gap-[var(--accordion-gap)]\" data-toggler='{\"alwaysOneOpen\":false,\"ariaExpanded\":true,\"ariaControls\":true,\"expander\":false,\"onlyOneOpen\":true,\"scrollTo\":true,\"slug\":false}' aria-busy=\"true\" style=\"--accordion-gap: calc(var(--root-baseline) * 2);\">\n            <div class=\"c-accordion__element\">\n            <div class=\"c-accordion__trigger\"\n                role=\"button\"\n                data-toggler-trigger='{\n                    \"name\": \"c06-item-1\"\n                }'\n            >\n                                    \n\n\n\n\n\n\n    \n\n\n\n\n\n\n    <h4 target class=\"c-title             c-accordion__trigger-title\" style=\"--title-emphasis-color: var(--color-root-white);\">\n        <img decoding=\"async\" src=\"https:\/\/www.cqcd.org\/wp-content\/uploads\/2025\/05\/Les-Galeries-de-La-Capitale-Repertoire-fournisseurs-CQCD.png\" alt=\"\" \/> <br> Les Galeries de la Capitale | Qu\u00e9bec\n            <\/h4>\n\n                                <div class=\"c-accordion__icon\" aria-hidden>\n                    \n\n\n\n\n\n\n\n    <svg class=\"icons icons--circle-angle-down\"  aria-hidden=\"true\">\n                <use href=\"\/wp-content\/themes\/globalia-theme\/dist\/icons\/icon-system.svg#circle-angle-down\"><\/use>\n    <\/svg>\n                <\/div>\n            <\/div>\n\n            <div class=\"c-accordion__target\"\n                data-toggler-target='{\n                    \"name\": \"c06-item-1\"\n                }'\n            >\n                <div class=\"c-accordion__content\">\n                                            \n\n\n\n\n\n\n\n\n\n\n\n\n<div class=\"l-grid      u-items-start  u-justify-start u-gap-y-fl\" style=\"--gap-y-min-value:5; --gap-y-max-value:7; --grid-gutter:    \n                \n                \n    clamp(1.5000rem, 1.5000rem + 0vw, 1.5000rem)\n;\">\n                    <div class=\"l-grid__block\">\n            <div class=\"c-typography\" style=\"--typography-max-width: 100%;\">\n    <p>Les Galeries de la Capitale est l\u2019un des plus grands complexes commerciaux de tout l&#8217;Est canadien avec plus de 1 million de pieds carr\u00e9s de surface, de m\u00eame que le plus fr\u00e9quent\u00e9 de la r\u00e9gion. Le centre comprend de nombreuses boutiques, dont Nike, H&amp;M, L\u2019Occitane, Sephora et Simons, une aire de restauration vari\u00e9e, le plus grand \u00e9cran IMAX au pays ainsi que l&#8217;immense parc d&#8217;attractions int\u00e9rieur qu&#8217;est le M\u00e9ga Parc.<\/p>\n<p>Les Galeries de la Capitale, la destination shopping et divertissement \u00e0 Qu\u00e9bec!<\/p>\n<ul>\n<li><strong><a href=\"https:\/\/galeriesdelacapitale.com\/\" target=\"_blank\" rel=\"noopener\">Voir le site Web<\/a><\/strong><\/li>\n<\/ul>\n\n<\/div>\n        <\/div>\n    <\/div>\n                                    <\/div>\n            <\/div>\n        <\/div>\n            <div class=\"c-accordion__element\">\n            <div class=\"c-accordion__trigger\"\n                role=\"button\"\n                data-toggler-trigger='{\n                    \"name\": \"c06-item-2\"\n                }'\n            >\n                                    \n\n\n\n\n\n\n    \n\n\n\n\n\n\n    <h4 target class=\"c-title             c-accordion__trigger-title\" style=\"--title-emphasis-color: var(--color-root-white);\">\n        <img decoding=\"async\" src=\"https:\/\/www.cqcd.org\/wp-content\/uploads\/2025\/05\/Les-Galeries-Montagnaisses-Repertoire-fournisseurs-CQCD.png\" alt=\"\" \/> <br> Les Galeries Montagnaisses | Sept-\u00celes\n            <\/h4>\n\n                                <div class=\"c-accordion__icon\" aria-hidden>\n                    \n\n\n\n\n\n\n\n    <svg class=\"icons icons--circle-angle-down\"  aria-hidden=\"true\">\n                <use href=\"\/wp-content\/themes\/globalia-theme\/dist\/icons\/icon-system.svg#circle-angle-down\"><\/use>\n    <\/svg>\n                <\/div>\n            <\/div>\n\n            <div class=\"c-accordion__target\"\n                data-toggler-target='{\n                    \"name\": \"c06-item-2\"\n                }'\n            >\n                <div class=\"c-accordion__content\">\n                                            \n\n\n\n\n\n\n\n\n\n\n\n\n<div class=\"l-grid      u-items-start  u-justify-start u-gap-y-fl\" style=\"--gap-y-min-value:5; --gap-y-max-value:7; --grid-gutter:    \n                \n                \n    clamp(1.5000rem, 1.5000rem + 0vw, 1.5000rem)\n;\">\n                    <div class=\"l-grid__block\">\n            <div class=\"c-typography\" style=\"--typography-max-width: 100%;\">\n    <p>Les Galeries Montagnaises est le premier centre commercial d\u00e9velopp\u00e9 et administr\u00e9 par une communaut\u00e9 autochtone au Canada. Inaugur\u00e9 en 1976, le mail a r\u00e9cemment \u00e9t\u00e9 enti\u00e8rement r\u00e9nov\u00e9 en lui donnant son cachet innu qui lui revient.<\/p>\n<p>Avec un volume de ventes annuelles de pr\u00e8s de 90 millions et comptant parmi ses locataires des d\u00e9taillants majeurs, il s\u2019agit d\u2019un p\u00f4le \u00e9conomique d\u2019envergure pour les communaut\u00e9s du Nord et de l\u2019Est-du Qu\u00e9bec.<\/p>\n<p>LGM propose 265 000 pi<sup>2<\/sup> d\u2019espaces locatifs, 1400 espaces de stationnement et peut accueillir jusqu\u2019\u00e0 1500 personnes.<\/p>\n<p>Bien plus qu\u2019un centre commercial, LGM se veut un lieu de rassemblement interculturel, un endroit anim\u00e9 o\u00f9 se d\u00e9roulent de nombreux \u00e9v\u00e9nements \u00e0 grand d\u00e9ploiement.<\/p>\n<p>Fond\u00e9 en 1976, LGM a fait l\u2019objet d\u2019une m\u00e9tamorphose \u00e0 l\u2019int\u00e9rieur de son mail en 2010 au co\u00fbt approximatif de 2,5 millions de dollars. Le d\u00e9cor est inspir\u00e9 de la culture et des traditions autochtones. L\u2019ext\u00e9rieur a \u00e9t\u00e9 modernis\u00e9 en 2013 au co\u00fbt de 1,5 millions de dollars.<\/p>\n<ul>\n<li><a href=\"http:\/\/galeriesmontagnaises.com\" target=\"_blank\" rel=\"noopener\">Voir le site Web<\/a><\/li>\n<\/ul>\n\n<\/div>\n        <\/div>\n    <\/div>\n                                    <\/div>\n            <\/div>\n        <\/div>\n    <\/div>\n            <\/div>\n<\/section>\n\n\n    \n\n\n\n\n\n\n\n\n<section class=\"m-accordion u-pt-fl u-pb-fl u-bg-[var(--module-background-color)] u-text-[var(--module-text-color)]\" data-module='m06' aria-busy=\"true\" style=\"--container-width: 1144px;; --pt-min-value: 7; --pt-max-value: 10; --pb-min-value: 7; --pb-max-value: 10; --module-background-color: transparent; --module-text-color: var(--root-color)\">\n    <div class=\"l-container\">\n                    \n            \n\n\n\n\n\n\n\n<header class=\"m-module-header u-pt-fl u-pb-fl u-flex u-flex-col  u-items-start u-justify-start u-gap-[var(--module-header-gap)] u-bg-[var(--module-background-color)] u-text-[var(--module-text-color)] u-text-center\" style=\"--module-header-gap: calc(var(--root-baseline) * 3); --module-background-color: transparent; --module-text-color: currentColor; --pt-min-value: 0; --pt-max-value: 0; --pb-min-value: 5; --pb-max-value: 9;\">\n    <div class=\"m-module-header__header\">\n                    \n\n\n\n\n\n\n    \n\n\n\n\n\n\n    <h2 target class=\"c-title    c-title--300         m-module-header__title\" style=\"--title-emphasis-color: var(--color-root-white);\">\n        <p style=\"text-align: left;\">Educational Institution &#038; Training<\/p>\n            <\/h2>\n\n                    <\/div>\n        <\/header>\n                \n\n\n\n\n\n\n\n\n\n\n<div class=\"c-accordion u-gap-[var(--accordion-gap)]\" data-toggler='{\"alwaysOneOpen\":false,\"ariaExpanded\":true,\"ariaControls\":true,\"expander\":false,\"onlyOneOpen\":true,\"scrollTo\":true,\"slug\":false}' aria-busy=\"true\" style=\"--accordion-gap: calc(var(--root-baseline) * 2);\">\n            <div class=\"c-accordion__element\">\n            <div class=\"c-accordion__trigger\"\n                role=\"button\"\n                data-toggler-trigger='{\n                    \"name\": \"c06-item-1\"\n                }'\n            >\n                                    \n\n\n\n\n\n\n    \n\n\n\n\n\n\n    <h4 target class=\"c-title             c-accordion__trigger-title\" style=\"--title-emphasis-color: var(--color-root-white);\">\n        <img decoding=\"async\" src=\"https:\/\/www.cqcd.org\/wp-content\/uploads\/2025\/05\/Centre-de-formation-professionnelle-des-Patriotes-Repertoire-fournisseurs-CQCD.png\" alt=\"\" \/> <br> Centre de formation professionnelle des Patriotes\n            <\/h4>\n\n                                <div class=\"c-accordion__icon\" aria-hidden>\n                    \n\n\n\n\n\n\n\n    <svg class=\"icons icons--circle-angle-down\"  aria-hidden=\"true\">\n                <use href=\"\/wp-content\/themes\/globalia-theme\/dist\/icons\/icon-system.svg#circle-angle-down\"><\/use>\n    <\/svg>\n                <\/div>\n            <\/div>\n\n            <div class=\"c-accordion__target\"\n                data-toggler-target='{\n                    \"name\": \"c06-item-1\"\n                }'\n            >\n                <div class=\"c-accordion__content\">\n                                            \n\n\n\n\n\n\n\n\n\n\n\n\n<div class=\"l-grid      u-items-start  u-justify-start u-gap-y-fl\" style=\"--gap-y-min-value:5; --gap-y-max-value:7; --grid-gutter:    \n                \n                \n    clamp(1.5000rem, 1.5000rem + 0vw, 1.5000rem)\n;\">\n                    <div class=\"l-grid__block\">\n            <div class=\"c-typography\" style=\"--typography-max-width: 100%;\">\n    <p>Le Centre de formation professionnelle des Patriotes, situ\u00e9 \u00e0 Sainte-Julie, offre un large \u00e9ventail de formations menant \u00e0 l&#8217;obtention d&#8217;un dipl\u00f4me DEP, ASP ou AEP. Que vous souhaitiez acqu\u00e9rir des comp\u00e9tences sp\u00e9cialis\u00e9es ou r\u00e9orienter votre carri\u00e8re, nos programmes sont con\u00e7us pour r\u00e9pondre \u00e0 vos besoins et vous pr\u00e9parer au march\u00e9 du travail.<\/p>\n<p>Nous proposons \u00e9galement des formations sur mesure pour les entreprises gr\u00e2ce \u00e0 notre partenariat avec Geyser &#8211; services aux entreprises. Ces formations personnalis\u00e9es permettent aux organisations de d\u00e9velopper les comp\u00e9tences de leurs \u00e9quipes tout en s&#8217;adaptant \u00e0 leurs objectifs sp\u00e9cifiques.<\/p>\n<p>Contactez-nous pour en savoir plus sur nos programmes ou pour collaborer avec Geyser et enrichir votre expertise professionnelle!<\/p>\n<p>\u2709 <a href=\"mailto:cfp@cssp.gouv.qc.ca\" target=\"_blank\" rel=\"noopener\">cfp@cssp.gouv.qc.ca<\/a><\/p>\n<ul>\n<li><a href=\"https:\/\/cfpp.csp.qc.ca\/\" target=\"_blank\" rel=\"noopener\">Voir le site Web<\/a><\/li>\n<\/ul>\n\n<\/div>\n        <\/div>\n    <\/div>\n                                    <\/div>\n            <\/div>\n        <\/div>\n            <div class=\"c-accordion__element\">\n            <div class=\"c-accordion__trigger\"\n                role=\"button\"\n                data-toggler-trigger='{\n                    \"name\": \"c06-item-2\"\n                }'\n            >\n                                    \n\n\n\n\n\n\n    \n\n\n\n\n\n\n    <h4 target class=\"c-title             c-accordion__trigger-title\" style=\"--title-emphasis-color: var(--color-root-white);\">\n        <img decoding=\"async\" src=\"https:\/\/www.cqcd.org\/wp-content\/uploads\/2025\/05\/Detail-Quebec-Repertoire-fournisseurs-CQCD.png\" alt=\"\" \/> <br> D\u00e9tail Qu\u00e9bec | Comit\u00e9 sectoriel de main-d\u2019\u0153uvre du commerce de d\u00e9tail\n            <\/h4>\n\n                                <div class=\"c-accordion__icon\" aria-hidden>\n                    \n\n\n\n\n\n\n\n    <svg class=\"icons icons--circle-angle-down\"  aria-hidden=\"true\">\n                <use href=\"\/wp-content\/themes\/globalia-theme\/dist\/icons\/icon-system.svg#circle-angle-down\"><\/use>\n    <\/svg>\n                <\/div>\n            <\/div>\n\n            <div class=\"c-accordion__target\"\n                data-toggler-target='{\n                    \"name\": \"c06-item-2\"\n                }'\n            >\n                <div class=\"c-accordion__content\">\n                                            \n\n\n\n\n\n\n\n\n\n\n\n\n<div class=\"l-grid      u-items-start  u-justify-start u-gap-y-fl\" style=\"--gap-y-min-value:5; --gap-y-max-value:7; --grid-gutter:    \n                \n                \n    clamp(1.5000rem, 1.5000rem + 0vw, 1.5000rem)\n;\">\n                    <div class=\"l-grid__block\">\n            <div class=\"c-typography\" style=\"--typography-max-width: 100%;\">\n    <p>D\u00e9tail Qu\u00e9bec est le comit\u00e9 sectoriel de main-d\u2019\u0153uvre du commerce de d\u00e9tail. Organisme sans but lucratif, il travaille avec toutes les entreprises du commerce de d\u00e9tail, et ce, partout au Qu\u00e9bec. Ce qui lui tient \u00e0 c\u0153ur, c\u2019est le d\u00e9veloppement des comp\u00e9tences des employ\u00e9s pour augmenter la comp\u00e9titivit\u00e9 et la rentabilit\u00e9 des entreprises. Il se d\u00e9marque par ses webinaires et ateliers de formation, ses parcours virtuels de formation, ses programmes travail-\u00e9tudes, ses \u00e9v\u00e9nements, ses publications et \u00e9tudes ainsi que ses outils de gestion des ressources humaines, tous uniques et exclusifs au commerce de d\u00e9tail.<\/p>\n<ul>\n<li><strong><a href=\"https:\/\/detailquebec.com\/\" target=\"_blank\" rel=\"noopener\">Voir le site Web<\/a><\/strong><\/li>\n<\/ul>\n\n<\/div>\n        <\/div>\n    <\/div>\n                                    <\/div>\n            <\/div>\n        <\/div>\n            <div class=\"c-accordion__element\">\n            <div class=\"c-accordion__trigger\"\n                role=\"button\"\n                data-toggler-trigger='{\n                    \"name\": \"c06-item-3\"\n                }'\n            >\n                                    \n\n\n\n\n\n\n    \n\n\n\n\n\n\n    <h4 target class=\"c-title             c-accordion__trigger-title\" style=\"--title-emphasis-color: var(--color-root-white);\">\n        <img decoding=\"async\" src=\"https:\/\/www.cqcd.org\/wp-content\/uploads\/2025\/05\/JPF-Formation-Professionnelle-2000-Logo-Repertoire-fournisseurs-CQCD-1.png\" alt=\"\" \/> <br> JPF Formation Professionnelle 2000 | \u00c9cole de conduite \u2014 Services aux entreprises\n            <\/h4>\n\n                                <div class=\"c-accordion__icon\" aria-hidden>\n                    \n\n\n\n\n\n\n\n    <svg class=\"icons icons--circle-angle-down\"  aria-hidden=\"true\">\n                <use href=\"\/wp-content\/themes\/globalia-theme\/dist\/icons\/icon-system.svg#circle-angle-down\"><\/use>\n    <\/svg>\n                <\/div>\n            <\/div>\n\n            <div class=\"c-accordion__target\"\n                data-toggler-target='{\n                    \"name\": \"c06-item-3\"\n                }'\n            >\n                <div class=\"c-accordion__content\">\n                                            \n\n\n\n\n\n\n\n\n\n\n\n\n<div class=\"l-grid      u-items-start  u-justify-start u-gap-y-fl\" style=\"--gap-y-min-value:5; --gap-y-max-value:7; --grid-gutter:    \n                \n                \n    clamp(1.5000rem, 1.5000rem + 0vw, 1.5000rem)\n;\">\n                    <div class=\"l-grid__block\">\n            <div class=\"c-typography\" style=\"--typography-max-width: 100%;\">\n    <p>Chez JPF Formation Professionnelle 2000, nous r\u00e9pondons aux besoins sp\u00e9cifiques des entreprises en offrant des formations personnalis\u00e9es pour chauffeurs de v\u00e9hicules lourds et de la r\u00e9glementation dans le transport. Nous proposons \u00e9galement des formations pour des m\u00e9tiers li\u00e9s aux secteurs de l\u2019entreposage, de l\u2019industrie, de la construction et de l\u2019utilisation de petites machineries. Nos programmes sont con\u00e7us pour s\u2019adapter \u00e0 vos r\u00e9alit\u00e9s op\u00e9rationnelles.<\/p>\n<p>La sant\u00e9 et la s\u00e9curit\u00e9 au travail \u00e9tant essentielles, nous proposons des formations cibl\u00e9es qui tiennent compte des particularit\u00e9s de chaque client, contribuant ainsi \u00e0 un environnement de travail plus s\u00e9curitaire et performant.<\/p>\n<p>Reconnus pour notre expertise, nous accompagnons les entreprises dans le d\u00e9veloppement des comp\u00e9tences de leurs employ\u00e9s afin de renforcer leur efficacit\u00e9 et leur professionnalisme.<\/p>\n<p>Contactez-nous pour d\u00e9couvrir nos services sp\u00e9cialis\u00e9s et faire progresser l\u2019expertise de votre \u00e9quipe.<\/p>\n<p>\u2709 <a href=\"mailto:info@ecoleconduite2000.com\" target=\"_blank\" rel=\"noopener\">info@ecoleconduite2000.com<\/a><\/p>\n<ul>\n<li><strong><a href=\"https:\/\/www.ecoleconduite2000.com\/services-aux-entreprises\" target=\"_blank\" rel=\"noopener\">Voir le site Web<\/a><\/strong><\/li>\n<\/ul>\n\n<\/div>\n        <\/div>\n    <\/div>\n                                    <\/div>\n            <\/div>\n        <\/div>\n    <\/div>\n            <\/div>\n<\/section>\n\n\n    \n\n\n\n\n\n\n\n\n<section class=\"m-accordion u-pt-fl u-pb-fl u-bg-[var(--module-background-color)] u-text-[var(--module-text-color)]\" data-module='m06' aria-busy=\"true\" style=\"--container-width: 1144px;; --pt-min-value: 7; --pt-max-value: 10; --pb-min-value: 7; --pb-max-value: 10; --module-background-color: transparent; --module-text-color: var(--root-color)\">\n    <div class=\"l-container\">\n                    \n            \n\n\n\n\n\n\n\n<header class=\"m-module-header u-pt-fl u-pb-fl u-flex u-flex-col  u-items-start u-justify-start u-gap-[var(--module-header-gap)] u-bg-[var(--module-background-color)] u-text-[var(--module-text-color)] u-text-center\" style=\"--module-header-gap: calc(var(--root-baseline) * 3); --module-background-color: transparent; --module-text-color: currentColor; --pt-min-value: 0; --pt-max-value: 0; --pb-min-value: 5; --pb-max-value: 9;\">\n    <div class=\"m-module-header__header\">\n                    \n\n\n\n\n\n\n    \n\n\n\n\n\n\n    <h2 target class=\"c-title    c-title--300         m-module-header__title\" style=\"--title-emphasis-color: var(--color-root-white);\">\n        <p style=\"text-align: left;\">IT &#038; Cybersecurity <\/p>\n            <\/h2>\n\n                    <\/div>\n        <\/header>\n                \n\n\n\n\n\n\n\n\n\n\n<div class=\"c-accordion u-gap-[var(--accordion-gap)]\" data-toggler='{\"alwaysOneOpen\":false,\"ariaExpanded\":true,\"ariaControls\":true,\"expander\":false,\"onlyOneOpen\":true,\"scrollTo\":true,\"slug\":false}' aria-busy=\"true\" style=\"--accordion-gap: calc(var(--root-baseline) * 2);\">\n            <div class=\"c-accordion__element\">\n            <div class=\"c-accordion__trigger\"\n                role=\"button\"\n                data-toggler-trigger='{\n                    \"name\": \"c06-item-1\"\n                }'\n            >\n                                    \n\n\n\n\n\n\n    \n\n\n\n\n\n\n    <h4 target class=\"c-title             c-accordion__trigger-title\" style=\"--title-emphasis-color: var(--color-root-white);\">\n        <img decoding=\"async\" src=\"https:\/\/www.cqcd.org\/wp-content\/uploads\/2026\/01\/Axper-Logo-Repertoire-fournisseurs-CQCD.png\" alt=\"\" \/> <br> Axper | Advanced Counting Systems\n            <\/h4>\n\n                                <div class=\"c-accordion__icon\" aria-hidden>\n                    \n\n\n\n\n\n\n\n    <svg class=\"icons icons--circle-angle-down\"  aria-hidden=\"true\">\n                <use href=\"\/wp-content\/themes\/globalia-theme\/dist\/icons\/icon-system.svg#circle-angle-down\"><\/use>\n    <\/svg>\n                <\/div>\n            <\/div>\n\n            <div class=\"c-accordion__target\"\n                data-toggler-target='{\n                    \"name\": \"c06-item-1\"\n                }'\n            >\n                <div class=\"c-accordion__content\">\n                                            \n\n\n\n\n\n\n\n\n\n\n\n\n<div class=\"l-grid      u-items-start  u-justify-start u-gap-y-fl\" style=\"--gap-y-min-value:5; --gap-y-max-value:7; --grid-gutter:    \n                \n                \n    clamp(1.5000rem, 1.5000rem + 0vw, 1.5000rem)\n;\">\n                    <div class=\"l-grid__block\">\n            <div class=\"c-typography\" style=\"--typography-max-width: 100%;\">\n    <p>Axper is a technology company specializing in traffic analysis, visitor counting, and occupancy management. The company designs and deploys advanced solutions powered by intelligent 3D sensors and artificial intelligence to generate accurate, reliable, and actionable insights. These solutions help organizations better understand visitor flow and behavior across diverse environments such as retail stores, shopping centers, corporate buildings, and public facilities.<\/p>\n<ul>\n<li><a href=\"https:\/\/axper.com\/\" target=\"_blank\" rel=\"noopener\"><strong>See website<\/strong><\/a><\/li>\n<\/ul>\n\n<\/div>\n        <\/div>\n    <\/div>\n                                    <\/div>\n            <\/div>\n        <\/div>\n    <\/div>\n            <\/div>\n<\/section>\n\n\n    \n\n\n\n\n\n\n\n\n<section class=\"m-accordion u-pt-fl u-pb-fl u-bg-[var(--module-background-color)] u-text-[var(--module-text-color)]\" data-module='m06' aria-busy=\"true\" style=\"--container-width: 1144px;; --pt-min-value: 7; --pt-max-value: 10; --pb-min-value: 7; --pb-max-value: 10; --module-background-color: transparent; --module-text-color: var(--root-color)\">\n    <div class=\"l-container\">\n                    \n            \n\n\n\n\n\n\n\n<header class=\"m-module-header u-pt-fl u-pb-fl u-flex u-flex-col  u-items-start u-justify-start u-gap-[var(--module-header-gap)] u-bg-[var(--module-background-color)] u-text-[var(--module-text-color)] u-text-center\" style=\"--module-header-gap: calc(var(--root-baseline) * 3); --module-background-color: transparent; --module-text-color: currentColor; --pt-min-value: 0; --pt-max-value: 0; --pb-min-value: 5; --pb-max-value: 9;\">\n    <div class=\"m-module-header__header\">\n                    \n\n\n\n\n\n\n    \n\n\n\n\n\n\n    <h2 target class=\"c-title    c-title--300         m-module-header__title\" style=\"--title-emphasis-color: var(--color-root-white);\">\n        <p style=\"text-align: left;\">Logistics &#038; Supply Chain<\/p>\n            <\/h2>\n\n                    <\/div>\n        <\/header>\n                \n\n\n\n\n\n\n\n\n\n\n<div class=\"c-accordion u-gap-[var(--accordion-gap)]\" data-toggler='{\"alwaysOneOpen\":false,\"ariaExpanded\":true,\"ariaControls\":true,\"expander\":false,\"onlyOneOpen\":true,\"scrollTo\":true,\"slug\":false}' aria-busy=\"true\" style=\"--accordion-gap: calc(var(--root-baseline) * 2);\">\n            <div class=\"c-accordion__element\">\n            <div class=\"c-accordion__trigger\"\n                role=\"button\"\n                data-toggler-trigger='{\n                    \"name\": \"c06-item-1\"\n                }'\n            >\n                                    \n\n\n\n\n\n\n    \n\n\n\n\n\n\n    <h4 target class=\"c-title             c-accordion__trigger-title\" style=\"--title-emphasis-color: var(--color-root-white);\">\n        <img decoding=\"async\" src=\"https:\/\/www.cqcd.org\/wp-content\/uploads\/2025\/06\/Buster-Fetcher-Logo-Repertoire-fournisseurs-CQCD.png\" alt=\"\" \/> <br> Buster Fetcher | Logistics\n            <\/h4>\n\n                                <div class=\"c-accordion__icon\" aria-hidden>\n                    \n\n\n\n\n\n\n\n    <svg class=\"icons icons--circle-angle-down\"  aria-hidden=\"true\">\n                <use href=\"\/wp-content\/themes\/globalia-theme\/dist\/icons\/icon-system.svg#circle-angle-down\"><\/use>\n    <\/svg>\n                <\/div>\n            <\/div>\n\n            <div class=\"c-accordion__target\"\n                data-toggler-target='{\n                    \"name\": \"c06-item-1\"\n                }'\n            >\n                <div class=\"c-accordion__content\">\n                                            \n\n\n\n\n\n\n\n\n\n\n\n\n<div class=\"l-grid      u-items-start  u-justify-start u-gap-y-fl\" style=\"--gap-y-min-value:5; --gap-y-max-value:7; --grid-gutter:    \n                \n                \n    clamp(1.5000rem, 1.5000rem + 0vw, 1.5000rem)\n;\">\n                    <div class=\"l-grid__block\">\n            <div class=\"c-typography\" style=\"--typography-max-width: 100%;\">\n    <p>At Buster Fetcher\u00ae, we help businesses win the shipping game. Our expertise lies in securing refunds for\u00a0late delivered packages and discovering\u00a0other cost-saving opportunities, all without\u00a0requiring you to change your shipping\u00a0carrier.<\/p>\n<p>We have assisted nearly 3000 companies\u00a0across Canada, including store chains, financial services, distributors,\u00a0manufacturers, and even shipping carriers.<\/p>\n<p>Our detailed analysis reports help our\u00a0customers better understand their\u00a0shipping profiles and identify areas for\u00a0improvement.<\/p>\n<p><strong>Get 10% off our comprehensive services designed to reduce your shipping costs.\u00a0Our offer includes:<\/strong><\/p>\n<ul>\n<li style=\"list-style-type: none;\">\n<ul>\n<li>Fast, measurable savings on your shipping invoices.<\/li>\n<li>A secure and reliable solution managed by a team of experts.<\/li>\n<li>A free analysis with our Shipping Savings Experts to uncover your full savings potential and improve profitability.<\/li>\n<\/ul>\n<\/li>\n<\/ul>\n<ul>\n<li><a href=\"https:\/\/landing.busterfetcher.com\/hubfs\/Buster-Fetcher_6-steps-nego-v2024-07-04.pdf\" target=\"_blank\" rel=\"noopener\"><span style=\"color: #0000ee;\"><b><u>Check out the Buster Fetcher Guide<\/u><\/b><\/span><\/a><\/li>\n<li><a href=\"https:\/\/www.busterfetcher.com\/en\" target=\"_blank\" rel=\"noopener\"><strong>Visit website<\/strong><\/a><\/li>\n<\/ul>\n\n<\/div>\n        <\/div>\n    <\/div>\n                                    <\/div>\n            <\/div>\n        <\/div>\n            <div class=\"c-accordion__element\">\n            <div class=\"c-accordion__trigger\"\n                role=\"button\"\n                data-toggler-trigger='{\n                    \"name\": \"c06-item-2\"\n                }'\n            >\n                                    \n\n\n\n\n\n\n    \n\n\n\n\n\n\n    <h4 target class=\"c-title             c-accordion__trigger-title\" style=\"--title-emphasis-color: var(--color-root-white);\">\n        <img decoding=\"async\" src=\"https:\/\/www.cqcd.org\/wp-content\/uploads\/2025\/07\/Groupe-Morneau-Logo-Repertoire-fournisseurs-CQCD.png\" alt=\"\" \/> <br> Groupe Morneau | General freight services, refrigerated freight &#038; storage services, logistics \n            <\/h4>\n\n                                <div class=\"c-accordion__icon\" aria-hidden>\n                    \n\n\n\n\n\n\n\n    <svg class=\"icons icons--circle-angle-down\"  aria-hidden=\"true\">\n                <use href=\"\/wp-content\/themes\/globalia-theme\/dist\/icons\/icon-system.svg#circle-angle-down\"><\/use>\n    <\/svg>\n                <\/div>\n            <\/div>\n\n            <div class=\"c-accordion__target\"\n                data-toggler-target='{\n                    \"name\": \"c06-item-2\"\n                }'\n            >\n                <div class=\"c-accordion__content\">\n                                            \n\n\n\n\n\n\n\n\n\n\n\n\n<div class=\"l-grid      u-items-start  u-justify-start u-gap-y-fl\" style=\"--gap-y-min-value:5; --gap-y-max-value:7; --grid-gutter:    \n                \n                \n    clamp(1.5000rem, 1.5000rem + 0vw, 1.5000rem)\n;\">\n                    <div class=\"l-grid__block\">\n            <div class=\"c-typography\" style=\"--typography-max-width: 100%;\">\n    <p>Since 1942, Groupe Morneau has been travelling the roads of Quebec, Ontario, and Labrador\u00a0to ensure the reliable delivery of its clients&#8217; goods. With a network of 23 strategically located\u00a0terminals across Eastern Canada, the company has developed strong expertise in\u00a0transportation and logistics, allowing it to efficiently manage its clients\u2019 supply chains. Groupe Morneau is made up of three divisions: GEO, specializing in general freight transport; BOREA,\u00a0focused on refrigerated transport and warehousing; and GLOBAL, dedicated to logistics and\u00a0brokerage services.<\/p>\n<ul>\n<li><a href=\"https:\/\/www.groupemorneau.com\/en\" target=\"_blank\" rel=\"noopener\"><strong>Visit website<\/strong><\/a><\/li>\n<\/ul>\n\n<\/div>\n        <\/div>\n    <\/div>\n                                    <\/div>\n            <\/div>\n        <\/div>\n            <div class=\"c-accordion__element\">\n            <div class=\"c-accordion__trigger\"\n                role=\"button\"\n                data-toggler-trigger='{\n                    \"name\": \"c06-item-3\"\n                }'\n            >\n                                    \n\n\n\n\n\n\n    \n\n\n\n\n\n\n    <h4 target class=\"c-title             c-accordion__trigger-title\" style=\"--title-emphasis-color: var(--color-root-white);\">\n        <img decoding=\"async\" src=\"https:\/\/www.cqcd.org\/wp-content\/uploads\/2025\/06\/Postes-Canada-Logo-Repertoire-fournisseurs-CQCD.png\" alt=\"\" \/> <br> Postes Canada | Postal &#038; Shipping Services\n            <\/h4>\n\n                                <div class=\"c-accordion__icon\" aria-hidden>\n                    \n\n\n\n\n\n\n\n    <svg class=\"icons icons--circle-angle-down\"  aria-hidden=\"true\">\n                <use href=\"\/wp-content\/themes\/globalia-theme\/dist\/icons\/icon-system.svg#circle-angle-down\"><\/use>\n    <\/svg>\n                <\/div>\n            <\/div>\n\n            <div class=\"c-accordion__target\"\n                data-toggler-target='{\n                    \"name\": \"c06-item-3\"\n                }'\n            >\n                <div class=\"c-accordion__content\">\n                                            \n\n\n\n\n\n\n\n\n\n\n\n\n<div class=\"l-grid      u-items-start  u-justify-start u-gap-y-fl\" style=\"--gap-y-min-value:5; --gap-y-max-value:7; --grid-gutter:    \n                \n                \n    clamp(1.5000rem, 1.5000rem + 0vw, 1.5000rem)\n;\">\n                    <div class=\"l-grid__block\">\n            <div class=\"c-typography\" style=\"--typography-max-width: 100%;\">\n    <p>At Canada Post, we put Canadians and Canadian businesses at the heart of everything we do. We deliver mail, direct mail and parcels to all 17.2 million addresses across the country, enabling businesses of every size. We invest in research to better understand Canadian shoppers \u2013 who they are, what they want, what motivates them to buy. We know they want to receive relevant advertising messages in their homes, where they make decisions. We also know they\u2019re shopping online at a growing pace and want a convenient, secure, and sustainable delivery experience. We\u2019re delivering more for your business.<\/p>\n<ul>\n<li><a href=\"http:\/\/canadapost.ca\/business\" target=\"_blank\" rel=\"noopener\"><strong>Visit website<\/strong><\/a><\/li>\n<\/ul>\n\n<\/div>\n        <\/div>\n    <\/div>\n                                    <\/div>\n            <\/div>\n        <\/div>\n    <\/div>\n            <\/div>\n<\/section>\n\n\n    \n\n\n\n\n\n\n\n\n<section class=\"m-accordion u-pt-fl u-pb-fl u-bg-[var(--module-background-color)] u-text-[var(--module-text-color)]\" data-module='m06' aria-busy=\"true\" style=\"--container-width: 1144px;; --pt-min-value: 7; --pt-max-value: 10; --pb-min-value: 7; --pb-max-value: 10; --module-background-color: transparent; --module-text-color: var(--root-color)\">\n    <div class=\"l-container\">\n                    \n            \n\n\n\n\n\n\n\n<header class=\"m-module-header u-pt-fl u-pb-fl u-flex u-flex-col  u-items-start u-justify-start u-gap-[var(--module-header-gap)] u-bg-[var(--module-background-color)] u-text-[var(--module-text-color)] u-text-center\" style=\"--module-header-gap: calc(var(--root-baseline) * 3); --module-background-color: transparent; --module-text-color: currentColor; --pt-min-value: 0; --pt-max-value: 0; --pb-min-value: 5; --pb-max-value: 9;\">\n    <div class=\"m-module-header__header\">\n                    \n\n\n\n\n\n\n    \n\n\n\n\n\n\n    <h2 target class=\"c-title    c-title--300         m-module-header__title\" style=\"--title-emphasis-color: var(--color-root-white);\">\n        <p style=\"text-align: left;\">Marketing &#038; Digital Transformation<\/p>\n            <\/h2>\n\n                    <\/div>\n        <\/header>\n                \n\n\n\n\n\n\n\n\n\n\n<div class=\"c-accordion u-gap-[var(--accordion-gap)]\" data-toggler='{\"alwaysOneOpen\":false,\"ariaExpanded\":true,\"ariaControls\":true,\"expander\":false,\"onlyOneOpen\":true,\"scrollTo\":true,\"slug\":false}' aria-busy=\"true\" style=\"--accordion-gap: calc(var(--root-baseline) * 2);\">\n            <div class=\"c-accordion__element\">\n            <div class=\"c-accordion__trigger\"\n                role=\"button\"\n                data-toggler-trigger='{\n                    \"name\": \"c06-item-1\"\n                }'\n            >\n                                    \n\n\n\n\n\n\n    \n\n\n\n\n\n\n    <h4 target class=\"c-title             c-accordion__trigger-title\" style=\"--title-emphasis-color: var(--color-root-white);\">\n        <img decoding=\"async\" src=\"https:\/\/www.cqcd.org\/wp-content\/uploads\/2025\/05\/DAC-Logo-Repertoire-fournisseurs-CQCD-2.png\" alt=\"\" \/> <br> DAC | Agence de marketing\n            <\/h4>\n\n                                <div class=\"c-accordion__icon\" aria-hidden>\n                    \n\n\n\n\n\n\n\n    <svg class=\"icons icons--circle-angle-down\"  aria-hidden=\"true\">\n                <use href=\"\/wp-content\/themes\/globalia-theme\/dist\/icons\/icon-system.svg#circle-angle-down\"><\/use>\n    <\/svg>\n                <\/div>\n            <\/div>\n\n            <div class=\"c-accordion__target\"\n                data-toggler-target='{\n                    \"name\": \"c06-item-1\"\n                }'\n            >\n                <div class=\"c-accordion__content\">\n                                            \n\n\n\n\n\n\n\n\n\n\n\n\n<div class=\"l-grid      u-items-start  u-justify-start u-gap-y-fl\" style=\"--gap-y-min-value:5; --gap-y-max-value:7; --grid-gutter:    \n                \n                \n    clamp(1.5000rem, 1.5000rem + 0vw, 1.5000rem)\n;\">\n                    <div class=\"l-grid__block\">\n            <div class=\"c-typography\" style=\"--typography-max-width: 100%;\">\n    <p>Chez DAC nous sommes fiers d\u2019accro\u00eetre la performance num\u00e9rique des entreprises qu\u00e9b\u00e9coises et canadiennes. Notre \u00e9quipe d\u2019experts vous offre le meilleur des deux mondes : le service personnalis\u00e9 d\u2019une agence locale qu\u00e9b\u00e9coise avec le soutien et les ressources d\u2019un grand groupe ind\u00e9pendant.<\/p>\n<p>Notre expertise couvre les domaines num\u00e9riques essentiels \u00e0 la performance, par exemple : le m\u00e9dia (SEM, display et programmatique), le SEO, l\u2019analytique web, la strat\u00e9gie de contenu, la gestion de la pr\u00e9sence locale ou encore le d\u00e9veloppement web. Nous offrons un \u00e9ventail de services sur mesure pour une croissance locale et globale.<\/p>\n<p>\u260e 438 795-2434<\/p>\n<ul>\n<li><a href=\"https:\/\/www.dacgroup.com\/fr-ca\/\" target=\"_blank\" rel=\"noopener\"><strong>Voir le site Web<\/strong><\/a><\/li>\n<\/ul>\n\n<\/div>\n        <\/div>\n    <\/div>\n                                    <\/div>\n            <\/div>\n        <\/div>\n            <div class=\"c-accordion__element\">\n            <div class=\"c-accordion__trigger\"\n                role=\"button\"\n                data-toggler-trigger='{\n                    \"name\": \"c06-item-2\"\n                }'\n            >\n                                    \n\n\n\n\n\n\n    \n\n\n\n\n\n\n    <h4 target class=\"c-title             c-accordion__trigger-title\" style=\"--title-emphasis-color: var(--color-root-white);\">\n        <img decoding=\"async\" src=\"https:\/\/www.cqcd.org\/wp-content\/uploads\/2026\/01\/Novatize-Logo-Repertoire-fournisseurs-CQCD.png\" alt=\"\" \/> <br> Novatize | eCommerce &#038; Unified Commerce Specialists\n            <\/h4>\n\n                                <div class=\"c-accordion__icon\" aria-hidden>\n                    \n\n\n\n\n\n\n\n    <svg class=\"icons icons--circle-angle-down\"  aria-hidden=\"true\">\n                <use href=\"\/wp-content\/themes\/globalia-theme\/dist\/icons\/icon-system.svg#circle-angle-down\"><\/use>\n    <\/svg>\n                <\/div>\n            <\/div>\n\n            <div class=\"c-accordion__target\"\n                data-toggler-target='{\n                    \"name\": \"c06-item-2\"\n                }'\n            >\n                <div class=\"c-accordion__content\">\n                                            \n\n\n\n\n\n\n\n\n\n\n\n\n<div class=\"l-grid      u-items-start  u-justify-start u-gap-y-fl\" style=\"--gap-y-min-value:5; --gap-y-max-value:7; --grid-gutter:    \n                \n                \n    clamp(1.5000rem, 1.5000rem + 0vw, 1.5000rem)\n;\">\n                    <div class=\"l-grid__block\">\n            <div class=\"c-typography\" style=\"--typography-max-width: 100%;\">\n    <p>Novatize is a digital commerce firm that supports businesses in the evolution and optimization of\u00a0their transactional platforms. For over 10 years, we have helped retailers deliver highperforming,\u00a0consistent shopping experiences centered on real customer needs, both online and\u00a0in-store.<\/p>\n<p>Our approach is based on the alignment of technology, user experience, and digital performance.\u00a0We support businesses at every stage of the ecommerce lifecycle, from strategy to ongoing\u00a0optimization, including UX\/UI design and development.<\/p>\n<p>Over the years, we have built deep expertise in complex environments, including large catalog\u00a0management, customer journey personalization, and the orchestration of multiple touchpoints.<\/p>\n<p>Alongside the retail sector, Novatize also supports B2B manufacturers and distributors in their\u00a0transition to digital and unified commerce, with the goal of building sustainable ecosystems that\u00a0drive growth.<\/p>\n<ul>\n<li><strong><a href=\"https:\/\/novatize.com\/en-ca\" target=\"_blank\" rel=\"noopener\">See website<\/a><\/strong><\/li>\n<\/ul>\n\n<\/div>\n        <\/div>\n    <\/div>\n                                    <\/div>\n            <\/div>\n        <\/div>\n    <\/div>\n            <\/div>\n<\/section>\n\n\n    \n\n\n\n\n\n\n\n\n<section class=\"m-accordion u-pt-fl u-pb-fl u-bg-[var(--module-background-color)] u-text-[var(--module-text-color)]\" data-module='m06' aria-busy=\"true\" style=\"--container-width: 1144px;; --pt-min-value: 7; --pt-max-value: 10; --pb-min-value: 7; --pb-max-value: 10; --module-background-color: transparent; --module-text-color: var(--root-color)\">\n    <div class=\"l-container\">\n                    \n            \n\n\n\n\n\n\n\n<header class=\"m-module-header u-pt-fl u-pb-fl u-flex u-flex-col  u-items-start u-justify-start u-gap-[var(--module-header-gap)] u-bg-[var(--module-background-color)] u-text-[var(--module-text-color)] u-text-center\" style=\"--module-header-gap: calc(var(--root-baseline) * 3); --module-background-color: transparent; --module-text-color: currentColor; --pt-min-value: 0; --pt-max-value: 0; --pb-min-value: 5; --pb-max-value: 9;\">\n    <div class=\"m-module-header__header\">\n                    \n\n\n\n\n\n\n    \n\n\n\n\n\n\n    <h2 target class=\"c-title    c-title--300         m-module-header__title\" style=\"--title-emphasis-color: var(--color-root-white);\">\n        Human Resources (HR)\n            <\/h2>\n\n                    <\/div>\n        <\/header>\n                \n\n\n\n\n\n\n\n\n\n\n<div class=\"c-accordion u-gap-[var(--accordion-gap)]\" data-toggler='{\"alwaysOneOpen\":false,\"ariaExpanded\":true,\"ariaControls\":true,\"expander\":false,\"onlyOneOpen\":true,\"scrollTo\":true,\"slug\":false}' aria-busy=\"true\" style=\"--accordion-gap: calc(var(--root-baseline) * 2);\">\n            <div class=\"c-accordion__element\">\n            <div class=\"c-accordion__trigger\"\n                role=\"button\"\n                data-toggler-trigger='{\n                    \"name\": \"c06-item-1\"\n                }'\n            >\n                                    \n\n\n\n\n\n\n    \n\n\n\n\n\n\n    <h4 target class=\"c-title             c-accordion__trigger-title\" style=\"--title-emphasis-color: var(--color-root-white);\">\n        <img decoding=\"async\" src=\"https:\/\/www.cqcd.org\/wp-content\/uploads\/2025\/09\/Descormiers-Logo-Repertoire-fournisseurs-CQCD.png\" alt=\"\" \/> <br> Descormiers | Technology &#038; HR Consulting <\/p><br> <p style=\"color:#122fd8\";>*EXCLUSIVE OFFER FOR RETAILERS MEMBERS OF THE RCQ<\/p>\n            <\/h4>\n\n                                <div class=\"c-accordion__icon\" aria-hidden>\n                    \n\n\n\n\n\n\n\n    <svg class=\"icons icons--circle-angle-down\"  aria-hidden=\"true\">\n                <use href=\"\/wp-content\/themes\/globalia-theme\/dist\/icons\/icon-system.svg#circle-angle-down\"><\/use>\n    <\/svg>\n                <\/div>\n            <\/div>\n\n            <div class=\"c-accordion__target\"\n                data-toggler-target='{\n                    \"name\": \"c06-item-1\"\n                }'\n            >\n                <div class=\"c-accordion__content\">\n                                            \n\n\n\n\n\n\n\n\n\n\n\n\n<div class=\"l-grid      u-items-start  u-justify-start u-gap-y-fl\" style=\"--gap-y-min-value:5; --gap-y-max-value:7; --grid-gutter:    \n                \n                \n    clamp(1.5000rem, 1.5000rem + 0vw, 1.5000rem)\n;\">\n                    <div class=\"l-grid__block\">\n            <div class=\"c-typography\" style=\"--typography-max-width: 100%;\">\n    <p>Descormiers supports businesses and HR teams with customized solutions that adapt to their unique context and priorities.<\/p>\n<ul>\n<li>HR Surveys &amp; Engagement: gain insights into employee satisfaction, measure engagement, and identify organizational climate challenges.<\/li>\n<li>Compliance with Law 27: turnkey support to assess psychosocial risks and implement action plans that meet CNESST requirements.<\/li>\n<li>Strategic Planning &amp; Dashboards: align objectives, prioritize HR actions, and strengthen decision-making with reliable data.<\/li>\n<li>Recognition Culture: implement simple and effective practices that foster retention, motivation, and employee well-being.<\/li>\n<\/ul>\n<p>With a human-centered and data-driven approach, Descormiers helps organizations turn HR challenges into drivers of performance and growth.<\/p>\n<p><strong>RCQ members<\/strong> benefit from an <strong>exclusive discount of 30 to 40% on our compliance advisory services regarding <em>la Loi 27<\/em><\/strong>. A turnkey solution that includes psychosocial risk and engagement assessment, team support, and the implementation of measures to easily meet CNESST requirements.<\/p>\n<p>\u2709\u00a0<a href=\"mailto:info@descormiers.com\" target=\"_blank\" rel=\"noopener\"><span style=\"white-space: normal;\">info@descormiers.com<\/span><\/a><\/p>\n<ul>\n<li><a href=\"https:\/\/www.descormiers.com\/\" target=\"_blank\" rel=\"noopener\">See website<\/a><\/li>\n<\/ul>\n\n<\/div>\n        <\/div>\n    <\/div>\n                                    <\/div>\n            <\/div>\n        <\/div>\n            <div class=\"c-accordion__element\">\n            <div class=\"c-accordion__trigger\"\n                role=\"button\"\n                data-toggler-trigger='{\n                    \"name\": \"c06-item-2\"\n                }'\n            >\n                                    \n\n\n\n\n\n\n    \n\n\n\n\n\n\n    <h4 target class=\"c-title             c-accordion__trigger-title\" style=\"--title-emphasis-color: var(--color-root-white);\">\n        <img decoding=\"async\" src=\"https:\/\/www.cqcd.org\/wp-content\/uploads\/2025\/05\/Heleva-Repertoire-fournisseurs-CQCD.png\" alt=\"\" \/> <br> Heleva | Services de communication RH\n            <\/h4>\n\n                                <div class=\"c-accordion__icon\" aria-hidden>\n                    \n\n\n\n\n\n\n\n    <svg class=\"icons icons--circle-angle-down\"  aria-hidden=\"true\">\n                <use href=\"\/wp-content\/themes\/globalia-theme\/dist\/icons\/icon-system.svg#circle-angle-down\"><\/use>\n    <\/svg>\n                <\/div>\n            <\/div>\n\n            <div class=\"c-accordion__target\"\n                data-toggler-target='{\n                    \"name\": \"c06-item-2\"\n                }'\n            >\n                <div class=\"c-accordion__content\">\n                                            \n\n\n\n\n\n\n\n\n\n\n\n\n<div class=\"l-grid      u-items-start  u-justify-start u-gap-y-fl\" style=\"--gap-y-min-value:5; --gap-y-max-value:7; --grid-gutter:    \n                \n                \n    clamp(1.5000rem, 1.5000rem + 0vw, 1.5000rem)\n;\">\n                    <div class=\"l-grid__block\">\n            <div class=\"c-typography\" style=\"--typography-max-width: 100%;\">\n    <p>Heleva accompagne les entreprises dans l\u2019am\u00e9lioration de leur exp\u00e9rience employ\u00e9, en se concentrant sur les moments cl\u00e9s de l\u2019accueil et de l\u2019int\u00e9gration.<\/p>\n<p>Elle propose deux offres compl\u00e9mentaires pour transformer l\u2019arriv\u00e9e d\u2019un nouvel employ\u00e9 en exp\u00e9rience engageante : la trousse <em>Buddy<\/em> et le service sur mesure.<\/p>\n<p>La trousse <em>Buddy<\/em> est une solution cl\u00e9 en main pour structurer l\u2019<em>onboarding<\/em> sans alourdir la charge des gestionnaires. Elle comprend des courriels pr\u00e9-r\u00e9dig\u00e9s, une feuille de route, une FAQ pratique et une vid\u00e9o d\u2019accueil. Id\u00e9ale pour les PME et \u00e9quipes en croissance, elle permet d\u2019uniformiser les bonnes pratiques d\u2019int\u00e9gration, en toute autonomie.<\/p>\n<p>Pour les organisations ayant des besoins plus complexes, Heleva propose un accompagnement sur mesure : diagnostic de l\u2019exp\u00e9rience employ\u00e9, ateliers de co-cr\u00e9ation, contenus personnalis\u00e9s (vid\u00e9os, canevas, outils internes) et strat\u00e9gie d\u2019alignement entre culture d\u2019entreprise et parcours d\u2019int\u00e9gration. L\u2019objectif : cr\u00e9er un <em>onboarding<\/em> unique, \u00e0 l\u2019image de l\u2019organisation, qui fid\u00e9lise les talents d\u00e8s le jour 1.<\/p>\n<ul>\n<li><a href=\"http:\/\/www.heleva.ca\" target=\"_blank\" rel=\"noopener\">Voir le site Web<\/a><\/li>\n<\/ul>\n\n<\/div>\n        <\/div>\n    <\/div>\n                                    <\/div>\n            <\/div>\n        <\/div>\n    <\/div>\n            <\/div>\n<\/section>\n\n\n    \n\n\n\n\n\n\n\n\n<section class=\"m-accordion u-pt-fl u-pb-fl u-bg-[var(--module-background-color)] u-text-[var(--module-text-color)]\" data-module='m06' aria-busy=\"true\" style=\"--container-width: 1144px;; --pt-min-value: 7; --pt-max-value: 10; --pb-min-value: 7; --pb-max-value: 10; --module-background-color: transparent; --module-text-color: var(--root-color)\">\n    <div class=\"l-container\">\n                    \n            \n\n\n\n\n\n\n\n<header class=\"m-module-header u-pt-fl u-pb-fl u-flex u-flex-col  u-items-start u-justify-start u-gap-[var(--module-header-gap)] u-bg-[var(--module-background-color)] u-text-[var(--module-text-color)] u-text-center\" style=\"--module-header-gap: calc(var(--root-baseline) * 3); --module-background-color: transparent; --module-text-color: currentColor; --pt-min-value: 0; --pt-max-value: 0; --pb-min-value: 5; --pb-max-value: 9;\">\n    <div class=\"m-module-header__header\">\n                    \n\n\n\n\n\n\n    \n\n\n\n\n\n\n    <h2 target class=\"c-title    c-title--300         m-module-header__title\" style=\"--title-emphasis-color: var(--color-root-white);\">\n        Public &#038; Governmental Sector\n            <\/h2>\n\n                    <\/div>\n        <\/header>\n                \n\n\n\n\n\n\n\n\n\n\n<div class=\"c-accordion u-gap-[var(--accordion-gap)]\" data-toggler='{\"alwaysOneOpen\":false,\"ariaExpanded\":true,\"ariaControls\":true,\"expander\":false,\"onlyOneOpen\":true,\"scrollTo\":true,\"slug\":false}' aria-busy=\"true\" style=\"--accordion-gap: calc(var(--root-baseline) * 2);\">\n            <div class=\"c-accordion__element\">\n            <div class=\"c-accordion__trigger\"\n                role=\"button\"\n                data-toggler-trigger='{\n                    \"name\": \"c06-item-1\"\n                }'\n            >\n                                    \n\n\n\n\n\n\n    \n\n\n\n\n\n\n    <h4 target class=\"c-title             c-accordion__trigger-title\" style=\"--title-emphasis-color: var(--color-root-white);\">\n        <img decoding=\"async\" src=\"https:\/\/www.cqcd.org\/wp-content\/uploads\/2025\/05\/Commerce-Tourisme-Granby-region-Repertoire-fournisseurs-CQCD.png\" alt=\"\" \/> <br> Commerce Tourisme Granby r\u00e9gion\n            <\/h4>\n\n                                <div class=\"c-accordion__icon\" aria-hidden>\n                    \n\n\n\n\n\n\n\n    <svg class=\"icons icons--circle-angle-down\"  aria-hidden=\"true\">\n                <use href=\"\/wp-content\/themes\/globalia-theme\/dist\/icons\/icon-system.svg#circle-angle-down\"><\/use>\n    <\/svg>\n                <\/div>\n            <\/div>\n\n            <div class=\"c-accordion__target\"\n                data-toggler-target='{\n                    \"name\": \"c06-item-1\"\n                }'\n            >\n                <div class=\"c-accordion__content\">\n                                            \n\n\n\n\n\n\n\n\n\n\n\n\n<div class=\"l-grid      u-items-start  u-justify-start u-gap-y-fl\" style=\"--gap-y-min-value:5; --gap-y-max-value:7; --grid-gutter:    \n                \n                \n    clamp(1.5000rem, 1.5000rem + 0vw, 1.5000rem)\n;\">\n                    <div class=\"l-grid__block\">\n            <div class=\"c-typography\" style=\"--typography-max-width: 100%;\">\n    <p>Que ce soit pour valider votre plan strat\u00e9gique, d\u00e9nicher le local parfait, rechercher des programmes d\u2019aide financi\u00e8re, obtenir des conseils quant \u00e0 la mise en valeur de votre commerce ou pour des questions concernant la demande de permis, nos experts vous accompagnent \u00e0 chacune des \u00e9tapes, selon vos besoins.<\/p>\n<p>Diff\u00e9rentes actions communicationnelles sont mises de l\u2019avant tout au long de l\u2019ann\u00e9e afin de promouvoir les activit\u00e9s commerciales et touristiques de Granby et de la r\u00e9gion de La Haute-Yamaska. Nous souhaitons nous positionner en tant que destination de choix aupr\u00e8s des visiteurs de passage.<\/p>\n<p>\u2709\u00a0<a href=\"mailto:info@granbyregion.com\" target=\"_blank\" rel=\"noopener\">info@granbyregion.com<\/a><\/p>\n<ul>\n<li><a href=\"http:\/\/commercetourismegranby.com\" target=\"_blank\" rel=\"noopener\">Voir le site Web<\/a><\/li>\n<\/ul>\n\n<\/div>\n        <\/div>\n    <\/div>\n                                    <\/div>\n            <\/div>\n        <\/div>\n            <div class=\"c-accordion__element\">\n            <div class=\"c-accordion__trigger\"\n                role=\"button\"\n                data-toggler-trigger='{\n                    \"name\": \"c06-item-2\"\n                }'\n            >\n                                    \n\n\n\n\n\n\n    \n\n\n\n\n\n\n    <h4 target class=\"c-title             c-accordion__trigger-title\" style=\"--title-emphasis-color: var(--color-root-white);\">\n        <img decoding=\"async\" src=\"https:\/\/www.cqcd.org\/wp-content\/uploads\/2025\/05\/ID-Gatineau-Logo-Repertoire-fournisseurs-CQCD.png\" alt=\"\" \/>  <br> ID Gatineau\n            <\/h4>\n\n                                <div class=\"c-accordion__icon\" aria-hidden>\n                    \n\n\n\n\n\n\n\n    <svg class=\"icons icons--circle-angle-down\"  aria-hidden=\"true\">\n                <use href=\"\/wp-content\/themes\/globalia-theme\/dist\/icons\/icon-system.svg#circle-angle-down\"><\/use>\n    <\/svg>\n                <\/div>\n            <\/div>\n\n            <div class=\"c-accordion__target\"\n                data-toggler-target='{\n                    \"name\": \"c06-item-2\"\n                }'\n            >\n                <div class=\"c-accordion__content\">\n                                            \n\n\n\n\n\n\n\n\n\n\n\n\n<div class=\"l-grid      u-items-start  u-justify-start u-gap-y-fl\" style=\"--gap-y-min-value:5; --gap-y-max-value:7; --grid-gutter:    \n                \n                \n    clamp(1.5000rem, 1.5000rem + 0vw, 1.5000rem)\n;\">\n                    <div class=\"l-grid__block\">\n            <div class=\"c-typography\" style=\"--typography-max-width: 100%;\">\n    <p>Propuls\u00e9 par la Ville de Gatineau, ID Gatineau a comme mission d\u2019appuyer et d\u2019accompagner les entreprises, pour favoriser le d\u00e9veloppement et la diversification \u00e9conomique ainsi que la cr\u00e9ation de richesses sur le territoire de la Ville de Gatineau. Depuis 2020, l\u2019organisme a r\u00e9alis\u00e9 plus de 30 000 interventions aupr\u00e8s d\u2019entreprises locales, contribuant \u00e0 g\u00e9n\u00e9rer plus de 270 millions de dollars en investissements. Durant cette p\u00e9riode, ID Gatineau a soutenu plus de 1 000 projets d\u2019entreprises et effectu\u00e9 plus de 1 500 r\u00e9f\u00e9rences vers des partenaires strat\u00e9giques, en plus d\u2019avoir mis en place des programmes de cod\u00e9veloppement innovants comme le G10 et La classe des ma\u00eetres.<\/p>\n<ul>\n<li><a href=\"https:\/\/idgatineau.ca\/\" target=\"_blank\" rel=\"noopener\">Voir le site Web<\/a><\/li>\n<\/ul>\n\n<\/div>\n        <\/div>\n    <\/div>\n                                    <\/div>\n            <\/div>\n        <\/div>\n            <div class=\"c-accordion__element\">\n            <div class=\"c-accordion__trigger\"\n                role=\"button\"\n                data-toggler-trigger='{\n                    \"name\": \"c06-item-3\"\n                }'\n            >\n                                    \n\n\n\n\n\n\n    \n\n\n\n\n\n\n    <h4 target class=\"c-title             c-accordion__trigger-title\" style=\"--title-emphasis-color: var(--color-root-white);\">\n        <img decoding=\"async\" src=\"https:\/\/www.cqcd.org\/wp-content\/uploads\/2025\/05\/Saint-Hyacinthe-Technopole-Logo-Repertoire-fournisseurs-CQCD.png\" alt=\"\" \/> <br> Saint-Hyacinthe Technopole\n            <\/h4>\n\n                                <div class=\"c-accordion__icon\" aria-hidden>\n                    \n\n\n\n\n\n\n\n    <svg class=\"icons icons--circle-angle-down\"  aria-hidden=\"true\">\n                <use href=\"\/wp-content\/themes\/globalia-theme\/dist\/icons\/icon-system.svg#circle-angle-down\"><\/use>\n    <\/svg>\n                <\/div>\n            <\/div>\n\n            <div class=\"c-accordion__target\"\n                data-toggler-target='{\n                    \"name\": \"c06-item-3\"\n                }'\n            >\n                <div class=\"c-accordion__content\">\n                                            \n\n\n\n\n\n\n\n\n\n\n\n\n<div class=\"l-grid      u-items-start  u-justify-start u-gap-y-fl\" style=\"--gap-y-min-value:5; --gap-y-max-value:7; --grid-gutter:    \n                \n                \n    clamp(1.5000rem, 1.5000rem + 0vw, 1.5000rem)\n;\">\n                    <div class=\"l-grid__block\">\n            <div class=\"c-typography\" style=\"--typography-max-width: 100%;\">\n    <p>Saint-Hyacinthe Technopole est l\u2019entit\u00e9 charg\u00e9e du d\u00e9veloppement \u00e9conomique sur le territoire de la MRC des Maskoutains. Elle a pour mandat d\u2019y attirer de nouvelles entreprises, qu\u2019elles soient industrielles ou commerciales. De m\u00eame, elle assure la promotion et le d\u00e9veloppement du tourisme, notamment celui d\u2019affaires, de l\u2019activit\u00e9 agroalimentaire ainsi que de l\u2019attraction de talents.<\/p>\n<ul>\n<li><a href=\"https:\/\/st-hyacinthetechnopole.com\/\" target=\"_blank\" rel=\"noopener\">Voir le site Web<\/a><\/li>\n<\/ul>\n\n<\/div>\n        <\/div>\n    <\/div>\n                                    <\/div>\n            <\/div>\n        <\/div>\n    <\/div>\n            <\/div>\n<\/section>\n\n\n    \n\n\n\n\n\n\n\n\n<section class=\"m-accordion u-pt-fl u-pb-fl u-bg-[var(--module-background-color)] u-text-[var(--module-text-color)]\" data-module='m06' aria-busy=\"true\" style=\"--container-width: 1144px;; --pt-min-value: 7; --pt-max-value: 10; --pb-min-value: 7; --pb-max-value: 10; --module-background-color: transparent; --module-text-color: var(--root-color)\">\n    <div class=\"l-container\">\n                    \n            \n\n\n\n\n\n\n\n<header class=\"m-module-header u-pt-fl u-pb-fl u-flex u-flex-col  u-items-start u-justify-start u-gap-[var(--module-header-gap)] u-bg-[var(--module-background-color)] u-text-[var(--module-text-color)] u-text-center\" style=\"--module-header-gap: calc(var(--root-baseline) * 3); --module-background-color: transparent; --module-text-color: currentColor; --pt-min-value: 0; --pt-max-value: 0; --pb-min-value: 5; --pb-max-value: 9;\">\n    <div class=\"m-module-header__header\">\n                    \n\n\n\n\n\n\n    \n\n\n\n\n\n\n    <h2 target class=\"c-title    c-title--300         m-module-header__title\" style=\"--title-emphasis-color: var(--color-root-white);\">\n        Professional &#038; Financial Services\n            <\/h2>\n\n                    <\/div>\n        <\/header>\n                \n\n\n\n\n\n\n\n\n\n\n<div class=\"c-accordion u-gap-[var(--accordion-gap)]\" data-toggler='{\"alwaysOneOpen\":false,\"ariaExpanded\":true,\"ariaControls\":true,\"expander\":false,\"onlyOneOpen\":true,\"scrollTo\":true,\"slug\":false}' aria-busy=\"true\" style=\"--accordion-gap: calc(var(--root-baseline) * 2);\">\n            <div class=\"c-accordion__element\">\n            <div class=\"c-accordion__trigger\"\n                role=\"button\"\n                data-toggler-trigger='{\n                    \"name\": \"c06-item-1\"\n                }'\n            >\n                                    \n\n\n\n\n\n\n    \n\n\n\n\n\n\n    <h4 target class=\"c-title             c-accordion__trigger-title\" style=\"--title-emphasis-color: var(--color-root-white);\">\n        <img decoding=\"async\" src=\"https:\/\/www.cqcd.org\/wp-content\/uploads\/2025\/06\/Banque-Royale-du-Canada-RBC-Logo-Repertoire-fournisseurs-CQCD.png\" alt=\"\" \/> <br> RBC Royal Bank | Financial Services\n            <\/h4>\n\n                                <div class=\"c-accordion__icon\" aria-hidden>\n                    \n\n\n\n\n\n\n\n    <svg class=\"icons icons--circle-angle-down\"  aria-hidden=\"true\">\n                <use href=\"\/wp-content\/themes\/globalia-theme\/dist\/icons\/icon-system.svg#circle-angle-down\"><\/use>\n    <\/svg>\n                <\/div>\n            <\/div>\n\n            <div class=\"c-accordion__target\"\n                data-toggler-target='{\n                    \"name\": \"c06-item-1\"\n                }'\n            >\n                <div class=\"c-accordion__content\">\n                                            \n\n\n\n\n\n\n\n\n\n\n\n\n<div class=\"l-grid      u-items-start  u-justify-start u-gap-y-fl\" style=\"--gap-y-min-value:5; --gap-y-max-value:7; --grid-gutter:    \n                \n                \n    clamp(1.5000rem, 1.5000rem + 0vw, 1.5000rem)\n;\">\n                    <div class=\"l-grid__block\">\n            <div class=\"c-typography\" style=\"--typography-max-width: 100%;\">\n    <p>RBC has 97,000+ full- and part-time employees who serve 17 million clients in Canada, the U.S. and 27 other countries. RBC is one of North America&#8217;s leading diversified financial services companies, and provide personal and commercial banking, wealth management, insurance, investor services and capital markets products and services on a global basis.<\/p>\n<ul>\n<li><a href=\"http:\/\/www.rbc.com\" target=\"_blank\" rel=\"noopener\"><strong>See website<\/strong><\/a><\/li>\n<\/ul>\n\n<\/div>\n        <\/div>\n    <\/div>\n                                    <\/div>\n            <\/div>\n        <\/div>\n            <div class=\"c-accordion__element\">\n            <div class=\"c-accordion__trigger\"\n                role=\"button\"\n                data-toggler-trigger='{\n                    \"name\": \"c06-item-2\"\n                }'\n            >\n                                    \n\n\n\n\n\n\n    \n\n\n\n\n\n\n    <h4 target class=\"c-title             c-accordion__trigger-title\" style=\"--title-emphasis-color: var(--color-root-white);\">\n        <img decoding=\"async\" src=\"https:\/\/www.cqcd.org\/wp-content\/uploads\/2025\/05\/CS-Paiement-Repertoire-fournisseurs-CQCD-2.png\" alt=\"\" \/> <br> <p style=\"color:#000000\";>CS Paiement | Solutions de paiement <\/p><br> <p style=\"color:#122fd8\";>*OFFRE EXCLUSIVE AUX D\u00c9TAILLANTS MEMBRES DU CQCD<\/p>\n            <\/h4>\n\n                                <div class=\"c-accordion__icon\" aria-hidden>\n                    \n\n\n\n\n\n\n\n    <svg class=\"icons icons--circle-angle-down\"  aria-hidden=\"true\">\n                <use href=\"\/wp-content\/themes\/globalia-theme\/dist\/icons\/icon-system.svg#circle-angle-down\"><\/use>\n    <\/svg>\n                <\/div>\n            <\/div>\n\n            <div class=\"c-accordion__target\"\n                data-toggler-target='{\n                    \"name\": \"c06-item-2\"\n                }'\n            >\n                <div class=\"c-accordion__content\">\n                                            \n\n\n\n\n\n\n\n\n\n\n\n\n<div class=\"l-grid      u-items-start  u-justify-start u-gap-y-fl\" style=\"--gap-y-min-value:5; --gap-y-max-value:7; --grid-gutter:    \n                \n                \n    clamp(1.5000rem, 1.5000rem + 0vw, 1.5000rem)\n;\">\n                    <div class=\"l-grid__block\">\n            <div class=\"c-typography\" style=\"--typography-max-width: 100%;\">\n    <p>Nous sommes fiers d\u2019offrir un service personnalis\u00e9 unique et la meilleure technologie de paiement par cartes. Acceptez d\u00e8s maintenant Visa, MasterCard, Interac et autres aux meilleurs taux n\u00e9goci\u00e9s pour les membres de le CQCD. D\u00e9p\u00f4ts d\u2019argent faits le lendemain matin dans votre compte, peu importe votre banque.<\/p>\n<p><strong>Rabais exclusif aux d\u00e9taillants membres du CQCD : profitez d&#8217;un 90 jours d\u2019essai!<\/strong><\/p>\n<p>\u260e 1 888 906-9906 #221<br \/>\n\u2709 <a href=\"mailto:associations@cspaiement.com\" target=\"_blank\" rel=\"noopener\">associations@cspaiement.com<\/a><\/p>\n<ul>\n<li><strong><a href=\"https:\/\/cspaiement.com\/CQCD\/\" target=\"_blank\" rel=\"noopener\">D\u00e9couvrez l&#8217;offre exclusive de CS Paiement pour les membres du CQCD!<\/a><\/strong><\/li>\n<\/ul>\n\n<\/div>\n        <\/div>\n    <\/div>\n                                    <\/div>\n            <\/div>\n        <\/div>\n            <div class=\"c-accordion__element\">\n            <div class=\"c-accordion__trigger\"\n                role=\"button\"\n                data-toggler-trigger='{\n                    \"name\": \"c06-item-3\"\n                }'\n            >\n                                    \n\n\n\n\n\n\n    \n\n\n\n\n\n\n    <h4 target class=\"c-title             c-accordion__trigger-title\" style=\"--title-emphasis-color: var(--color-root-white);\">\n        <img decoding=\"async\" src=\"https:\/\/www.cqcd.org\/wp-content\/uploads\/2025\/05\/Evnia-Logo-Repertoire-fournisseurs-CQCD.png\" alt=\"\" \/> <br> Evnia | Firme-conseil en \u00e9cofiscalit\u00e9 \u2014 Responsabilit\u00e9 \u00e9largie des producteurs (REP)\n            <\/h4>\n\n                                <div class=\"c-accordion__icon\" aria-hidden>\n                    \n\n\n\n\n\n\n\n    <svg class=\"icons icons--circle-angle-down\"  aria-hidden=\"true\">\n                <use href=\"\/wp-content\/themes\/globalia-theme\/dist\/icons\/icon-system.svg#circle-angle-down\"><\/use>\n    <\/svg>\n                <\/div>\n            <\/div>\n\n            <div class=\"c-accordion__target\"\n                data-toggler-target='{\n                    \"name\": \"c06-item-3\"\n                }'\n            >\n                <div class=\"c-accordion__content\">\n                                            \n\n\n\n\n\n\n\n\n\n\n\n\n<div class=\"l-grid      u-items-start  u-justify-start u-gap-y-fl\" style=\"--gap-y-min-value:5; --gap-y-max-value:7; --grid-gutter:    \n                \n                \n    clamp(1.5000rem, 1.5000rem + 0vw, 1.5000rem)\n;\">\n                    <div class=\"l-grid__block\">\n            <div class=\"c-typography\" style=\"--typography-max-width: 100%;\">\n    <p>V\u00e9ritable r\u00e9f\u00e9rence en Am\u00e9rique du Nord quant \u00e0 la responsabilit\u00e9 \u00e9largie des producteurs (REP) et \u00e0 la d\u00e9claration des \u00e9cofrais, Evnia accompagne les entreprises depuis 20 ans \u00e0 simplifier la gestion de leurs obligations environnementales et \u00e0 assurer la conformit\u00e9 de leurs d\u00e9clarations.<\/p>\n<p>Notre connaissance approfondie de l\u2019\u00e9cofiscalit\u00e9, jumel\u00e9e \u00e0 nos m\u00e9thodologies de calculs et de cueillettes de donn\u00e9es, nous permet de r\u00e9duire les co\u00fbts globaux de gestion, d\u2019identifier les \u00e9conomies potentielles et de s\u2019assurer que les entreprises contribuent les bons montants, aux bons moments, aux bons organismes.<\/p>\n<p>Ne restez pas dans l\u2019ombre des lois environnementales.<\/p>\n<p>All\u00e9gez l\u2019ampleur, les co\u00fbts et la complexit\u00e9 de la gestion de vos \u00e9cofrais.<\/p>\n<p>Faites confiance \u00e0 Evnia pour y voir clair.<\/p>\n<ul>\n<li><a href=\"https:\/\/evnia.com\/fra\/\" target=\"_blank\" rel=\"noopener\"><strong>Voir le site Web<\/strong><\/a><\/li>\n<\/ul>\n\n<\/div>\n        <\/div>\n    <\/div>\n                                    <\/div>\n            <\/div>\n        <\/div>\n            <div class=\"c-accordion__element\">\n            <div class=\"c-accordion__trigger\"\n                role=\"button\"\n                data-toggler-trigger='{\n                    \"name\": \"c06-item-4\"\n                }'\n            >\n                                    \n\n\n\n\n\n\n    \n\n\n\n\n\n\n    <h4 target class=\"c-title             c-accordion__trigger-title\" style=\"--title-emphasis-color: var(--color-root-white);\">\n        <img decoding=\"async\" src=\"https:\/\/www.cqcd.org\/wp-content\/uploads\/2025\/05\/Fonds-demprunt-Quebec-Repertoire-fournisseurs-CQCD.png\" alt=\"\" \/>  <br> Fonds d&#8217;emprunt Qu\u00e9bec\n            <\/h4>\n\n                                <div class=\"c-accordion__icon\" aria-hidden>\n                    \n\n\n\n\n\n\n\n    <svg class=\"icons icons--circle-angle-down\"  aria-hidden=\"true\">\n                <use href=\"\/wp-content\/themes\/globalia-theme\/dist\/icons\/icon-system.svg#circle-angle-down\"><\/use>\n    <\/svg>\n                <\/div>\n            <\/div>\n\n            <div class=\"c-accordion__target\"\n                data-toggler-target='{\n                    \"name\": \"c06-item-4\"\n                }'\n            >\n                <div class=\"c-accordion__content\">\n                                            \n\n\n\n\n\n\n\n\n\n\n\n\n<div class=\"l-grid      u-items-start  u-justify-start u-gap-y-fl\" style=\"--gap-y-min-value:5; --gap-y-max-value:7; --grid-gutter:    \n                \n                \n    clamp(1.5000rem, 1.5000rem + 0vw, 1.5000rem)\n;\">\n                    <div class=\"l-grid__block\">\n            <div class=\"c-typography\" style=\"--typography-max-width: 100%;\">\n    <p>Le Fonds d\u2019emprunt Qu\u00e9bec est reconnu comme poss\u00e9dant une expertise in\u00e9gal\u00e9e dans la ville de Qu\u00e9bec et la r\u00e9gion de la Capitale-Nationale dans l\u2019accompagnement de proximit\u00e9 des travailleurs autonomes et des tr\u00e8s petites entreprises, dans leurs phases de pr\u00e9-d\u00e9marrage, de d\u00e9marrage ainsi que pendant leur premi\u00e8re croissance. Par l\u2019acc\u00e8s au microcr\u00e9dit qu\u2019il leur offre, le Fonds d\u2019emprunt Qu\u00e9bec permet \u00e0 ces personnes de r\u00e9aliser leur projet d\u2019entreprise.<\/p>\n<ul>\n<li><a href=\"https:\/\/fonds-emprunt.qc.ca\/\" target=\"_blank\" rel=\"noopener\">Voir le site Web<\/a><\/li>\n<\/ul>\n\n<\/div>\n        <\/div>\n    <\/div>\n                                    <\/div>\n            <\/div>\n        <\/div>\n            <div class=\"c-accordion__element\">\n            <div class=\"c-accordion__trigger\"\n                role=\"button\"\n                data-toggler-trigger='{\n                    \"name\": \"c06-item-5\"\n                }'\n            >\n                                    \n\n\n\n\n\n\n    \n\n\n\n\n\n\n    <h4 target class=\"c-title             c-accordion__trigger-title\" style=\"--title-emphasis-color: var(--color-root-white);\">\n        <img decoding=\"async\" src=\"https:\/\/www.cqcd.org\/wp-content\/uploads\/2025\/05\/NATIONAL-Logo-Repertoire-fournisseurs-CQCD.png\" alt=\"\" \/> <br> NATIONAL | Cabinet de relations publiques\n            <\/h4>\n\n                                <div class=\"c-accordion__icon\" aria-hidden>\n                    \n\n\n\n\n\n\n\n    <svg class=\"icons icons--circle-angle-down\"  aria-hidden=\"true\">\n                <use href=\"\/wp-content\/themes\/globalia-theme\/dist\/icons\/icon-system.svg#circle-angle-down\"><\/use>\n    <\/svg>\n                <\/div>\n            <\/div>\n\n            <div class=\"c-accordion__target\"\n                data-toggler-target='{\n                    \"name\": \"c06-item-5\"\n                }'\n            >\n                <div class=\"c-accordion__content\">\n                                            \n\n\n\n\n\n\n\n\n\n\n\n\n<div class=\"l-grid      u-items-start  u-justify-start u-gap-y-fl\" style=\"--gap-y-min-value:5; --gap-y-max-value:7; --grid-gutter:    \n                \n                \n    clamp(1.5000rem, 1.5000rem + 0vw, 1.5000rem)\n;\">\n                    <div class=\"l-grid__block\">\n            <div class=\"c-typography\" style=\"--typography-max-width: 100%;\">\n    <p>\u200b\u200b\u200b\u200b\u200b\u200b\u200bLe Cabinet de relations publiques NATIONAL offre des solutions de communication cr\u00e9atives capables de mobiliser les gens dans la r\u00e9flexion et l\u2019action. Nous r\u00e9unissons une \u00e9quipe de 300 professionnels chevronn\u00e9s, qui s&#8217;engagent \u00e0 aider les organisations de toutes tailles et de tous les secteurs \u00e0 comprendre leurs d\u00e9fis et leurs opportunit\u00e9s et \u00e0 r\u00e9soudre les probl\u00e8mes auxquels elles sont confront\u00e9es. Depuis 48 ans, NATIONAL est au c\u0153ur des enjeux et des industries qui comptent, \u00e0 cr\u00e9er le changement pour aujourd\u2019hui et pour demain.<\/p>\n<p>NATIONAL est la plus importante firme\u2010conseil en relations publiques au Canada, desservant des clients dans un large \u00e9ventail de secteurs, avec des bureaux \u00e0 Vancouver, Calgary, Toronto, Ottawa, Montr\u00e9al, Qu\u00e9bec, Saint John, Halifax et Saint\u2010Jean. Son r\u00e9seau comprend Time &amp; Space, un chef de file en strat\u00e9gie, analyse de donn\u00e9es, planification et ex\u00e9cution m\u00e9dia.<\/p>\n<ul>\n<li><a href=\"https:\/\/www.national.ca\/fr\/\" target=\"_blank\" rel=\"noopener\"><strong>Voir le site Web<\/strong><\/a><\/li>\n<\/ul>\n\n<\/div>\n        <\/div>\n    <\/div>\n                                    <\/div>\n            <\/div>\n        <\/div>\n            <div class=\"c-accordion__element\">\n            <div class=\"c-accordion__trigger\"\n                role=\"button\"\n                data-toggler-trigger='{\n                    \"name\": \"c06-item-6\"\n                }'\n            >\n                                    \n\n\n\n\n\n\n    \n\n\n\n\n\n\n    <h4 target class=\"c-title             c-accordion__trigger-title\" style=\"--title-emphasis-color: var(--color-root-white);\">\n        Richter S.E.N.C.R.L. | Services-conseils aux entreprises et Bureau familial\n            <\/h4>\n\n                                <div class=\"c-accordion__icon\" aria-hidden>\n                    \n\n\n\n\n\n\n\n    <svg class=\"icons icons--circle-angle-down\"  aria-hidden=\"true\">\n                <use href=\"\/wp-content\/themes\/globalia-theme\/dist\/icons\/icon-system.svg#circle-angle-down\"><\/use>\n    <\/svg>\n                <\/div>\n            <\/div>\n\n            <div class=\"c-accordion__target\"\n                data-toggler-target='{\n                    \"name\": \"c06-item-6\"\n                }'\n            >\n                <div class=\"c-accordion__content\">\n                                            \n\n\n\n\n\n\n\n\n\n\n\n\n<div class=\"l-grid      u-items-start  u-justify-start u-gap-y-fl\" style=\"--gap-y-min-value:5; --gap-y-max-value:7; --grid-gutter:    \n                \n                \n    clamp(1.5000rem, 1.5000rem + 0vw, 1.5000rem)\n;\">\n                    <div class=\"l-grid__block\">\n            <div class=\"c-typography\" style=\"--typography-max-width: 100%;\">\n    <p>Richter est un Bureau Familial | d\u2019Affaires qui offre des conseils strat\u00e9giques sur les questions d&#8217;affaires et sur les objectifs financiers des familles \u00e0 travers les g\u00e9n\u00e9rations.<\/p>\n<p>Anim\u00e9s par la volont\u00e9 d&#8217;aider les propri\u00e9taires d&#8217;entreprises \u00e0 b\u00e2tir des patrimoines durables, nous faisons le pont entre les int\u00e9r\u00eats familiaux et d\u2019affaires. Chacun de ces domaines requiert une approche sp\u00e9cifique, et la fa\u00e7on dont nous les int\u00e9grons assure un succ\u00e8s entrepreneurial durable.<\/p>\n<p>Richter est particuli\u00e8rement bien plac\u00e9 pour conseiller des entrepreneurs, clients priv\u00e9s, propri\u00e9taires d&#8217;entreprises et familles d&#8217;affaires les plus prosp\u00e8res, les aidant \u00e0 fa\u00e7onner leur h\u00e9ritage pour l\u2019avenir.<\/p>\n<ul>\n<li><a href=\"https:\/\/www.richter.ca\/fr\/\" target=\"_blank\" rel=\"noopener\">Voir le site Web<\/a><\/li>\n<\/ul>\n\n<\/div>\n        <\/div>\n    <\/div>\n                                    <\/div>\n            <\/div>\n        <\/div>\n    <\/div>\n            <\/div>\n<\/section>\n","protected":false},"excerpt":{"rendered":"","protected":false},"author":1,"featured_media":0,"parent":0,"menu_order":0,"comment_status":"closed","ping_status":"closed","template":"","meta":{"_acf_changed":false,"footnotes":""},"class_list":["post-11734","page","type-page","status-publish","hentry"],"acf":[],"yoast_head":"<!-- This site is optimized with the Yoast SEO plugin v27.2 - https:\/\/yoast.com\/product\/yoast-seo-wordpress\/ -->\n<title>Directory of Suppliers - Conseil qu\u00e9b\u00e9cois du commerce de d\u00e9tail<\/title>\n<meta name=\"robots\" content=\"index, follow, max-snippet:-1, max-image-preview:large, max-video-preview:-1\" \/>\n<link rel=\"canonical\" href=\"https:\/\/www.cqcd.org\/en\/directory-of-suppliers\/\" \/>\n<meta property=\"og:locale\" content=\"en_US\" \/>\n<meta property=\"og:type\" content=\"article\" \/>\n<meta property=\"og:title\" content=\"Directory of Suppliers - Conseil qu\u00e9b\u00e9cois du commerce de d\u00e9tail\" \/>\n<meta property=\"og:url\" content=\"https:\/\/www.cqcd.org\/en\/directory-of-suppliers\/\" \/>\n<meta property=\"og:site_name\" content=\"Conseil qu\u00e9b\u00e9cois du commerce de d\u00e9tail\" \/>\n<meta property=\"article:modified_time\" content=\"2026-02-26T18:11:41+00:00\" \/>\n<meta name=\"twitter:card\" content=\"summary_large_image\" \/>\n<script type=\"application\/ld+json\" class=\"yoast-schema-graph\">{\"@context\":\"https:\/\/schema.org\",\"@graph\":[{\"@type\":\"WebPage\",\"@id\":\"https:\/\/www.cqcd.org\/en\/directory-of-suppliers\/\",\"url\":\"https:\/\/www.cqcd.org\/en\/directory-of-suppliers\/\",\"name\":\"Directory of Suppliers - Conseil qu\u00e9b\u00e9cois du commerce de d\u00e9tail\",\"isPartOf\":{\"@id\":\"https:\/\/www.cqcd.org\/en\/#website\"},\"datePublished\":\"2024-07-03T17:52:03+00:00\",\"dateModified\":\"2026-02-26T18:11:41+00:00\",\"breadcrumb\":{\"@id\":\"https:\/\/www.cqcd.org\/en\/directory-of-suppliers\/#breadcrumb\"},\"inLanguage\":\"en-US\",\"potentialAction\":[{\"@type\":\"ReadAction\",\"target\":[\"https:\/\/www.cqcd.org\/en\/directory-of-suppliers\/\"]}]},{\"@type\":\"BreadcrumbList\",\"@id\":\"https:\/\/www.cqcd.org\/en\/directory-of-suppliers\/#breadcrumb\",\"itemListElement\":[{\"@type\":\"ListItem\",\"position\":1,\"name\":\"Accueil\",\"item\":\"https:\/\/www.cqcd.org\/en\/\"},{\"@type\":\"ListItem\",\"position\":2,\"name\":\"Directory of Suppliers\"}]},{\"@type\":\"WebSite\",\"@id\":\"https:\/\/www.cqcd.org\/en\/#website\",\"url\":\"https:\/\/www.cqcd.org\/en\/\",\"name\":\"Conseil qu\u00e9b\u00e9cois du commerce de d\u00e9tail\",\"description\":\"\",\"potentialAction\":[{\"@type\":\"SearchAction\",\"target\":{\"@type\":\"EntryPoint\",\"urlTemplate\":\"https:\/\/www.cqcd.org\/en\/?s={search_term_string}\"},\"query-input\":{\"@type\":\"PropertyValueSpecification\",\"valueRequired\":true,\"valueName\":\"search_term_string\"}}],\"inLanguage\":\"en-US\"}]}<\/script>\n<!-- \/ Yoast SEO plugin. -->","yoast_head_json":{"title":"Directory of Suppliers - Conseil qu\u00e9b\u00e9cois du commerce de d\u00e9tail","robots":{"index":"index","follow":"follow","max-snippet":"max-snippet:-1","max-image-preview":"max-image-preview:large","max-video-preview":"max-video-preview:-1"},"canonical":"https:\/\/www.cqcd.org\/en\/directory-of-suppliers\/","og_locale":"en_US","og_type":"article","og_title":"Directory of Suppliers - Conseil qu\u00e9b\u00e9cois du commerce de d\u00e9tail","og_url":"https:\/\/www.cqcd.org\/en\/directory-of-suppliers\/","og_site_name":"Conseil qu\u00e9b\u00e9cois du commerce de d\u00e9tail","article_modified_time":"2026-02-26T18:11:41+00:00","twitter_card":"summary_large_image","schema":{"@context":"https:\/\/schema.org","@graph":[{"@type":"WebPage","@id":"https:\/\/www.cqcd.org\/en\/directory-of-suppliers\/","url":"https:\/\/www.cqcd.org\/en\/directory-of-suppliers\/","name":"Directory of Suppliers - Conseil qu\u00e9b\u00e9cois du commerce de d\u00e9tail","isPartOf":{"@id":"https:\/\/www.cqcd.org\/en\/#website"},"datePublished":"2024-07-03T17:52:03+00:00","dateModified":"2026-02-26T18:11:41+00:00","breadcrumb":{"@id":"https:\/\/www.cqcd.org\/en\/directory-of-suppliers\/#breadcrumb"},"inLanguage":"en-US","potentialAction":[{"@type":"ReadAction","target":["https:\/\/www.cqcd.org\/en\/directory-of-suppliers\/"]}]},{"@type":"BreadcrumbList","@id":"https:\/\/www.cqcd.org\/en\/directory-of-suppliers\/#breadcrumb","itemListElement":[{"@type":"ListItem","position":1,"name":"Accueil","item":"https:\/\/www.cqcd.org\/en\/"},{"@type":"ListItem","position":2,"name":"Directory of Suppliers"}]},{"@type":"WebSite","@id":"https:\/\/www.cqcd.org\/en\/#website","url":"https:\/\/www.cqcd.org\/en\/","name":"Conseil qu\u00e9b\u00e9cois du commerce de d\u00e9tail","description":"","potentialAction":[{"@type":"SearchAction","target":{"@type":"EntryPoint","urlTemplate":"https:\/\/www.cqcd.org\/en\/?s={search_term_string}"},"query-input":{"@type":"PropertyValueSpecification","valueRequired":true,"valueName":"search_term_string"}}],"inLanguage":"en-US"}]}},"_links":{"self":[{"href":"https:\/\/www.cqcd.org\/en\/wp-json\/wp\/v2\/pages\/11734","targetHints":{"allow":["GET"]}}],"collection":[{"href":"https:\/\/www.cqcd.org\/en\/wp-json\/wp\/v2\/pages"}],"about":[{"href":"https:\/\/www.cqcd.org\/en\/wp-json\/wp\/v2\/types\/page"}],"author":[{"embeddable":true,"href":"https:\/\/www.cqcd.org\/en\/wp-json\/wp\/v2\/users\/1"}],"replies":[{"embeddable":true,"href":"https:\/\/www.cqcd.org\/en\/wp-json\/wp\/v2\/comments?post=11734"}],"version-history":[{"count":13,"href":"https:\/\/www.cqcd.org\/en\/wp-json\/wp\/v2\/pages\/11734\/revisions"}],"predecessor-version":[{"id":14235,"href":"https:\/\/www.cqcd.org\/en\/wp-json\/wp\/v2\/pages\/11734\/revisions\/14235"}],"wp:attachment":[{"href":"https:\/\/www.cqcd.org\/en\/wp-json\/wp\/v2\/media?parent=11734"}],"curies":[{"name":"wp","href":"https:\/\/api.w.org\/{rel}","templated":true}]}}