{"id":1663,"date":"2024-07-03T13:49:50","date_gmt":"2024-07-03T17:49:50","guid":{"rendered":"https:\/\/www.cqcd.org\/transition-ecologique-et-economie-circulaire\/"},"modified":"2024-07-04T15:27:14","modified_gmt":"2024-07-04T19:27:14","slug":"ecological-transition-and-circular-economy","status":"publish","type":"page","link":"https:\/\/www.cqcd.org\/en\/ecological-transition-and-circular-economy\/","title":{"rendered":"Ecological transition and circular economy"},"content":{"rendered":"    \n\n\n\n\n\n\n\n\n\n\n\n\n\n<section data-module='m03a' class=\"md:u-pt-fl m-content m-content--image-double   u-bg-[var(--module-background-color)] \" style=\"--module-background-color:var(--color-root-white); --pt-min-value:0; --pt-max-value:0;\">\n        <div class=\"l-container \" style=\"\" >\n        <div class=\"m-content__content u-pt-fl u-pb-fl u-px-fl u-text-[var(--module-text-color)]   \" style=\"--pt-min-value:7; --pt-max-value:10; --pb-min-value:7; --pb-max-value:10; --px-min-value:0; --px-max-value:0; \n                            \n         \n\n    \n    --module-text-color:var(--root-color); --module-subtitle-color:var(--root-color); --module-image-bg-pattern-color:var(--color-quaternary-500); --module-typography-ul-marker-color:var(--color-primary-500); --module-typography-link-color:var(--color-primary-500); --module-typography-link-hover-color:var(--color-primary-500); --module-legend-text-color:var(--color-primary-500);\n \">\n            \n                                            \n                \n\n\n\n\n\n\n\n\n\n\n\n\n<main class=\"l-grid   l-grid--2@md   u-items-center  u-justify-start u-gap-y-fl u-text-left\" style=\"--gap-y-min-value:5; --gap-y-max-value:7; --grid-gutter:    \n                \n                \n    clamp(1.5000rem, 1.2727rem + 0.60606060606061vw, 2.0000rem)\n;\">\n                    <div class=\"l-grid__block\">\n            <picture     \n                        \n                                        \n                                            \n                                                                            \n                        \n     class=\"c-image   c-image-has-bg-pattern c-image-has-bg-pattern--right\" style=\"--border-radius: 8; --radius: 0; --image-bg-pattern-offset-amount:9; --image-bg-pattern-mobile-offset-amount:4.5; --image-bg-pattern-color:var(--color-quaternary-500);\"\n>\n    \n    \n    \n            <source\n            media=\"(min-width: 900px)\"\n            srcset=\"https:\/\/www.cqcd.org\/wp-content\/uploads\/2024\/07\/1059-CQCD_PME-enMouvement_1200x630_VF-1024x538.jpg.webp\"\n            type=\"\"\n        >\n            <source\n            media=\"(min-width: 800px)\"\n            srcset=\"https:\/\/www.cqcd.org\/wp-content\/uploads\/2024\/07\/1059-CQCD_PME-enMouvement_1200x630_VF-1024x538.jpg-800x538.webp\"\n            type=\"\"\n        >\n            <source\n            media=\"(min-width: 400px)\"\n            srcset=\"https:\/\/www.cqcd.org\/wp-content\/uploads\/2024\/07\/1059-CQCD_PME-enMouvement_1200x630_VF-1024x538.jpg-400x300.webp\"\n            type=\"\"\n        >\n        <img loading=\"lazy\" decoding=\"async\"     \n                        \n                                        \n                                            \n                                        \n                                            \n                                        \n                                            \n                                        \n                                            \n                                        \n                                                                    \n                                        \n                                            \n                                                                            \n                        \n     class=\"u-w-full u-h-auto\" src=\"https:\/\/www.cqcd.org\/wp-content\/uploads\/2024\/07\/1059-CQCD_PME-enMouvement_1200x630_VF-1024x538.jpg.webp\" alt width=\"1024\" height=\"538\" fetchpriority=\"auto\" style=\"\"\n\/>\n\n    <\/picture>\n        <\/div>\n                    <div class=\"l-grid__block\">\n            <div class=\"c-typography  u-mt-6 c-typography--paragraph-size\" style=\"--typography-paragraph-font-size: var(--font-size-180); --typography-max-width: 100%;\">\n    <p class=\"MsoNormal\">The Retail Council of Quebec is pleased to present a toolbox to help retailers make the green transition. These tools have been developed by our experts in order to support retailers in the adoption of best practices and successful strategies for a more sustainable and circular economy. This toolbox is offered as part of the PME en mouvement support program, made possible thanks to the financial contribution of the City of Montr\u00e9al. Have a look at our resources and take action today for a greener future!<\/p>\n\n<\/div>\n        <\/div>\n    <\/main>\n                                <\/div>\n    <\/div>\n<\/section>\n\n\n    \n\n\n\n<section class=\"m-file u-pt-fl u-pb-fl u-bg-[var(--module-background-color)] u-text-[var(--module-text-color)]\"\n    data-module=\"m13\"\n    style=\"\n        --pt-min-value: 7;\n        --pt-max-value: 10;\n        --pb-min-value: 7;\n        --pb-max-value: 10;\n\n        --module-background-color: transparent;\n        --module-text-color: var(--root-color);\n        --module-gap: calc(var(--root-baseline) * 2);\n    \"\n>\n    <div class=\"l-container\">\n                    \n            \n\n\n\n\n\n\n\n<header class=\"m-module-header u-pt-fl u-pb-fl u-flex u-flex-col  u-items-start u-justify-start u-gap-[var(--module-header-gap)] u-bg-[var(--module-background-color)] u-text-[var(--module-text-color)]\" style=\"--module-header-gap: calc(var(--root-baseline) * 3); --module-background-color: transparent; --module-text-color: currentColor; --pt-min-value: 0; --pt-max-value: 0; --pb-min-value: 5; --pb-max-value: 9;\">\n    <div class=\"m-module-header__header\">\n                    \n\n\n\n\n\n\n    \n\n\n\n\n\n\n    <h2 target class=\"c-title    c-title--300         m-module-header__title\" style=\"--title-emphasis-color: var(--color-root-white);\">\n        The ecological transition toolbox (in french only)\n            <\/h2>\n\n                    <\/div>\n        <\/header>\n                <div class=\"u-flex u-flex-col u-gap-[var(--module-gap)]\">\n                            \n\n\n\n\n\n        \n\n\n\n\n\n\n\n<a href=\"https:\/\/www.cqcd.org\/wp-content\/uploads\/2024\/07\/CQCD_Outil-transition-ecologique_PME-en-mouvement_fiche-01.pdf\" target=\"_blank\" class=\"c-file\" data-anchor  aria-labelledby=\"file-1501182458\" download>\n    <div class=\"c-file__icon\">\n        \n\n\n\n\n\n\n\n    <svg class=\"icons icons--download-solid\"  aria-hidden=\"true\">\n                <use href=\"\/wp-content\/themes\/globalia-theme\/dist\/icons\/icon-system.svg#download-solid\"><\/use>\n    <\/svg>\n    <\/div>\n    <div class=\"c-file__content\">\n        <div class=\"c-file__title\" id=\"file-1501182458\">Introduction \u00e0 la transition \u00e9cologique et \u00e0 l\u2019\u00e9conomie circulaire dans le commerce de d\u00e9tail<\/div>\n        \n\n\n\n\n\n\n\n\n\n\n\n\n<div class=\"c-typography  u-hidden sm:u-inline-block\" style=\"--typography-max-width: 100%;\">\n    315 kb\n<\/div>\n    <\/div>\n<\/a>\n                            \n\n\n\n\n\n        \n\n\n\n\n\n\n\n<a href=\"https:\/\/www.cqcd.org\/wp-content\/uploads\/2024\/07\/CQCD_Outil-transition-ecologique_PME-en-mouvement_fiche-02.pdf\" target=\"_blank\" class=\"c-file\" data-anchor  aria-labelledby=\"file-1258676880\" download>\n    <div class=\"c-file__icon\">\n        \n\n\n\n\n\n\n\n    <svg class=\"icons icons--download-solid\"  aria-hidden=\"true\">\n                <use href=\"\/wp-content\/themes\/globalia-theme\/dist\/icons\/icon-system.svg#download-solid\"><\/use>\n    <\/svg>\n    <\/div>\n    <div class=\"c-file__content\">\n        <div class=\"c-file__title\" id=\"file-1258676880\">Am\u00e9liorer la gestion des mati\u00e8res r\u00e9siduelles dans une logique de circularit\u00e9<\/div>\n        \n\n\n\n\n\n\n\n\n\n\n\n\n<div class=\"c-typography  u-hidden sm:u-inline-block\" style=\"--typography-max-width: 100%;\">\n    442 kb\n<\/div>\n    <\/div>\n<\/a>\n                            \n\n\n\n\n\n        \n\n\n\n\n\n\n\n<a href=\"https:\/\/www.cqcd.org\/wp-content\/uploads\/2024\/07\/CQCD_Outil-transition-ecologique_PME-en-mouvement_fiche-05-1.pdf\" target=\"_blank\" class=\"c-file\" data-anchor  aria-labelledby=\"file-1948176665\" download>\n    <div class=\"c-file__icon\">\n        \n\n\n\n\n\n\n\n    <svg class=\"icons icons--download-solid\"  aria-hidden=\"true\">\n                <use href=\"\/wp-content\/themes\/globalia-theme\/dist\/icons\/icon-system.svg#download-solid\"><\/use>\n    <\/svg>\n    <\/div>\n    <div class=\"c-file__content\">\n        <div class=\"c-file__title\" id=\"file-1948176665\">Am\u00e9liorer la communication responsable de votre commerce<\/div>\n        \n\n\n\n\n\n\n\n\n\n\n\n\n<div class=\"c-typography  u-hidden sm:u-inline-block\" style=\"--typography-max-width: 100%;\">\n    556 kb\n<\/div>\n    <\/div>\n<\/a>\n                            \n\n\n\n\n\n        \n\n\n\n\n\n\n\n<a href=\"https:\/\/www.cqcd.org\/wp-content\/uploads\/2024\/07\/CQCD_Outil-transition-ecologique_PME-en-mouvement_fiche-03.pdf\" target=\"_blank\" class=\"c-file\" data-anchor  aria-labelledby=\"file-1036901663\" download>\n    <div class=\"c-file__icon\">\n        \n\n\n\n\n\n\n\n    <svg class=\"icons icons--download-solid\"  aria-hidden=\"true\">\n                <use href=\"\/wp-content\/themes\/globalia-theme\/dist\/icons\/icon-system.svg#download-solid\"><\/use>\n    <\/svg>\n    <\/div>\n    <div class=\"c-file__content\">\n        <div class=\"c-file__title\" id=\"file-1036901663\">Am\u00e9liorer l\u2019approvisionnement responsable de votre commerce<\/div>\n        \n\n\n\n\n\n\n\n\n\n\n\n\n<div class=\"c-typography  u-hidden sm:u-inline-block\" style=\"--typography-max-width: 100%;\">\n    480 kb\n<\/div>\n    <\/div>\n<\/a>\n                            \n\n\n\n\n\n        \n\n\n\n\n\n\n\n<a href=\"https:\/\/www.cqcd.org\/wp-content\/uploads\/2024\/07\/CQCD_Outil-transition-ecologique_PME-en-mouvement_fiche-04-1-1.pdf\" target=\"_blank\" class=\"c-file\" data-anchor  aria-labelledby=\"file-935258784\" download>\n    <div class=\"c-file__icon\">\n        \n\n\n\n\n\n\n\n    <svg class=\"icons icons--download-solid\"  aria-hidden=\"true\">\n                <use href=\"\/wp-content\/themes\/globalia-theme\/dist\/icons\/icon-system.svg#download-solid\"><\/use>\n    <\/svg>\n    <\/div>\n    <div class=\"c-file__content\">\n        <div class=\"c-file__title\" id=\"file-935258784\">Am\u00e9liorer la mobilit\u00e9 durable et optimiser la logistique des livraisons de votre commerce<\/div>\n        \n\n\n\n\n\n\n\n\n\n\n\n\n<div class=\"c-typography  u-hidden sm:u-inline-block\" style=\"--typography-max-width: 100%;\">\n    372 kb\n<\/div>\n    <\/div>\n<\/a>\n                    <\/div>\n            <\/div>\n<\/section>\n\n\n\n\n\n    \n\n\n\n\n\n\n\n\n\n\n\n\n\n<section data-module='m03a' class=\"md:u-pt-fl m-content m-content--image-double    \" style=\"--container-width: 1200px; --module-background-color:var(--color-root-white); --pt-min-value:0; --pt-max-value:0;\">\n        <div class=\"l-container \" style=\"\" >\n        <div class=\"m-content__content u-pt-fl u-pb-fl u-px-fl u-text-[var(--module-text-color)] u-bg-[var(--module-background-color)]  \" style=\"--pt-min-value:7; --pt-max-value:10; --pb-min-value:7; --pb-max-value:10; --px-min-value:0; --px-max-value:0; \n                            \n         \n\n    \n    --module-text-color:var(--root-color); --module-subtitle-color:var(--root-color); --module-image-bg-pattern-color:var(--color-quaternary-500); --module-typography-ul-marker-color:var(--color-primary-500); --module-typography-link-color:var(--color-primary-500); --module-typography-link-hover-color:var(--color-primary-500); --module-legend-text-color:var(--color-primary-500);\n \">\n            \n                                            \n                \n\n\n\n\n\n\n\n\n\n\n\n\n<main class=\"l-grid      u-items-start  u-justify-start u-gap-y-fl u-text-left\" style=\"--gap-y-min-value:5; --gap-y-max-value:7; --grid-gutter:    \n                \n                \n    clamp(1.5000rem, 1.5000rem + 0vw, 1.5000rem)\n;\">\n                    <div class=\"l-grid__block\">\n            <h2 target class=\"c-title    c-title--300         u-mb-10\" style=\"--title-emphasis-color: var(--color-root-white);\">\n        Introduction to ecological transition and the circular economy in the retail sector\n            <\/h2>\n\n                                        \n\n\n\n\n\n\n\n\n\n\n\n\n<div class=\"c-typography  c-typography--paragraph-size\" style=\"--typography-paragraph-font-size: var(--font-size-180); --typography-max-width: 100%;\">\n    <p class=\"MsoNormal\"><span style=\"mso-fareast-language: FR-CA;\">Discover our comprehensive guide to undertaking the ecological transition and adopting a circular economy approach in your business. You\u2019ll find key information on the challenges and opportunities, as well as practical advice on how to get started.<\/span><\/p>\n<ul>\n<li class=\"MsoNormal\"><span style=\"mso-fareast-language: FR-CA;\">Circular transition and circular economy in the retail sector<\/span><\/li>\n<li class=\"MsoNormal\"><span style=\"mso-fareast-language: FR-CA;\">Circular and ecological transition challenges and opportunities for your business<\/span><\/li>\n<li class=\"MsoNormal\"><span style=\"mso-fareast-language: FR-CA;\">How to start a circular and ecological transition process in your retail business?<\/span><\/li>\n<li class=\"MsoNormal\"><span style=\"mso-fareast-language: FR-CA;\">Further information<\/span><\/li>\n<\/ul>\n\n<\/div>\n        <\/div>\n    <\/main>\n                                <\/div>\n    <\/div>\n<\/section>\n\n\n    \n\n\n\n<section class=\"m-file u-pt-fl u-pb-fl u-bg-[var(--module-background-color)] u-text-[var(--module-text-color)]\"\n    data-module=\"m13\"\n    style=\"\n        --pt-min-value: 7;\n        --pt-max-value: 10;\n        --pb-min-value: 7;\n        --pb-max-value: 10;\n\n        --module-background-color: transparent;\n        --module-text-color: var(--root-color);\n        --module-gap: calc(var(--root-baseline) * 2);\n    \"\n>\n    <div class=\"l-container\">\n                <div class=\"u-flex u-flex-col u-gap-[var(--module-gap)]\">\n                            \n\n\n\n\n\n        \n\n\n\n\n\n\n\n<a href=\"https:\/\/www.cqcd.org\/wp-content\/uploads\/2024\/07\/CQCD_Outil-transition-ecologique_PME-en-mouvement_fiche-01.pdf\" target=\"_blank\" class=\"c-file\" data-anchor  aria-labelledby=\"file-894170244\" download>\n    <div class=\"c-file__icon\">\n        \n\n\n\n\n\n\n\n    <svg class=\"icons icons--download-solid\"  aria-hidden=\"true\">\n                <use href=\"\/wp-content\/themes\/globalia-theme\/dist\/icons\/icon-system.svg#download-solid\"><\/use>\n    <\/svg>\n    <\/div>\n    <div class=\"c-file__content\">\n        <div class=\"c-file__title\" id=\"file-894170244\">Introduction \u00e0 la transition \u00e9cologique et \u00e0 l\u2019\u00e9conomie circulaire dans le commerce de d\u00e9tail<\/div>\n        \n\n\n\n\n\n\n\n\n\n\n\n\n<div class=\"c-typography  u-hidden sm:u-inline-block\" style=\"--typography-max-width: 100%;\">\n    315 kb\n<\/div>\n    <\/div>\n<\/a>\n                    <\/div>\n            <\/div>\n<\/section>\n\n\n\n\n\n    \n\n\n\n\n\n\n\n\n\n\n\n\n\n<section data-module='m03a' class=\"md:u-pt-fl m-content m-content--image-double    \" style=\"--container-width: 1200px; --module-background-color:var(--color-root-white); --pt-min-value:0; --pt-max-value:0;\">\n        <div class=\"l-container \" style=\"\" >\n        <div class=\"m-content__content u-pt-fl u-pb-fl u-px-fl u-text-[var(--module-text-color)] u-bg-[var(--module-background-color)]  \" style=\"--pt-min-value:7; --pt-max-value:10; --pb-min-value:7; --pb-max-value:10; --px-min-value:0; --px-max-value:0; \n                            \n         \n\n    \n    --module-text-color:var(--root-color); --module-subtitle-color:var(--root-color); --module-image-bg-pattern-color:var(--color-quaternary-500); --module-typography-ul-marker-color:var(--color-primary-500); --module-typography-link-color:var(--color-primary-500); --module-typography-link-hover-color:var(--color-primary-500); --module-legend-text-color:var(--color-primary-500);\n \">\n            \n                                            \n                \n\n\n\n\n\n\n\n\n\n\n\n\n<main class=\"l-grid      u-items-start  u-justify-start u-gap-y-fl u-text-left\" style=\"--gap-y-min-value:5; --gap-y-max-value:7; --grid-gutter:    \n                \n                \n    clamp(1.5000rem, 1.5000rem + 0vw, 1.5000rem)\n;\">\n                    <div class=\"l-grid__block\">\n            <h2 target class=\"c-title    c-title--300         u-mb-10\" style=\"--title-emphasis-color: var(--color-root-white);\">\n        Improving the management of residual materials through circularity\n            <\/h2>\n\n                                        \n\n\n\n\n\n\n\n\n\n\n\n\n<div class=\"c-typography  c-typography--paragraph-size\" style=\"--typography-paragraph-font-size: var(--font-size-180); --typography-max-width: 100%;\">\n    <p class=\"MsoNormal\" style=\"margin-bottom: 0cm; line-height: normal;\"><span style=\"mso-fareast-language: FR-CA;\">Reduce your environmental footprint, innovate and create opportunities for your business by rethinking your processes and optimizing the use of materials already in circulation. Consult our document to find out more about the best practices and initiatives available to help you differentiate your business and make a real difference for the planet.<\/span><\/p>\n<ul>\n<li class=\"MsoNormal\" style=\"line-height: normal;\"><span style=\"mso-fareast-language: FR-CA;\">Introduction to waste management in a circular logic<\/span><\/li>\n<li class=\"MsoNormal\" style=\"line-height: normal;\"><span style=\"mso-fareast-language: FR-CA;\">Reduce at source<\/span><\/li>\n<li class=\"MsoNormal\" style=\"line-height: normal;\"><span style=\"mso-fareast-language: FR-CA;\">Reuse<\/span><\/li>\n<li class=\"MsoNormal\" style=\"line-height: normal;\"><span style=\"mso-fareast-language: FR-CA;\">Recycle<\/span><\/li>\n<li class=\"MsoNormal\" style=\"line-height: normal;\"><span style=\"mso-fareast-language: FR-CA;\">Recover<\/span><\/li>\n<li class=\"MsoNormal\" style=\"line-height: normal;\"><span style=\"mso-fareast-language: FR-CA;\">Further information<\/span><\/li>\n<\/ul>\n\n<\/div>\n        <\/div>\n    <\/main>\n                                <\/div>\n    <\/div>\n<\/section>\n\n\n    \n\n\n\n<section class=\"m-file u-pt-fl u-pb-fl u-bg-[var(--module-background-color)] u-text-[var(--module-text-color)]\"\n    data-module=\"m13\"\n    style=\"\n        --pt-min-value: 7;\n        --pt-max-value: 10;\n        --pb-min-value: 7;\n        --pb-max-value: 10;\n\n        --module-background-color: transparent;\n        --module-text-color: var(--root-color);\n        --module-gap: calc(var(--root-baseline) * 2);\n    \"\n>\n    <div class=\"l-container\">\n                <div class=\"u-flex u-flex-col u-gap-[var(--module-gap)]\">\n                            \n\n\n\n\n\n        \n\n\n\n\n\n\n\n<a href=\"https:\/\/www.cqcd.org\/wp-content\/uploads\/2024\/07\/CQCD_Outil-transition-ecologique_PME-en-mouvement_fiche-02.pdf\" target=\"_blank\" class=\"c-file\" data-anchor  aria-labelledby=\"file-1369294987\" download>\n    <div class=\"c-file__icon\">\n        \n\n\n\n\n\n\n\n    <svg class=\"icons icons--download-solid\"  aria-hidden=\"true\">\n                <use href=\"\/wp-content\/themes\/globalia-theme\/dist\/icons\/icon-system.svg#download-solid\"><\/use>\n    <\/svg>\n    <\/div>\n    <div class=\"c-file__content\">\n        <div class=\"c-file__title\" id=\"file-1369294987\">Am\u00e9liorer la gestion des mati\u00e8res r\u00e9siduelles dans une logique de circularit\u00e9<\/div>\n        \n\n\n\n\n\n\n\n\n\n\n\n\n<div class=\"c-typography  u-hidden sm:u-inline-block\" style=\"--typography-max-width: 100%;\">\n    442 kb\n<\/div>\n    <\/div>\n<\/a>\n                    <\/div>\n            <\/div>\n<\/section>\n\n\n\n\n\n    \n\n\n\n\n\n\n\n\n\n\n\n\n\n<section data-module='m03a' class=\"md:u-pt-fl m-content m-content--image-double    \" style=\"--container-width: 1200px; --module-background-color:var(--color-root-white); --pt-min-value:0; --pt-max-value:0;\">\n        <div class=\"l-container \" style=\"\" >\n        <div class=\"m-content__content u-pt-fl u-pb-fl u-px-fl u-text-[var(--module-text-color)] u-bg-[var(--module-background-color)]  \" style=\"--pt-min-value:7; --pt-max-value:10; --pb-min-value:7; --pb-max-value:10; --px-min-value:0; --px-max-value:0; \n                            \n         \n\n    \n    --module-text-color:var(--root-color); --module-subtitle-color:var(--root-color); --module-image-bg-pattern-color:var(--color-quaternary-500); --module-typography-ul-marker-color:var(--color-primary-500); --module-typography-link-color:var(--color-primary-500); --module-typography-link-hover-color:var(--color-primary-500); --module-legend-text-color:var(--color-primary-500);\n \">\n            \n                                            \n                \n\n\n\n\n\n\n\n\n\n\n\n\n<main class=\"l-grid      u-items-start  u-justify-start u-gap-y-fl u-text-left\" style=\"--gap-y-min-value:5; --gap-y-max-value:7; --grid-gutter:    \n                \n                \n    clamp(1.5000rem, 1.5000rem + 0vw, 1.5000rem)\n;\">\n                    <div class=\"l-grid__block\">\n            <h2 target class=\"c-title    c-title--300         u-mb-10\" style=\"--title-emphasis-color: var(--color-root-white);\">\n        Improve responsible procurement for your business\n            <\/h2>\n\n                                        \n\n\n\n\n\n\n\n\n\n\n\n\n<div class=\"c-typography  c-typography--paragraph-size\" style=\"--typography-paragraph-font-size: var(--font-size-180); --typography-max-width: 100%;\">\n    <p class=\"MsoNormal\"><span style=\"mso-fareast-language: FR-CA;\">Find out how to improve responsible procurement in your retail business with this practical guide. The eight sections of this document cover key topics such as product sourcing, raw materials, packaging, product usage, engaging suppliers in the circular and ecological transition, structuring your responsible sourcing approach, as well as additional information to help you. Adopt a responsible approach today to optimize your impact on the environment, the community and the local economy.<\/span><\/p>\n\n<\/div>\n        <\/div>\n    <\/main>\n                                <\/div>\n    <\/div>\n<\/section>\n\n\n    \n\n\n\n<section class=\"m-file u-pt-fl u-pb-fl u-bg-[var(--module-background-color)] u-text-[var(--module-text-color)]\"\n    data-module=\"m13\"\n    style=\"\n        --pt-min-value: 7;\n        --pt-max-value: 10;\n        --pb-min-value: 7;\n        --pb-max-value: 10;\n\n        --module-background-color: transparent;\n        --module-text-color: var(--root-color);\n        --module-gap: calc(var(--root-baseline) * 2);\n    \"\n>\n    <div class=\"l-container\">\n                <div class=\"u-flex u-flex-col u-gap-[var(--module-gap)]\">\n                            \n\n\n\n\n\n        \n\n\n\n\n\n\n\n<a href=\"https:\/\/www.cqcd.org\/wp-content\/uploads\/2024\/07\/CQCD_Outil-transition-ecologique_PME-en-mouvement_fiche-03.pdf\" target=\"_blank\" class=\"c-file\" data-anchor  aria-labelledby=\"file-1157642220\" download>\n    <div class=\"c-file__icon\">\n        \n\n\n\n\n\n\n\n    <svg class=\"icons icons--download-solid\"  aria-hidden=\"true\">\n                <use href=\"\/wp-content\/themes\/globalia-theme\/dist\/icons\/icon-system.svg#download-solid\"><\/use>\n    <\/svg>\n    <\/div>\n    <div class=\"c-file__content\">\n        <div class=\"c-file__title\" id=\"file-1157642220\">Am\u00e9liorer l\u2019approvisionnement responsable de votre commerce<\/div>\n        \n\n\n\n\n\n\n\n\n\n\n\n\n<div class=\"c-typography  u-hidden sm:u-inline-block\" style=\"--typography-max-width: 100%;\">\n    480 kb\n<\/div>\n    <\/div>\n<\/a>\n                    <\/div>\n            <\/div>\n<\/section>\n\n\n\n\n\n    \n\n\n\n\n\n\n\n\n\n\n\n\n\n<section data-module='m03a' class=\"md:u-pt-fl m-content m-content--image-double    \" style=\"--container-width: 1200px; --module-background-color:var(--color-root-white); --pt-min-value:0; --pt-max-value:0;\">\n        <div class=\"l-container \" style=\"\" >\n        <div class=\"m-content__content u-pt-fl u-pb-fl u-px-fl u-text-[var(--module-text-color)] u-bg-[var(--module-background-color)]  \" style=\"--pt-min-value:7; --pt-max-value:10; --pb-min-value:7; --pb-max-value:10; --px-min-value:0; --px-max-value:0; \n                            \n         \n\n    \n    --module-text-color:var(--root-color); --module-subtitle-color:var(--root-color); --module-image-bg-pattern-color:var(--color-quaternary-500); --module-typography-ul-marker-color:var(--color-primary-500); --module-typography-link-color:var(--color-primary-500); --module-typography-link-hover-color:var(--color-primary-500); --module-legend-text-color:var(--color-primary-500);\n \">\n            \n                                            \n                \n\n\n\n\n\n\n\n\n\n\n\n\n<main class=\"l-grid      u-items-start  u-justify-start u-gap-y-fl u-text-left\" style=\"--gap-y-min-value:5; --gap-y-max-value:7; --grid-gutter:    \n                \n                \n    clamp(1.5000rem, 1.5000rem + 0vw, 1.5000rem)\n;\">\n                    <div class=\"l-grid__block\">\n            <h2 target class=\"c-title    c-title--300         u-mb-10\" style=\"--title-emphasis-color: var(--color-root-white);\">\n        Improve sustainable mobility. Optimize your company\u2019s delivery logistics\n            <\/h2>\n\n                                        \n\n\n\n\n\n\n\n\n\n\n\n\n<div class=\"c-typography  c-typography--paragraph-size\" style=\"--typography-paragraph-font-size: var(--font-size-180); --typography-max-width: 100%;\">\n    <p class=\"MsoNormal\">Discover our guide to sustainable logistics and mobility in the retail sector. It offers practical advice to help you rethink and optimize the transport and travel associated with your business, while making savings at the same time. On the one hand, you\u2019ll get tips on how to develop sustainable mobility for your team and your customers. On the other, we\u2019ll show you best practices for rethinking and optimizing your deliveries.<\/p>\n\n<\/div>\n        <\/div>\n    <\/main>\n                                <\/div>\n    <\/div>\n<\/section>\n\n\n    \n\n\n\n<section class=\"m-file u-pt-fl u-pb-fl u-bg-[var(--module-background-color)] u-text-[var(--module-text-color)]\"\n    data-module=\"m13\"\n    style=\"\n        --pt-min-value: 7;\n        --pt-max-value: 10;\n        --pb-min-value: 7;\n        --pb-max-value: 10;\n\n        --module-background-color: transparent;\n        --module-text-color: var(--root-color);\n        --module-gap: calc(var(--root-baseline) * 2);\n    \"\n>\n    <div class=\"l-container\">\n                <div class=\"u-flex u-flex-col u-gap-[var(--module-gap)]\">\n                            \n\n\n\n\n\n        \n\n\n\n\n\n\n\n<a href=\"https:\/\/www.cqcd.org\/wp-content\/uploads\/2024\/07\/CQCD_Outil-transition-ecologique_PME-en-mouvement_fiche-04-1-1.pdf\" target=\"_blank\" class=\"c-file\" data-anchor  aria-labelledby=\"file-467929139\" download>\n    <div class=\"c-file__icon\">\n        \n\n\n\n\n\n\n\n    <svg class=\"icons icons--download-solid\"  aria-hidden=\"true\">\n                <use href=\"\/wp-content\/themes\/globalia-theme\/dist\/icons\/icon-system.svg#download-solid\"><\/use>\n    <\/svg>\n    <\/div>\n    <div class=\"c-file__content\">\n        <div class=\"c-file__title\" id=\"file-467929139\">Am\u00e9liorer la mobilit\u00e9 durable et optimiser la logistique des livraisons de votre commerce<\/div>\n        \n\n\n\n\n\n\n\n\n\n\n\n\n<div class=\"c-typography  u-hidden sm:u-inline-block\" style=\"--typography-max-width: 100%;\">\n    372 kb\n<\/div>\n    <\/div>\n<\/a>\n                    <\/div>\n            <\/div>\n<\/section>\n\n\n\n\n\n    \n\n\n\n\n\n\n\n\n\n\n\n\n\n<section data-module='m03a' class=\"md:u-pt-fl m-content m-content--image-double    \" style=\"--container-width: 1200px; --module-background-color:var(--color-root-white); --pt-min-value:0; --pt-max-value:0;\">\n        <div class=\"l-container \" style=\"\" >\n        <div class=\"m-content__content u-pt-fl u-pb-fl u-px-fl u-text-[var(--module-text-color)] u-bg-[var(--module-background-color)]  \" style=\"--pt-min-value:7; --pt-max-value:10; --pb-min-value:7; --pb-max-value:10; --px-min-value:0; --px-max-value:0; \n                            \n         \n\n    \n    --module-text-color:var(--root-color); --module-subtitle-color:var(--root-color); --module-image-bg-pattern-color:var(--color-quaternary-500); --module-typography-ul-marker-color:var(--color-primary-500); --module-typography-link-color:var(--color-primary-500); --module-typography-link-hover-color:var(--color-primary-500); --module-legend-text-color:var(--color-primary-500);\n \">\n            \n                                            \n                \n\n\n\n\n\n\n\n\n\n\n\n\n<main class=\"l-grid      u-items-start  u-justify-start u-gap-y-fl u-text-left\" style=\"--gap-y-min-value:5; --gap-y-max-value:7; --grid-gutter:    \n                \n                \n    clamp(1.5000rem, 1.5000rem + 0vw, 1.5000rem)\n;\">\n                    <div class=\"l-grid__block\">\n            <h2 target class=\"c-title    c-title--300         u-mb-10\" style=\"--title-emphasis-color: var(--color-root-white);\">\n        Improve the responsible communication of your company\n            <\/h2>\n\n                                        \n\n\n\n\n\n\n\n\n\n\n\n\n<div class=\"c-typography  c-typography--paragraph-size\" style=\"--typography-paragraph-font-size: var(--font-size-180); --typography-max-width: 100%;\">\n    <p class=\"MsoNormal\">Discover our fact sheet on responsible communications for companies with a commitment to environmental transition. This practical tool offers sound advice on how to communicate responsibly, avoiding greenwashing while highlighting your concrete actions for a sustainable future. In particular, you\u2019ll discover effective strategies to help you promote your environmental initiatives, engage your target audiences, and build your reputation.<\/p>\n\n<\/div>\n        <\/div>\n    <\/main>\n                                <\/div>\n    <\/div>\n<\/section>\n\n\n    \n\n\n\n<section class=\"m-file u-pt-fl u-pb-fl u-bg-[var(--module-background-color)] u-text-[var(--module-text-color)]\"\n    data-module=\"m13\"\n    style=\"\n        --pt-min-value: 7;\n        --pt-max-value: 10;\n        --pb-min-value: 7;\n        --pb-max-value: 10;\n\n        --module-background-color: transparent;\n        --module-text-color: var(--root-color);\n        --module-gap: calc(var(--root-baseline) * 2);\n    \"\n>\n    <div class=\"l-container\">\n                <div class=\"u-flex u-flex-col u-gap-[var(--module-gap)]\">\n                            \n\n\n\n\n\n        \n\n\n\n\n\n\n\n<a href=\"https:\/\/www.cqcd.org\/wp-content\/uploads\/2024\/07\/CQCD_Outil-transition-ecologique_PME-en-mouvement_fiche-05-1.pdf\" target=\"_blank\" class=\"c-file\" data-anchor  aria-labelledby=\"file-1669183224\" download>\n    <div class=\"c-file__icon\">\n        \n\n\n\n\n\n\n\n    <svg class=\"icons icons--download-solid\"  aria-hidden=\"true\">\n                <use href=\"\/wp-content\/themes\/globalia-theme\/dist\/icons\/icon-system.svg#download-solid\"><\/use>\n    <\/svg>\n    <\/div>\n    <div class=\"c-file__content\">\n        <div class=\"c-file__title\" id=\"file-1669183224\">Am\u00e9liorer la communication responsable de votre commerce<\/div>\n        \n\n\n\n\n\n\n\n\n\n\n\n\n<div class=\"c-typography  u-hidden sm:u-inline-block\" style=\"--typography-max-width: 100%;\">\n    556 kb\n<\/div>\n    <\/div>\n<\/a>\n                    <\/div>\n            <\/div>\n<\/section>\n\n\n\n\n\n    \n\n\n\n<section class=\"m-file u-pt-fl u-pb-fl u-bg-[var(--module-background-color)] u-text-[var(--module-text-color)]\"\n    data-module=\"m13\"\n    style=\"\n        --pt-min-value: 7;\n        --pt-max-value: 10;\n        --pb-min-value: 7;\n        --pb-max-value: 10;\n\n        --module-background-color: transparent;\n        --module-text-color: var(--root-color);\n        --module-gap: calc(var(--root-baseline) * 2);\n    \"\n>\n    <div class=\"l-container\">\n                <div class=\"u-flex u-flex-col u-gap-[var(--module-gap)]\">\n                    <\/div>\n            <\/div>\n<\/section>\n\n\n\n","protected":false},"excerpt":{"rendered":"","protected":false},"author":1,"featured_media":0,"parent":0,"menu_order":0,"comment_status":"closed","ping_status":"closed","template":"","meta":{"_acf_changed":false,"footnotes":""},"class_list":["post-1663","page","type-page","status-publish","hentry"],"acf":[],"yoast_head":"<!-- This site is optimized with the Yoast SEO plugin v27.2 - https:\/\/yoast.com\/product\/yoast-seo-wordpress\/ -->\n<title>Ecological transition and circular economy - Retail Council of Quebec<\/title>\n<meta name=\"description\" content=\"Download our toolbox to help retailers adopt best practices and successful strategies for a more sustainable and circular economy!\" \/>\n<meta name=\"robots\" content=\"index, follow, max-snippet:-1, max-image-preview:large, max-video-preview:-1\" \/>\n<link rel=\"canonical\" href=\"https:\/\/www.cqcd.org\/en\/ecological-transition-and-circular-economy\/\" \/>\n<meta property=\"og:locale\" content=\"en_US\" \/>\n<meta property=\"og:type\" content=\"article\" \/>\n<meta property=\"og:title\" content=\"Ecological transition and circular economy - Retail Council of Quebec\" \/>\n<meta property=\"og:description\" content=\"Download our toolbox to help retailers adopt best practices and successful strategies for a more sustainable and circular economy!\" \/>\n<meta property=\"og:url\" content=\"https:\/\/www.cqcd.org\/en\/ecological-transition-and-circular-economy\/\" \/>\n<meta property=\"og:site_name\" content=\"Conseil qu\u00e9b\u00e9cois du commerce de d\u00e9tail\" \/>\n<meta property=\"article:modified_time\" content=\"2024-07-04T19:27:14+00:00\" \/>\n<meta name=\"twitter:card\" content=\"summary_large_image\" \/>\n<script type=\"application\/ld+json\" class=\"yoast-schema-graph\">{\"@context\":\"https:\/\/schema.org\",\"@graph\":[{\"@type\":\"WebPage\",\"@id\":\"https:\/\/www.cqcd.org\/en\/ecological-transition-and-circular-economy\/\",\"url\":\"https:\/\/www.cqcd.org\/en\/ecological-transition-and-circular-economy\/\",\"name\":\"Ecological transition and circular economy - Retail Council of Quebec\",\"isPartOf\":{\"@id\":\"https:\/\/www.cqcd.org\/en\/#website\"},\"datePublished\":\"2024-07-03T17:49:50+00:00\",\"dateModified\":\"2024-07-04T19:27:14+00:00\",\"description\":\"Download our toolbox to help retailers adopt best practices and successful strategies for a more sustainable and circular economy!\",\"breadcrumb\":{\"@id\":\"https:\/\/www.cqcd.org\/en\/ecological-transition-and-circular-economy\/#breadcrumb\"},\"inLanguage\":\"en-US\",\"potentialAction\":[{\"@type\":\"ReadAction\",\"target\":[\"https:\/\/www.cqcd.org\/en\/ecological-transition-and-circular-economy\/\"]}]},{\"@type\":\"BreadcrumbList\",\"@id\":\"https:\/\/www.cqcd.org\/en\/ecological-transition-and-circular-economy\/#breadcrumb\",\"itemListElement\":[{\"@type\":\"ListItem\",\"position\":1,\"name\":\"Accueil\",\"item\":\"https:\/\/www.cqcd.org\/en\/\"},{\"@type\":\"ListItem\",\"position\":2,\"name\":\"Ecological transition and circular economy\"}]},{\"@type\":\"WebSite\",\"@id\":\"https:\/\/www.cqcd.org\/en\/#website\",\"url\":\"https:\/\/www.cqcd.org\/en\/\",\"name\":\"Conseil qu\u00e9b\u00e9cois du commerce de d\u00e9tail\",\"description\":\"\",\"potentialAction\":[{\"@type\":\"SearchAction\",\"target\":{\"@type\":\"EntryPoint\",\"urlTemplate\":\"https:\/\/www.cqcd.org\/en\/?s={search_term_string}\"},\"query-input\":{\"@type\":\"PropertyValueSpecification\",\"valueRequired\":true,\"valueName\":\"search_term_string\"}}],\"inLanguage\":\"en-US\"}]}<\/script>\n<!-- \/ Yoast SEO plugin. -->","yoast_head_json":{"title":"Ecological transition and circular economy - Retail Council of Quebec","description":"Download our toolbox to help retailers adopt best practices and successful strategies for a more sustainable and circular economy!","robots":{"index":"index","follow":"follow","max-snippet":"max-snippet:-1","max-image-preview":"max-image-preview:large","max-video-preview":"max-video-preview:-1"},"canonical":"https:\/\/www.cqcd.org\/en\/ecological-transition-and-circular-economy\/","og_locale":"en_US","og_type":"article","og_title":"Ecological transition and circular economy - Retail Council of Quebec","og_description":"Download our toolbox to help retailers adopt best practices and successful strategies for a more sustainable and circular economy!","og_url":"https:\/\/www.cqcd.org\/en\/ecological-transition-and-circular-economy\/","og_site_name":"Conseil qu\u00e9b\u00e9cois du commerce de d\u00e9tail","article_modified_time":"2024-07-04T19:27:14+00:00","twitter_card":"summary_large_image","schema":{"@context":"https:\/\/schema.org","@graph":[{"@type":"WebPage","@id":"https:\/\/www.cqcd.org\/en\/ecological-transition-and-circular-economy\/","url":"https:\/\/www.cqcd.org\/en\/ecological-transition-and-circular-economy\/","name":"Ecological transition and circular economy - Retail Council of Quebec","isPartOf":{"@id":"https:\/\/www.cqcd.org\/en\/#website"},"datePublished":"2024-07-03T17:49:50+00:00","dateModified":"2024-07-04T19:27:14+00:00","description":"Download our toolbox to help retailers adopt best practices and successful strategies for a more sustainable and circular economy!","breadcrumb":{"@id":"https:\/\/www.cqcd.org\/en\/ecological-transition-and-circular-economy\/#breadcrumb"},"inLanguage":"en-US","potentialAction":[{"@type":"ReadAction","target":["https:\/\/www.cqcd.org\/en\/ecological-transition-and-circular-economy\/"]}]},{"@type":"BreadcrumbList","@id":"https:\/\/www.cqcd.org\/en\/ecological-transition-and-circular-economy\/#breadcrumb","itemListElement":[{"@type":"ListItem","position":1,"name":"Accueil","item":"https:\/\/www.cqcd.org\/en\/"},{"@type":"ListItem","position":2,"name":"Ecological transition and circular economy"}]},{"@type":"WebSite","@id":"https:\/\/www.cqcd.org\/en\/#website","url":"https:\/\/www.cqcd.org\/en\/","name":"Conseil qu\u00e9b\u00e9cois du commerce de d\u00e9tail","description":"","potentialAction":[{"@type":"SearchAction","target":{"@type":"EntryPoint","urlTemplate":"https:\/\/www.cqcd.org\/en\/?s={search_term_string}"},"query-input":{"@type":"PropertyValueSpecification","valueRequired":true,"valueName":"search_term_string"}}],"inLanguage":"en-US"}]}},"_links":{"self":[{"href":"https:\/\/www.cqcd.org\/en\/wp-json\/wp\/v2\/pages\/1663","targetHints":{"allow":["GET"]}}],"collection":[{"href":"https:\/\/www.cqcd.org\/en\/wp-json\/wp\/v2\/pages"}],"about":[{"href":"https:\/\/www.cqcd.org\/en\/wp-json\/wp\/v2\/types\/page"}],"author":[{"embeddable":true,"href":"https:\/\/www.cqcd.org\/en\/wp-json\/wp\/v2\/users\/1"}],"replies":[{"embeddable":true,"href":"https:\/\/www.cqcd.org\/en\/wp-json\/wp\/v2\/comments?post=1663"}],"version-history":[{"count":2,"href":"https:\/\/www.cqcd.org\/en\/wp-json\/wp\/v2\/pages\/1663\/revisions"}],"predecessor-version":[{"id":1668,"href":"https:\/\/www.cqcd.org\/en\/wp-json\/wp\/v2\/pages\/1663\/revisions\/1668"}],"wp:attachment":[{"href":"https:\/\/www.cqcd.org\/en\/wp-json\/wp\/v2\/media?parent=1663"}],"curies":[{"name":"wp","href":"https:\/\/api.w.org\/{rel}","templated":true}]}}